{"id":477732,"date":"2025-03-11T10:13:31","date_gmt":"2025-03-11T09:13:31","guid":{"rendered":"https:\/\/www.igr.univ-rennes.fr\/?post_type=temoignages&#038;p=477732"},"modified":"2025-11-07T14:28:27","modified_gmt":"2025-11-07T13:28:27","slug":"70-ans-de-talents-reveles-antoine-ollivier-chef-de-projet-evenementiel-chez-rivacom","status":"publish","type":"temoignages","link":"https:\/\/www.igr.univ-rennes.fr\/fr\/temoignages\/70-ans-de-talents-reveles-antoine-ollivier-chef-de-projet-evenementiel-chez-rivacom\/","title":{"rendered":"70 ans de talents r\u00e9v\u00e9l\u00e9s : Antoine Ollivier, Chef de projet \u00e9v\u00e9nementiel chez Rivacom"},"content":{"rendered":"\t\t<div data-elementor-type=\"wp-post\" data-elementor-id=\"477732\" class=\"elementor elementor-477732\" data-elementor-post-type=\"temoignages\">\n\t\t\t\t\t\t<section class=\"elementor-section elementor-top-section elementor-element elementor-element-583e83b elementor-section-boxed elementor-section-height-default elementor-section-height-default\" data-id=\"583e83b\" data-element_type=\"section\" data-e-type=\"section\">\n\t\t\t\t\t\t<div class=\"elementor-container elementor-column-gap-default\">\n\t\t\t\t\t<div class=\"elementor-column elementor-col-100 elementor-top-column elementor-element elementor-element-9f31332\" data-id=\"9f31332\" data-element_type=\"column\" data-e-type=\"column\">\n\t\t\t<div class=\"elementor-widget-wrap elementor-element-populated\">\n\t\t\t\t\t\t<div class=\"elementor-element elementor-element-3c0ba63 elementor-widget elementor-widget-text-editor\" data-id=\"3c0ba63\" data-element_type=\"widget\" data-e-type=\"widget\" data-widget_type=\"text-editor.default\">\n\t\t\t\t<div class=\"elementor-widget-container\">\n\t\t\t\t\t\t\t\t\t<h5 data-start=\"184\" data-end=\"705\">Antoine Ollivier, dipl\u00f4m\u00e9 du Master CCA en 2017, a su tracer sa propre voie en m\u00ealant expertise comptable et \u00e9v\u00e9nementiel sportif. D\u00e8s ses ann\u00e9es \u00e0 l\u2019IGR-IAE Rennes, son engagement associatif et ses exp\u00e9riences \u00e0 l\u2019\u00e9tranger ont fa\u00e7onn\u00e9 son go\u00fbt pour l\u2019organisation d\u2019\u00e9v\u00e9nements. Aujourd\u2019hui, il est responsable du p\u00f4le \u00e9v\u00e9nements sportifs chez Rivacom, apr\u00e8s avoir \u00e9volu\u00e9 dans des structures de renom comme OC Sport et m\u00eame contribu\u00e9 aux Jeux Olympiques et Paralympiques.\u00a0Merci Antoine pour votre t\u00e9moignage et votre partage d\u2019exp\u00e9rience avec la communaut\u00e9 IGR-IAE Rennes!<\/h5><p align=\"justify\"><span style=\"color: #1ecad3;\"><b>Pouvez-vous vous pr\u00e9senter rapidement ?<\/b><\/span><\/p><p align=\"justify\">Je m\u2019appelle Antoine Ollivier et suis dipl\u00f4m\u00e9 du Master 2 CCA. Je suis entr\u00e9 \u00e0 l\u2019IGR-IAE Rennes en Licence 3 suite \u00e0 deux ann\u00e9es \u00e0 l\u2019IUT GEA de Rennes. J\u2019ai \u00e9galement effectu\u00e9 une ann\u00e9e de c\u00e9sure entre les deux ann\u00e9es de master, avec 5 mois \u00e0 l\u2019UQAM \u00e0 Montr\u00e9al et 6 mois de stage chez OC Sport Suisse \u00e0 Lausanne.<\/p><p align=\"justify\"><span style=\"color: #1ecad3;\"><b>Quel est votre poste actuel et dans quel secteur travaillez-vous ?<\/b><\/span><\/p><p align=\"justify\">Je suis actuellement responsable du p\u00f4le \u00ab\u00a0\u00e9v\u00e9nements sportifs\u00a0\u00bb chez <a href=\"https:\/\/www.rivacom.fr\/\" target=\"_blank\" rel=\"noopener\">Rivacom<\/a>. Je travaille dans le secteur de l\u2019\u00e9v\u00e9nementiel sportif.<\/p><p align=\"justify\"><span style=\"color: #1ecad3;\"><b>Pouvez-vous nous d\u00e9crire bri\u00e8vement votre parcours depuis votre sortie de l&rsquo;IGR-IAE Rennes ?<\/b><\/span><\/p><p align=\"justify\">Suite \u00e0 l\u2019obtention de mon master 2, j\u2019ai d\u00e9cid\u00e9 de changer de secteur d\u2019activit\u00e9 et de m\u2019orienter vers l\u2019\u00e9v\u00e9nementiel sportif. J\u2019ai \u00e9t\u00e9 embauch\u00e9 directement apr\u00e8s mes \u00e9tudes chez OC Sport Suisse en tant que responsable du programme des volontaires. J\u2019ai ensuite \u00e9volu\u00e9 chez <a href=\"https:\/\/www.ocsport.com\/fr\" target=\"_blank\" rel=\"noopener\">OC Sport<\/a> sur diff\u00e9rentes missions jusqu\u2019en mai 2022. Suite \u00e0 cela j\u2019ai fait un voyage de 5 mois dont deux mois de voyage \u00e0 v\u00e9lo entre Rennes et Skagen au Danemark. En octobre 2022 je rejoins OC Sport \u00e0 Nantes pour une dur\u00e9e de 6 mois. En juillet 2023 j\u2019ai l\u2019opportunit\u00e9 de travailler sur les Jeux Olympiques et Paralympiques jusqu\u2019en septembre 2024. J\u2019ai rejoint les \u00e9quipes de Rivacom d\u00e9but janvier 2025.<\/p><p align=\"justify\"><span style=\"color: #1ecad3;\"><b>Qu&rsquo;est-ce qui vous a conduit \u00e0 choisir l&rsquo;IGR-IAE Rennes pour vos \u00e9tudes ?<\/b><\/span><\/p><p align=\"justify\">La qualit\u00e9 de la formation CCA que je visais d\u00e8s la sortie du baccalaur\u00e9at. J\u2019ai construit mon parcours de formation en fonction de cela. J\u2019avais effectu\u00e9 les portes ouvertes d\u00e8s 2012 (BAC+1) et j\u2019ai \u00e9t\u00e9 s\u00e9duit par la proposition de l\u2019IGR-IAE Rennes qui permet de construire des parcours de formation accompagn\u00e9s d\u2019exp\u00e9riences diverses (vie associative, temps forts avec des professionnels, stages, etc).<\/p><p align=\"justify\"><span style=\"color: #1ecad3;\"><b>Y a-t-il un professeur ou un cours qui a particuli\u00e8rement marqu\u00e9 votre parcours ?<\/b><\/span><\/p><p align=\"justify\">Ma rencontre d\u00e8s les portes ouvertes avec Karine Le Rudulier reste un souvenir fort de ces \u00ab\u00a0ann\u00e9es IGR\u00a0\u00bb. C\u2019est \u00e9galement avec elle que j\u2019ai pass\u00e9 mon entretien d\u2019entr\u00e9e \u00e0 l\u2019IGR-IAE Rennes. Je garde le souvenir d\u2019une personne passionn\u00e9e par la cr\u00e9ation d\u2019entreprise et qui nous transmettait cette \u00e9nergie. Je pourrais \u00e9galement citer Maryannig Robin et Laurent Bironneau avec qui nous avons fait vivre de fa\u00e7on extraordinaire la vie associative de l\u2019IGR-IAE Rennes en 2014-2015 (organisation et accueil de la Coupe de France des IAE).<\/p><p align=\"justify\"><img fetchpriority=\"high\" decoding=\"async\" class=\"wp-image-477737 aligncenter\" src=\"https:\/\/www.igr.univ-rennes.fr\/wp-content\/uploads\/2025\/02\/Photo-Laurent-Bironneau-Gala.jpg\" alt=\"\" width=\"568\" height=\"349\" srcset=\"https:\/\/www.igr.univ-rennes.fr\/wp-content\/uploads\/2025\/02\/Photo-Laurent-Bironneau-Gala.jpg 2048w, https:\/\/www.igr.univ-rennes.fr\/wp-content\/uploads\/2025\/02\/Photo-Laurent-Bironneau-Gala-300x184.jpg 300w, https:\/\/www.igr.univ-rennes.fr\/wp-content\/uploads\/2025\/02\/Photo-Laurent-Bironneau-Gala-1024x629.jpg 1024w, https:\/\/www.igr.univ-rennes.fr\/wp-content\/uploads\/2025\/02\/Photo-Laurent-Bironneau-Gala-768x471.jpg 768w, https:\/\/www.igr.univ-rennes.fr\/wp-content\/uploads\/2025\/02\/Photo-Laurent-Bironneau-Gala-1536x943.jpg 1536w\" sizes=\"(max-width: 568px) 100vw, 568px\" \/><\/p><p align=\"justify\"><span style=\"color: #1ecad3;\"><b>Comment l&rsquo;IGR-IAE a influenc\u00e9 votre mani\u00e8re de travailler en \u00e9quipe et de nouer des relations professionnelles ?<\/b><\/span><\/p><p align=\"justify\">La vie associative m\u2019a permis d\u2019appliquer concr\u00e8tement des mani\u00e8res de travailler. Travailler en mode projet avec des \u00e9quipes diff\u00e9rentes a \u00e9t\u00e9 pour moi une superbe exp\u00e9rience qui m\u2019a beaucoup servi pour \u00e9voluer sereinement dans le secteur de l\u2019\u00e9v\u00e9nementiel sportif les premi\u00e8res ann\u00e9es. Les prises de parole en public et les rendez-vous partenaires m\u2019ont \u00e9galement beaucoup servi pour la suite.<\/p><p align=\"justify\"><span style=\"color: #1ecad3;\"><b>Quelles \u00e9taient vos activit\u00e9s associatives pendant vos ann\u00e9es \u00e0 l&rsquo;IGR-IAE Rennes ?<\/b><\/span><\/p><p align=\"justify\">Tr\u00e9sorier d\u2019Ensemble pour le Maroc en Licence 3 et Pr\u00e9sident du BDE en Master 1<\/p><p align=\"justify\"><span style=\"color: #1ecad3;\"><b>Comment vos engagements associatifs ont-ils influenc\u00e9 votre vie professionnelle et personnelle ?<\/b><\/span><\/p><p align=\"justify\">Ils ont clairement d\u00e9fini mon choix d\u2019orientation post \u00e9tudes et donc le d\u00e9but de ma vie professionnelle et personnelle, avec mon exp\u00e9rience \u00e0 l\u2019\u00e9tranger (en Suisse) pendant 5 ans. Le voyage humanitaire \u00e0 Rabat en 2014 m\u2019a \u00e9galement beaucoup marqu\u00e9 par l\u2019intensit\u00e9 des relations nou\u00e9es avec les personnes du centre dans lequel nous intervenions.<\/p><p align=\"justify\"><span style=\"color: #1ecad3;\"><b>Si vous deviez choisir un seul moment marquant de vos ann\u00e9es \u00e0 l\u2019IGR-IAE Rennes, lequel serait-ce ?<\/b><\/span><\/p><p align=\"justify\">La Coupe de France des IAE en 2015 !<\/p><p align=\"justify\"><span style=\"color: #1ecad3;\"><b>Avez-vous gard\u00e9 des contacts avec vos camarades de promotion ? Comment d\u00e9cririez-vous la solidarit\u00e9 ou l\u2019esprit de promo de votre \u00e9poque ?<\/b><\/span><\/p><p align=\"justify\">Oui bien s\u00fbr, la majorit\u00e9 de mes amis sont issus de l\u2019IGR-IAE Rennes. Mon t\u00e9moin de mariage est mon coll\u00e8gue de promotion de l\u2019\u00e9poque (Master CCA) et qui faisait partie du BDE \u00e9galement.<\/p><p align=\"justify\"><span style=\"color: #1ecad3;\"><b>Quelle est, selon vous, la plus grande force de la communaut\u00e9 IGR-IAE Rennes aujourd\u2019hui ?<\/b><\/span><\/p><p align=\"justify\">Il y a un fort sentiment d\u2019appartenance qui fait que, peu importe les g\u00e9n\u00e9rations, nous sommes fiers de nous retrouver \u00e0 diverses occasions (afterwork alumni notamment).<\/p><p align=\"justify\"><span style=\"color: #1ecad3;\"><b>Si vous pouviez parler \u00e0 votre \u00ab\u00a0vous\u00a0\u00bb \u00e9tudiant \u00e0 l\u2019IGR-IAE Rennes aujourd\u2019hui, que lui diriez-vous ?<\/b><\/span><\/p><p align=\"justify\">Ose encore davantage, sors de ta zone de confort et va d\u00e9couvrir d\u2019autres fa\u00e7ons de faire, de voir les choses. Et pour cela, pas besoin d\u2019aller \u00e0 l\u2019autre bout du monde\u2026<\/p><p align=\"justify\"><span style=\"color: #1ecad3;\"><b>Avez-vous un mot \u00e0 partager aux \u00e9tudiants actuels de l&rsquo;IGR-IAE Rennes ?<\/b><\/span><\/p><p align=\"justify\">Int\u00e9ressez-vous aux parcours de vie d\u2019autres professionnels et gardez une curiosit\u00e9 permanente pour continuer \u00e0 grandir et vous inspirer. Et surtout osez, faites ce qui vous fait vibrer, ne vous mettez pas de limites.<\/p><p align=\"justify\"><strong><span style=\"color: #1ecad3;\">Merci Antoine !<\/span><\/strong><\/p>\t\t\t\t\t\t\t\t<\/div>\n\t\t\t\t<\/div>\n\t\t\t\t\t<\/div>\n\t\t<\/div>\n\t\t\t\t\t<\/div>\n\t\t<\/section>\n\t\t\t\t<\/div>\n\t\t","protected":false},"featured_media":525870,"template":"","type_temoignage":[69],"class_list":["post-477732","temoignages","type-temoignages","status-publish","has-post-thumbnail","hentry","type_temoignage-formation"],"acf":[],"yoast_head":"<!-- This site is optimized with the Yoast SEO plugin v27.5 - https:\/\/yoast.com\/product\/yoast-seo-wordpress\/ -->\n<title>70 ans de talents r\u00e9v\u00e9l\u00e9s : Antoine Ollivier, Chef de projet \u00e9v\u00e9nementiel chez Rivacom - IGR IAE Rennes<\/title>\n<meta name=\"robots\" content=\"index, follow, max-snippet:-1, max-image-preview:large, max-video-preview:-1\" \/>\n<link rel=\"canonical\" href=\"https:\/\/www.igr.univ-rennes.fr\/fr\/temoignages\/70-ans-de-talents-reveles-antoine-ollivier-chef-de-projet-evenementiel-chez-rivacom\/\" \/>\n<meta property=\"og:locale\" content=\"fr_FR\" \/>\n<meta property=\"og:type\" content=\"article\" \/>\n<meta property=\"og:title\" content=\"70 ans de talents r\u00e9v\u00e9l\u00e9s : Antoine Ollivier, Chef de projet \u00e9v\u00e9nementiel chez Rivacom - IGR IAE Rennes\" \/>\n<meta property=\"og:description\" content=\"Antoine Ollivier, dipl\u00f4m\u00e9 du Master CCA en 2017, a su tracer sa propre voie en m\u00ealant expertise comptable et \u00e9v\u00e9nementiel [&hellip;]\" \/>\n<meta property=\"og:url\" content=\"https:\/\/www.igr.univ-rennes.fr\/fr\/temoignages\/70-ans-de-talents-reveles-antoine-ollivier-chef-de-projet-evenementiel-chez-rivacom\/\" \/>\n<meta property=\"og:site_name\" content=\"IGR IAE Rennes\" \/>\n<meta property=\"article:modified_time\" content=\"2025-11-07T13:28:27+00:00\" \/>\n<meta property=\"og:image\" content=\"https:\/\/www.igr.univ-rennes.fr\/wp-content\/uploads\/2025\/03\/Antoine-Ollivier.jpeg\" \/>\n\t<meta property=\"og:image:width\" content=\"1365\" \/>\n\t<meta property=\"og:image:height\" content=\"2048\" \/>\n\t<meta property=\"og:image:type\" content=\"image\/jpeg\" \/>\n<meta name=\"twitter:card\" content=\"summary_large_image\" \/>\n<meta name=\"twitter:label1\" content=\"Dur\u00e9e de lecture estim\u00e9e\" \/>\n\t<meta name=\"twitter:data1\" content=\"5 minutes\" \/>\n<script type=\"application\/ld+json\" class=\"yoast-schema-graph\">{\"@context\":\"https:\\\/\\\/schema.org\",\"@graph\":[{\"@type\":\"WebPage\",\"@id\":\"https:\\\/\\\/www.igr.univ-rennes.fr\\\/fr\\\/temoignages\\\/70-ans-de-talents-reveles-antoine-ollivier-chef-de-projet-evenementiel-chez-rivacom\\\/\",\"url\":\"https:\\\/\\\/www.igr.univ-rennes.fr\\\/fr\\\/temoignages\\\/70-ans-de-talents-reveles-antoine-ollivier-chef-de-projet-evenementiel-chez-rivacom\\\/\",\"name\":\"70 ans de talents r\u00e9v\u00e9l\u00e9s : Antoine Ollivier, Chef de projet \u00e9v\u00e9nementiel chez Rivacom - IGR IAE Rennes\",\"isPartOf\":{\"@id\":\"https:\\\/\\\/www.igr.univ-rennes.fr\\\/fr\\\/#website\"},\"primaryImageOfPage\":{\"@id\":\"https:\\\/\\\/www.igr.univ-rennes.fr\\\/fr\\\/temoignages\\\/70-ans-de-talents-reveles-antoine-ollivier-chef-de-projet-evenementiel-chez-rivacom\\\/#primaryimage\"},\"image\":{\"@id\":\"https:\\\/\\\/www.igr.univ-rennes.fr\\\/fr\\\/temoignages\\\/70-ans-de-talents-reveles-antoine-ollivier-chef-de-projet-evenementiel-chez-rivacom\\\/#primaryimage\"},\"thumbnailUrl\":\"https:\\\/\\\/www.igr.univ-rennes.fr\\\/wp-content\\\/uploads\\\/2025\\\/03\\\/Antoine-Ollivier.jpeg\",\"datePublished\":\"2025-03-11T09:13:31+00:00\",\"dateModified\":\"2025-11-07T13:28:27+00:00\",\"breadcrumb\":{\"@id\":\"https:\\\/\\\/www.igr.univ-rennes.fr\\\/fr\\\/temoignages\\\/70-ans-de-talents-reveles-antoine-ollivier-chef-de-projet-evenementiel-chez-rivacom\\\/#breadcrumb\"},\"inLanguage\":\"fr-FR\",\"potentialAction\":[{\"@type\":\"ReadAction\",\"target\":[\"https:\\\/\\\/www.igr.univ-rennes.fr\\\/fr\\\/temoignages\\\/70-ans-de-talents-reveles-antoine-ollivier-chef-de-projet-evenementiel-chez-rivacom\\\/\"]}]},{\"@type\":\"ImageObject\",\"inLanguage\":\"fr-FR\",\"@id\":\"https:\\\/\\\/www.igr.univ-rennes.fr\\\/fr\\\/temoignages\\\/70-ans-de-talents-reveles-antoine-ollivier-chef-de-projet-evenementiel-chez-rivacom\\\/#primaryimage\",\"url\":\"https:\\\/\\\/www.igr.univ-rennes.fr\\\/wp-content\\\/uploads\\\/2025\\\/03\\\/Antoine-Ollivier.jpeg\",\"contentUrl\":\"https:\\\/\\\/www.igr.univ-rennes.fr\\\/wp-content\\\/uploads\\\/2025\\\/03\\\/Antoine-Ollivier.jpeg\",\"width\":1365,\"height\":2048,\"caption\":\"Antoine-Ollivier\"},{\"@type\":\"BreadcrumbList\",\"@id\":\"https:\\\/\\\/www.igr.univ-rennes.fr\\\/fr\\\/temoignages\\\/70-ans-de-talents-reveles-antoine-ollivier-chef-de-projet-evenementiel-chez-rivacom\\\/#breadcrumb\",\"itemListElement\":[{\"@type\":\"ListItem\",\"position\":1,\"name\":\"Accueil\",\"item\":\"https:\\\/\\\/www.igr.univ-rennes.fr\\\/fr\\\/\"},{\"@type\":\"ListItem\",\"position\":2,\"name\":\"Temoignages\",\"item\":\"https:\\\/\\\/www.igr.univ-rennes.fr\\\/fr\\\/temoignages\\\/\"},{\"@type\":\"ListItem\",\"position\":3,\"name\":\"70 ans de talents r\u00e9v\u00e9l\u00e9s : Antoine Ollivier, Chef de projet \u00e9v\u00e9nementiel chez Rivacom\"}]},{\"@type\":\"WebSite\",\"@id\":\"https:\\\/\\\/www.igr.univ-rennes.fr\\\/fr\\\/#website\",\"url\":\"https:\\\/\\\/www.igr.univ-rennes.fr\\\/fr\\\/\",\"name\":\"IGR IAE Rennes\",\"description\":\"\",\"publisher\":{\"@id\":\"https:\\\/\\\/www.igr.univ-rennes.fr\\\/fr\\\/#organization\"},\"potentialAction\":[{\"@type\":\"SearchAction\",\"target\":{\"@type\":\"EntryPoint\",\"urlTemplate\":\"https:\\\/\\\/www.igr.univ-rennes.fr\\\/fr\\\/?s={search_term_string}\"},\"query-input\":{\"@type\":\"PropertyValueSpecification\",\"valueRequired\":true,\"valueName\":\"search_term_string\"}}],\"inLanguage\":\"fr-FR\"},{\"@type\":\"Organization\",\"@id\":\"https:\\\/\\\/www.igr.univ-rennes.fr\\\/fr\\\/#organization\",\"name\":\"IGR IAE Rennes\",\"url\":\"https:\\\/\\\/www.igr.univ-rennes.fr\\\/fr\\\/\",\"logo\":{\"@type\":\"ImageObject\",\"inLanguage\":\"fr-FR\",\"@id\":\"https:\\\/\\\/www.igr.univ-rennes.fr\\\/fr\\\/#\\\/schema\\\/logo\\\/image\\\/\",\"url\":\"https:\\\/\\\/www.igr.univ-rennes.fr\\\/wp-content\\\/uploads\\\/2020\\\/06\\\/Logo-IGR-IAE-Rennes_Blanc-300dpi-RVB-e1597327228224.png\",\"contentUrl\":\"https:\\\/\\\/www.igr.univ-rennes.fr\\\/wp-content\\\/uploads\\\/2020\\\/06\\\/Logo-IGR-IAE-Rennes_Blanc-300dpi-RVB-e1597327228224.png\",\"width\":290,\"height\":107,\"caption\":\"IGR IAE Rennes\"},\"image\":{\"@id\":\"https:\\\/\\\/www.igr.univ-rennes.fr\\\/fr\\\/#\\\/schema\\\/logo\\\/image\\\/\"}}]}<\/script>\n<!-- \/ Yoast SEO plugin. -->","yoast_head_json":{"title":"70 ans de talents r\u00e9v\u00e9l\u00e9s : Antoine Ollivier, Chef de projet \u00e9v\u00e9nementiel chez Rivacom - IGR IAE Rennes","robots":{"index":"index","follow":"follow","max-snippet":"max-snippet:-1","max-image-preview":"max-image-preview:large","max-video-preview":"max-video-preview:-1"},"canonical":"https:\/\/www.igr.univ-rennes.fr\/fr\/temoignages\/70-ans-de-talents-reveles-antoine-ollivier-chef-de-projet-evenementiel-chez-rivacom\/","og_locale":"fr_FR","og_type":"article","og_title":"70 ans de talents r\u00e9v\u00e9l\u00e9s : Antoine Ollivier, Chef de projet \u00e9v\u00e9nementiel chez Rivacom - IGR IAE Rennes","og_description":"Antoine Ollivier, dipl\u00f4m\u00e9 du Master CCA en 2017, a su tracer sa propre voie en m\u00ealant expertise comptable et \u00e9v\u00e9nementiel [&hellip;]","og_url":"https:\/\/www.igr.univ-rennes.fr\/fr\/temoignages\/70-ans-de-talents-reveles-antoine-ollivier-chef-de-projet-evenementiel-chez-rivacom\/","og_site_name":"IGR IAE Rennes","article_modified_time":"2025-11-07T13:28:27+00:00","og_image":[{"width":1365,"height":2048,"url":"https:\/\/www.igr.univ-rennes.fr\/wp-content\/uploads\/2025\/03\/Antoine-Ollivier.jpeg","type":"image\/jpeg"}],"twitter_card":"summary_large_image","twitter_misc":{"Dur\u00e9e de lecture estim\u00e9e":"5 minutes"},"schema":{"@context":"https:\/\/schema.org","@graph":[{"@type":"WebPage","@id":"https:\/\/www.igr.univ-rennes.fr\/fr\/temoignages\/70-ans-de-talents-reveles-antoine-ollivier-chef-de-projet-evenementiel-chez-rivacom\/","url":"https:\/\/www.igr.univ-rennes.fr\/fr\/temoignages\/70-ans-de-talents-reveles-antoine-ollivier-chef-de-projet-evenementiel-chez-rivacom\/","name":"70 ans de talents r\u00e9v\u00e9l\u00e9s : Antoine Ollivier, Chef de projet \u00e9v\u00e9nementiel chez Rivacom - IGR IAE Rennes","isPartOf":{"@id":"https:\/\/www.igr.univ-rennes.fr\/fr\/#website"},"primaryImageOfPage":{"@id":"https:\/\/www.igr.univ-rennes.fr\/fr\/temoignages\/70-ans-de-talents-reveles-antoine-ollivier-chef-de-projet-evenementiel-chez-rivacom\/#primaryimage"},"image":{"@id":"https:\/\/www.igr.univ-rennes.fr\/fr\/temoignages\/70-ans-de-talents-reveles-antoine-ollivier-chef-de-projet-evenementiel-chez-rivacom\/#primaryimage"},"thumbnailUrl":"https:\/\/www.igr.univ-rennes.fr\/wp-content\/uploads\/2025\/03\/Antoine-Ollivier.jpeg","datePublished":"2025-03-11T09:13:31+00:00","dateModified":"2025-11-07T13:28:27+00:00","breadcrumb":{"@id":"https:\/\/www.igr.univ-rennes.fr\/fr\/temoignages\/70-ans-de-talents-reveles-antoine-ollivier-chef-de-projet-evenementiel-chez-rivacom\/#breadcrumb"},"inLanguage":"fr-FR","potentialAction":[{"@type":"ReadAction","target":["https:\/\/www.igr.univ-rennes.fr\/fr\/temoignages\/70-ans-de-talents-reveles-antoine-ollivier-chef-de-projet-evenementiel-chez-rivacom\/"]}]},{"@type":"ImageObject","inLanguage":"fr-FR","@id":"https:\/\/www.igr.univ-rennes.fr\/fr\/temoignages\/70-ans-de-talents-reveles-antoine-ollivier-chef-de-projet-evenementiel-chez-rivacom\/#primaryimage","url":"https:\/\/www.igr.univ-rennes.fr\/wp-content\/uploads\/2025\/03\/Antoine-Ollivier.jpeg","contentUrl":"https:\/\/www.igr.univ-rennes.fr\/wp-content\/uploads\/2025\/03\/Antoine-Ollivier.jpeg","width":1365,"height":2048,"caption":"Antoine-Ollivier"},{"@type":"BreadcrumbList","@id":"https:\/\/www.igr.univ-rennes.fr\/fr\/temoignages\/70-ans-de-talents-reveles-antoine-ollivier-chef-de-projet-evenementiel-chez-rivacom\/#breadcrumb","itemListElement":[{"@type":"ListItem","position":1,"name":"Accueil","item":"https:\/\/www.igr.univ-rennes.fr\/fr\/"},{"@type":"ListItem","position":2,"name":"Temoignages","item":"https:\/\/www.igr.univ-rennes.fr\/fr\/temoignages\/"},{"@type":"ListItem","position":3,"name":"70 ans de talents r\u00e9v\u00e9l\u00e9s : Antoine Ollivier, Chef de projet \u00e9v\u00e9nementiel chez Rivacom"}]},{"@type":"WebSite","@id":"https:\/\/www.igr.univ-rennes.fr\/fr\/#website","url":"https:\/\/www.igr.univ-rennes.fr\/fr\/","name":"IGR IAE Rennes","description":"","publisher":{"@id":"https:\/\/www.igr.univ-rennes.fr\/fr\/#organization"},"potentialAction":[{"@type":"SearchAction","target":{"@type":"EntryPoint","urlTemplate":"https:\/\/www.igr.univ-rennes.fr\/fr\/?s={search_term_string}"},"query-input":{"@type":"PropertyValueSpecification","valueRequired":true,"valueName":"search_term_string"}}],"inLanguage":"fr-FR"},{"@type":"Organization","@id":"https:\/\/www.igr.univ-rennes.fr\/fr\/#organization","name":"IGR IAE Rennes","url":"https:\/\/www.igr.univ-rennes.fr\/fr\/","logo":{"@type":"ImageObject","inLanguage":"fr-FR","@id":"https:\/\/www.igr.univ-rennes.fr\/fr\/#\/schema\/logo\/image\/","url":"https:\/\/www.igr.univ-rennes.fr\/wp-content\/uploads\/2020\/06\/Logo-IGR-IAE-Rennes_Blanc-300dpi-RVB-e1597327228224.png","contentUrl":"https:\/\/www.igr.univ-rennes.fr\/wp-content\/uploads\/2020\/06\/Logo-IGR-IAE-Rennes_Blanc-300dpi-RVB-e1597327228224.png","width":290,"height":107,"caption":"IGR IAE Rennes"},"image":{"@id":"https:\/\/www.igr.univ-rennes.fr\/fr\/#\/schema\/logo\/image\/"}}]}},"_links":{"self":[{"href":"https:\/\/www.igr.univ-rennes.fr\/fr\/wp-json\/wp\/v2\/temoignages\/477732","targetHints":{"allow":["GET"]}}],"collection":[{"href":"https:\/\/www.igr.univ-rennes.fr\/fr\/wp-json\/wp\/v2\/temoignages"}],"about":[{"href":"https:\/\/www.igr.univ-rennes.fr\/fr\/wp-json\/wp\/v2\/types\/temoignages"}],"version-history":[{"count":10,"href":"https:\/\/www.igr.univ-rennes.fr\/fr\/wp-json\/wp\/v2\/temoignages\/477732\/revisions"}],"predecessor-version":[{"id":536164,"href":"https:\/\/www.igr.univ-rennes.fr\/fr\/wp-json\/wp\/v2\/temoignages\/477732\/revisions\/536164"}],"wp:featuredmedia":[{"embeddable":true,"href":"https:\/\/www.igr.univ-rennes.fr\/fr\/wp-json\/wp\/v2\/media\/525870"}],"wp:attachment":[{"href":"https:\/\/www.igr.univ-rennes.fr\/fr\/wp-json\/wp\/v2\/media?parent=477732"}],"wp:term":[{"taxonomy":"type_temoignage","embeddable":true,"href":"https:\/\/www.igr.univ-rennes.fr\/fr\/wp-json\/wp\/v2\/type_temoignage?post=477732"}],"curies":[{"name":"wp","href":"https:\/\/api.w.org\/{rel}","templated":true}]}}