{"id":470617,"date":"2025-02-10T14:28:22","date_gmt":"2025-02-10T13:28:22","guid":{"rendered":"https:\/\/www.igr.univ-rennes.fr\/?post_type=temoignages&#038;p=470617"},"modified":"2025-10-21T15:49:19","modified_gmt":"2025-10-21T13:49:19","slug":"70-ans-de-talents-reveles-alexandra-erhart-project-manager-chez-apside-et-volleyeuse-professionnelle-as-monaco","status":"publish","type":"temoignages","link":"https:\/\/www.igr.univ-rennes.fr\/fr\/temoignages\/70-ans-de-talents-reveles-alexandra-erhart-project-manager-chez-apside-et-volleyeuse-professionnelle-as-monaco\/","title":{"rendered":"70 ans de talents r\u00e9v\u00e9l\u00e9s : Alexandra Erhart, Project Manager chez Apside et volleyeuse professionnelle AS Monaco"},"content":{"rendered":"\t\t<div data-elementor-type=\"wp-post\" data-elementor-id=\"470617\" class=\"elementor elementor-470617\">\n\t\t\t\t\t\t\t\t\t<section class=\"elementor-section elementor-top-section elementor-element elementor-element-0fae899 elementor-section-boxed elementor-section-height-default elementor-section-height-default\" data-id=\"0fae899\" data-element_type=\"section\">\n\t\t\t\t\t\t<div class=\"elementor-container elementor-column-gap-default\">\n\t\t\t\t\t<div class=\"elementor-column elementor-col-100 elementor-top-column elementor-element elementor-element-a412524\" data-id=\"a412524\" data-element_type=\"column\">\n\t\t\t<div class=\"elementor-widget-wrap elementor-element-populated\">\n\t\t\t\t\t\t\t\t<div class=\"elementor-element elementor-element-ef9fbeb elementor-widget elementor-widget-text-editor\" data-id=\"ef9fbeb\" data-element_type=\"widget\" data-widget_type=\"text-editor.default\">\n\t\t\t\t<div class=\"elementor-widget-container\">\n\t\t\t\t\t\t\t<h5>Dynamique, passionn\u00e9e et ambitieuse, Alexandra Erhart incarne parfaitement la diversit\u00e9 des parcours que l\u2019IGR-IAE Rennes permet de construire. Dipl\u00f4m\u00e9e du Master MAE \u2013 Entrepreneuriat &amp; Management de Projets Innovants en 2020, elle a su conjuguer avec brio ses aspirations professionnelles et sa carri\u00e8re de volleyeuse professionnelle. Aujourd\u2019hui, elle \u00e9volue en tant que Project Manager chez Apside, tout en continuant \u00e0 exceller sur les terrains de volley. Retour sur un parcours marqu\u00e9 par la d\u00e9termination, l\u2019adaptabilit\u00e9 et le soutien pr\u00e9cieux de l\u2019IGR-IAE Rennes. Un grand merci Alexandra pour votre t\u00e9moignage aupr\u00e8s de l&rsquo;\u00e9cole !<\/h5><p>\u00a0<\/p><p><span style=\"color: #1ecad3;\"><strong>Pouvez-vous nous d\u00e9crire bri\u00e8vement votre parcours depuis votre sortie de l&rsquo;IGR-IAE Rennes ?<\/strong><\/span><br \/>Je suis dipl\u00f4m\u00e9e du <strong>MAE Entrepreneuriat et Management de Projets Innovants<\/strong> de l&rsquo;IGR-IAE Rennes depuis 2020. \u00c0 cette p\u00e9riode, le contexte sanitaire rendait difficile la recherche d&rsquo;un premier emploi pour les jeunes dipl\u00f4m\u00e9s. J&rsquo;ai donc d\u00e9cid\u00e9 de prendre un peu de temps pour continuer \u00e0 vivre de ma passion, le volley-ball. J&rsquo;ai sign\u00e9 un nouveau contrat de <strong>joueuse professionnelle avec le club de Monaco<\/strong>, avec l&rsquo;id\u00e9e de trouver un emploi l&rsquo;ann\u00e9e suivante sur la C\u00f4te d&rsquo;Azur, une r\u00e9gion riche en opportunit\u00e9s professionnelles. En 2021, j&rsquo;ai obtenu mon premier CDI avec Akkodis, qui m&rsquo;a envoy\u00e9 en mission chez Thal\u00e8s pour g\u00e9rer des projets de logiciels embarqu\u00e9s pour satellites, j\u2019y suis rest\u00e9e pendant huit mois. Par la suite, j&rsquo;ai eu l&rsquo;opportunit\u00e9 de travailler chez <a href=\"https:\/\/www.apside.com\/fr\/\" target=\"_blank\" rel=\"noopener\">Apside<\/a> pour une mission chez <a href=\"https:\/\/amadeus.com\/en\" target=\"_blank\" rel=\"noopener\">Amadeus<\/a>. Aujourd&rsquo;hui, je fais du <strong>management de projet dans l\u2019industrie du voyage<\/strong>.<\/p><p>\u00a0<\/p><p><strong><span style=\"color: #1ecad3;\">Quel est votre poste actuel et dans quel secteur travaillez-vous ?<\/span><\/strong><br \/>Je suis actuellement <strong>chef de projet en mission chez Amadeus<\/strong>. <br \/>Amadeus est le leader mondial de la technologie de voyage, et je suis responsable de la gestion de la campagne de tests d\u2019intrusion des applications. Nous avons une \u00e9quipe de hackers \u00e9thiques qui testent les applications avant leur commercialisation pour s&rsquo;assurer qu&rsquo;elles ne pr\u00e9sentent aucune faille de s\u00e9curit\u00e9. Et ainsi pouvoir s\u2019assurer que vous ne vous fassiez pas voler vos donn\u00e9es bancaires quand vous r\u00e9servez un billet d\u2019avion !<\/p><p>\u00a0<\/p><p><span style=\"color: #1ecad3;\"><strong>Comment votre formation en MAE vous a-t-elle pr\u00e9par\u00e9e \u00e0 votre r\u00f4le de project manager chez Apside ?<\/strong><\/span><br \/>Ma formation en MAE m&rsquo;a pr\u00e9par\u00e9e de mani\u00e8re exhaustive \u00e0 mon r\u00f4le de project manager chez Apside. Durant le premier semestre, j&rsquo;ai suivi des modules de cours g\u00e9n\u00e9raux communs \u00e0 tous les \u00e9tudiants en MAE avec des enseignants. Ces cours m&rsquo;ont permis d&rsquo;acqu\u00e9rir une base solide de connaissances. Lors du second semestre, nous avons \u00e9t\u00e9 s\u00e9par\u00e9s selon nos sp\u00e9cialit\u00e9s, et j&rsquo;ai pu suivre des modules plus sp\u00e9cifiques avec des <strong>intervenants experts dans leurs domaines<\/strong>.<br \/>En plus des cours th\u00e9oriques, nous avons \u00e9t\u00e9 mis en situation r\u00e9elle lors des semaines Travail &amp; Carri\u00e8re, des hackathons et m\u00eame lors d&rsquo;une semaine d\u00e9di\u00e9e \u00e0 l&rsquo;entrepreneuriat. Cette combinaison de cours, d&rsquo;interventions et de mises en situation m&rsquo;a pleinement pr\u00e9par\u00e9e \u00e0 la vie en entreprise, en me donnant les comp\u00e9tences n\u00e9cessaires pour g\u00e9rer des projets et collaborer efficacement avec diff\u00e9rentes \u00e9quipes.<\/p><p>\u00a0<\/p><p><strong><span style=\"color: #1ecad3;\">Vous avez men\u00e9 de front vos \u00e9tudes \u00e0 l\u2019IGR-IAE Rennes et votre carri\u00e8re de sportive de haut niveau. Comment \u00eates-vous parvenue \u00e0 concilier ces deux engagements ? L\u2019\u00e9cole a-t-elle jou\u00e9 un r\u00f4le pour vous soutenir dans cet \u00e9quilibre ?<\/span><\/strong><br \/><strong>J&rsquo;ai \u00e9t\u00e9 tr\u00e8s bien entour\u00e9e<\/strong> et je sentais que les professeurs ainsi que toute l&rsquo;\u00e9quipe p\u00e9dagogique soutenaient pleinement mon projet. En 2020,<strong> je jouais en professionnel avec le REC volley-ball<\/strong> et je pr\u00e9parais \u00e9galement le tournoi de qualification aux <strong>JO de Tokyo en beach volley<\/strong>. L&rsquo;\u00e9cole adaptait mes horaires quand c\u2019\u00e9tait n\u00e9cessaire, les professeurs \u00e9taient tr\u00e8s disponibles pour m&rsquo;aider et je sentais qu&rsquo;ils s&rsquo;int\u00e9ressaient \u00e0 mon projet en me demandant chaque lundi matin si nous avions gagn\u00e9 la rencontre du week-end. <strong>Les \u00e9l\u00e8ves et les professeurs venaient \u00e9galement assister \u00e0 certains matchs<\/strong> et j\u2019en garde de tr\u00e8s bons souvenirs.<\/p><p><img decoding=\"async\" class=\"alignnone size-full wp-image-470620\" src=\"https:\/\/www.igr.univ-rennes.fr\/wp-content\/uploads\/2025\/02\/Image1.jpg\" alt=\"\" width=\"605\" height=\"325\" srcset=\"https:\/\/www.igr.univ-rennes.fr\/wp-content\/uploads\/2025\/02\/Image1.jpg 605w, https:\/\/www.igr.univ-rennes.fr\/wp-content\/uploads\/2025\/02\/Image1-300x161.jpg 300w\" sizes=\"(max-width: 605px) 100vw, 605px\" \/><\/p><p>\u00a0<\/p><p><strong><span style=\"color: #1ecad3;\">Y a-t-il un professeur, un cours ou une rencontre \u00e0 l\u2019IGR-IAE qui a particuli\u00e8rement marqu\u00e9 votre parcours ?<\/span><\/strong><br \/>Je garde un souvenir particulier de Madame Le Rudulier, responsable du programme o\u00f9 j&rsquo;\u00e9tais (Entrepreneuriat et management de projets innovants). Avec elle, \u00e7a filait droit ! Elle \u00e9tait dynamique et on voyait qu&rsquo;elle \u00e9tait passionn\u00e9e par ce qu&rsquo;elle faisait, \u00e0 la fois le <strong>management de projet mais aussi l&rsquo;accompagnement humain des \u00e9l\u00e8ves<\/strong>.<\/p><p>\u00a0<\/p><p><span style=\"color: #1ecad3;\"><strong>Quelle est, selon vous, la plus grande force de la communaut\u00e9 IGR-IAE Rennes aujourd\u2019hui ?<\/strong><\/span><br \/>L&rsquo;IGR-IAE Rennes poss\u00e8de de nombreuses forces, notamment la <strong>qualit\u00e9 de l&rsquo;accompagnement du corps enseignant<\/strong>, avec qui je suis encore en contact \u00e0 ce jour. J&rsquo;ai \u00e9galement beaucoup appr\u00e9ci\u00e9 les diff\u00e9rents \u00e9v\u00e9nements organis\u00e9s pour aider les \u00e9tudiants dans leur projet professionnel, comme la semaine Travail &amp; Carri\u00e8re. Enfin, la vie associative, bien que je n&rsquo;aie pas eu le temps de m\u2019y impliquer en raison de mes engagements en club, mais je suis convaincue qu&rsquo;en travaillant ensemble, on peut aller plus loin.<\/p>\t\t\t\t\t\t<\/div>\n\t\t\t\t<\/div>\n\t\t\t\t\t<\/div>\n\t\t<\/div>\n\t\t\t\t\t\t\t<\/div>\n\t\t<\/section>\n\t\t\t\t\t\t\t<\/div>\n\t\t","protected":false},"featured_media":470618,"template":"","type_temoignage":[69],"yoast_head":"<!-- This site is optimized with the Yoast SEO plugin v21.1 - https:\/\/yoast.com\/wordpress\/plugins\/seo\/ -->\n<title>70 ans de talents r\u00e9v\u00e9l\u00e9s : Alexandra Erhart, Project Manager chez Apside et volleyeuse professionnelle AS Monaco - IGR IAE Rennes<\/title>\n<meta name=\"robots\" content=\"index, follow, max-snippet:-1, max-image-preview:large, max-video-preview:-1\" \/>\n<link rel=\"canonical\" href=\"https:\/\/www.igr.univ-rennes.fr\/fr\/temoignages\/70-ans-de-talents-reveles-alexandra-erhart-project-manager-chez-apside-et-volleyeuse-professionnelle-as-monaco\/\" \/>\n<meta property=\"og:locale\" content=\"fr_FR\" \/>\n<meta property=\"og:type\" content=\"article\" \/>\n<meta property=\"og:title\" content=\"70 ans de talents r\u00e9v\u00e9l\u00e9s : Alexandra Erhart, Project Manager chez Apside et volleyeuse professionnelle AS Monaco - IGR IAE Rennes\" \/>\n<meta property=\"og:description\" content=\"Dynamique, passionn\u00e9e et ambitieuse, Alexandra Erhart incarne parfaitement la diversit\u00e9 des parcours que l\u2019IGR-IAE Rennes permet de construire. Dipl\u00f4m\u00e9e du [&hellip;]\" \/>\n<meta property=\"og:url\" content=\"https:\/\/www.igr.univ-rennes.fr\/fr\/temoignages\/70-ans-de-talents-reveles-alexandra-erhart-project-manager-chez-apside-et-volleyeuse-professionnelle-as-monaco\/\" \/>\n<meta property=\"og:site_name\" content=\"IGR IAE Rennes\" \/>\n<meta property=\"article:modified_time\" content=\"2025-10-21T13:49:19+00:00\" \/>\n<meta property=\"og:image\" content=\"https:\/\/www.igr.univ-rennes.fr\/wp-content\/uploads\/2025\/02\/1634167720096.jpg\" \/>\n\t<meta property=\"og:image:width\" content=\"800\" \/>\n\t<meta property=\"og:image:height\" content=\"800\" \/>\n\t<meta property=\"og:image:type\" content=\"image\/jpeg\" \/>\n<meta name=\"twitter:card\" content=\"summary_large_image\" \/>\n<meta name=\"twitter:label1\" content=\"Dur\u00e9e de lecture estim\u00e9e\" \/>\n\t<meta name=\"twitter:data1\" content=\"5 minutes\" \/>\n<script type=\"application\/ld+json\" class=\"yoast-schema-graph\">{\"@context\":\"https:\/\/schema.org\",\"@graph\":[{\"@type\":\"WebPage\",\"@id\":\"https:\/\/www.igr.univ-rennes.fr\/fr\/temoignages\/70-ans-de-talents-reveles-alexandra-erhart-project-manager-chez-apside-et-volleyeuse-professionnelle-as-monaco\/\",\"url\":\"https:\/\/www.igr.univ-rennes.fr\/fr\/temoignages\/70-ans-de-talents-reveles-alexandra-erhart-project-manager-chez-apside-et-volleyeuse-professionnelle-as-monaco\/\",\"name\":\"70 ans de talents r\u00e9v\u00e9l\u00e9s : Alexandra Erhart, Project Manager chez Apside et volleyeuse professionnelle AS Monaco - IGR IAE Rennes\",\"isPartOf\":{\"@id\":\"https:\/\/www.igr.univ-rennes.fr\/fr\/#website\"},\"datePublished\":\"2025-02-10T13:28:22+00:00\",\"dateModified\":\"2025-10-21T13:49:19+00:00\",\"breadcrumb\":{\"@id\":\"https:\/\/www.igr.univ-rennes.fr\/fr\/temoignages\/70-ans-de-talents-reveles-alexandra-erhart-project-manager-chez-apside-et-volleyeuse-professionnelle-as-monaco\/#breadcrumb\"},\"inLanguage\":\"fr-FR\",\"potentialAction\":[{\"@type\":\"ReadAction\",\"target\":[\"https:\/\/www.igr.univ-rennes.fr\/fr\/temoignages\/70-ans-de-talents-reveles-alexandra-erhart-project-manager-chez-apside-et-volleyeuse-professionnelle-as-monaco\/\"]}]},{\"@type\":\"BreadcrumbList\",\"@id\":\"https:\/\/www.igr.univ-rennes.fr\/fr\/temoignages\/70-ans-de-talents-reveles-alexandra-erhart-project-manager-chez-apside-et-volleyeuse-professionnelle-as-monaco\/#breadcrumb\",\"itemListElement\":[{\"@type\":\"ListItem\",\"position\":1,\"name\":\"Accueil\",\"item\":\"https:\/\/www.igr.univ-rennes.fr\/fr\/\"},{\"@type\":\"ListItem\",\"position\":2,\"name\":\"Temoignages\",\"item\":\"https:\/\/www.igr.univ-rennes.fr\/fr\/temoignages\/\"},{\"@type\":\"ListItem\",\"position\":3,\"name\":\"70 ans de talents r\u00e9v\u00e9l\u00e9s : Alexandra Erhart, Project Manager chez Apside et volleyeuse professionnelle AS Monaco\"}]},{\"@type\":\"WebSite\",\"@id\":\"https:\/\/www.igr.univ-rennes.fr\/fr\/#website\",\"url\":\"https:\/\/www.igr.univ-rennes.fr\/fr\/\",\"name\":\"IGR IAE Rennes\",\"description\":\"\",\"publisher\":{\"@id\":\"https:\/\/www.igr.univ-rennes.fr\/fr\/#organization\"},\"potentialAction\":[{\"@type\":\"SearchAction\",\"target\":{\"@type\":\"EntryPoint\",\"urlTemplate\":\"https:\/\/www.igr.univ-rennes.fr\/fr\/?s={search_term_string}\"},\"query-input\":\"required name=search_term_string\"}],\"inLanguage\":\"fr-FR\"},{\"@type\":\"Organization\",\"@id\":\"https:\/\/www.igr.univ-rennes.fr\/fr\/#organization\",\"name\":\"IGR IAE Rennes\",\"url\":\"https:\/\/www.igr.univ-rennes.fr\/fr\/\",\"logo\":{\"@type\":\"ImageObject\",\"inLanguage\":\"fr-FR\",\"@id\":\"https:\/\/www.igr.univ-rennes.fr\/fr\/#\/schema\/logo\/image\/\",\"url\":\"https:\/\/www.igr.univ-rennes.fr\/wp-content\/uploads\/2020\/06\/Logo-IGR-IAE-Rennes_Blanc-300dpi-RVB-e1597327228224.png\",\"contentUrl\":\"https:\/\/www.igr.univ-rennes.fr\/wp-content\/uploads\/2020\/06\/Logo-IGR-IAE-Rennes_Blanc-300dpi-RVB-e1597327228224.png\",\"width\":290,\"height\":107,\"caption\":\"IGR IAE Rennes\"},\"image\":{\"@id\":\"https:\/\/www.igr.univ-rennes.fr\/fr\/#\/schema\/logo\/image\/\"}}]}<\/script>\n<!-- \/ Yoast SEO plugin. -->","yoast_head_json":{"title":"70 ans de talents r\u00e9v\u00e9l\u00e9s : Alexandra Erhart, Project Manager chez Apside et volleyeuse professionnelle AS Monaco - IGR IAE Rennes","robots":{"index":"index","follow":"follow","max-snippet":"max-snippet:-1","max-image-preview":"max-image-preview:large","max-video-preview":"max-video-preview:-1"},"canonical":"https:\/\/www.igr.univ-rennes.fr\/fr\/temoignages\/70-ans-de-talents-reveles-alexandra-erhart-project-manager-chez-apside-et-volleyeuse-professionnelle-as-monaco\/","og_locale":"fr_FR","og_type":"article","og_title":"70 ans de talents r\u00e9v\u00e9l\u00e9s : Alexandra Erhart, Project Manager chez Apside et volleyeuse professionnelle AS Monaco - IGR IAE Rennes","og_description":"Dynamique, passionn\u00e9e et ambitieuse, Alexandra Erhart incarne parfaitement la diversit\u00e9 des parcours que l\u2019IGR-IAE Rennes permet de construire. Dipl\u00f4m\u00e9e du [&hellip;]","og_url":"https:\/\/www.igr.univ-rennes.fr\/fr\/temoignages\/70-ans-de-talents-reveles-alexandra-erhart-project-manager-chez-apside-et-volleyeuse-professionnelle-as-monaco\/","og_site_name":"IGR IAE Rennes","article_modified_time":"2025-10-21T13:49:19+00:00","og_image":[{"width":800,"height":800,"url":"https:\/\/www.igr.univ-rennes.fr\/wp-content\/uploads\/2025\/02\/1634167720096.jpg","type":"image\/jpeg"}],"twitter_card":"summary_large_image","twitter_misc":{"Dur\u00e9e de lecture estim\u00e9e":"5 minutes"},"schema":{"@context":"https:\/\/schema.org","@graph":[{"@type":"WebPage","@id":"https:\/\/www.igr.univ-rennes.fr\/fr\/temoignages\/70-ans-de-talents-reveles-alexandra-erhart-project-manager-chez-apside-et-volleyeuse-professionnelle-as-monaco\/","url":"https:\/\/www.igr.univ-rennes.fr\/fr\/temoignages\/70-ans-de-talents-reveles-alexandra-erhart-project-manager-chez-apside-et-volleyeuse-professionnelle-as-monaco\/","name":"70 ans de talents r\u00e9v\u00e9l\u00e9s : Alexandra Erhart, Project Manager chez Apside et volleyeuse professionnelle AS Monaco - IGR IAE Rennes","isPartOf":{"@id":"https:\/\/www.igr.univ-rennes.fr\/fr\/#website"},"datePublished":"2025-02-10T13:28:22+00:00","dateModified":"2025-10-21T13:49:19+00:00","breadcrumb":{"@id":"https:\/\/www.igr.univ-rennes.fr\/fr\/temoignages\/70-ans-de-talents-reveles-alexandra-erhart-project-manager-chez-apside-et-volleyeuse-professionnelle-as-monaco\/#breadcrumb"},"inLanguage":"fr-FR","potentialAction":[{"@type":"ReadAction","target":["https:\/\/www.igr.univ-rennes.fr\/fr\/temoignages\/70-ans-de-talents-reveles-alexandra-erhart-project-manager-chez-apside-et-volleyeuse-professionnelle-as-monaco\/"]}]},{"@type":"BreadcrumbList","@id":"https:\/\/www.igr.univ-rennes.fr\/fr\/temoignages\/70-ans-de-talents-reveles-alexandra-erhart-project-manager-chez-apside-et-volleyeuse-professionnelle-as-monaco\/#breadcrumb","itemListElement":[{"@type":"ListItem","position":1,"name":"Accueil","item":"https:\/\/www.igr.univ-rennes.fr\/fr\/"},{"@type":"ListItem","position":2,"name":"Temoignages","item":"https:\/\/www.igr.univ-rennes.fr\/fr\/temoignages\/"},{"@type":"ListItem","position":3,"name":"70 ans de talents r\u00e9v\u00e9l\u00e9s : Alexandra Erhart, Project Manager chez Apside et volleyeuse professionnelle AS Monaco"}]},{"@type":"WebSite","@id":"https:\/\/www.igr.univ-rennes.fr\/fr\/#website","url":"https:\/\/www.igr.univ-rennes.fr\/fr\/","name":"IGR IAE Rennes","description":"","publisher":{"@id":"https:\/\/www.igr.univ-rennes.fr\/fr\/#organization"},"potentialAction":[{"@type":"SearchAction","target":{"@type":"EntryPoint","urlTemplate":"https:\/\/www.igr.univ-rennes.fr\/fr\/?s={search_term_string}"},"query-input":"required name=search_term_string"}],"inLanguage":"fr-FR"},{"@type":"Organization","@id":"https:\/\/www.igr.univ-rennes.fr\/fr\/#organization","name":"IGR IAE Rennes","url":"https:\/\/www.igr.univ-rennes.fr\/fr\/","logo":{"@type":"ImageObject","inLanguage":"fr-FR","@id":"https:\/\/www.igr.univ-rennes.fr\/fr\/#\/schema\/logo\/image\/","url":"https:\/\/www.igr.univ-rennes.fr\/wp-content\/uploads\/2020\/06\/Logo-IGR-IAE-Rennes_Blanc-300dpi-RVB-e1597327228224.png","contentUrl":"https:\/\/www.igr.univ-rennes.fr\/wp-content\/uploads\/2020\/06\/Logo-IGR-IAE-Rennes_Blanc-300dpi-RVB-e1597327228224.png","width":290,"height":107,"caption":"IGR IAE Rennes"},"image":{"@id":"https:\/\/www.igr.univ-rennes.fr\/fr\/#\/schema\/logo\/image\/"}}]}},"_links":{"self":[{"href":"https:\/\/www.igr.univ-rennes.fr\/fr\/wp-json\/wp\/v2\/temoignages\/470617"}],"collection":[{"href":"https:\/\/www.igr.univ-rennes.fr\/fr\/wp-json\/wp\/v2\/temoignages"}],"about":[{"href":"https:\/\/www.igr.univ-rennes.fr\/fr\/wp-json\/wp\/v2\/types\/temoignages"}],"version-history":[{"count":21,"href":"https:\/\/www.igr.univ-rennes.fr\/fr\/wp-json\/wp\/v2\/temoignages\/470617\/revisions"}],"predecessor-version":[{"id":532569,"href":"https:\/\/www.igr.univ-rennes.fr\/fr\/wp-json\/wp\/v2\/temoignages\/470617\/revisions\/532569"}],"wp:featuredmedia":[{"embeddable":true,"href":"https:\/\/www.igr.univ-rennes.fr\/fr\/wp-json\/wp\/v2\/media\/470618"}],"wp:attachment":[{"href":"https:\/\/www.igr.univ-rennes.fr\/fr\/wp-json\/wp\/v2\/media?parent=470617"}],"wp:term":[{"taxonomy":"type_temoignage","embeddable":true,"href":"https:\/\/www.igr.univ-rennes.fr\/fr\/wp-json\/wp\/v2\/type_temoignage?post=470617"}],"curies":[{"name":"wp","href":"https:\/\/api.w.org\/{rel}","templated":true}]}}