{"id":458313,"date":"2024-12-19T15:06:22","date_gmt":"2024-12-19T14:06:22","guid":{"rendered":"https:\/\/www.igr.univ-rennes.fr\/?post_type=temoignages&#038;p=458313"},"modified":"2025-09-29T15:29:20","modified_gmt":"2025-09-29T13:29:20","slug":"70-ans-de-talents-reveles-le-parcours-inspirant-daude-lechapelain","status":"publish","type":"temoignages","link":"https:\/\/www.igr.univ-rennes.fr\/fr\/temoignages\/70-ans-de-talents-reveles-le-parcours-inspirant-daude-lechapelain\/","title":{"rendered":"70 ans de talents r\u00e9v\u00e9l\u00e9s : le parcours inspirant d&rsquo;Aude Lechapelain"},"content":{"rendered":"\t\t<div data-elementor-type=\"wp-post\" data-elementor-id=\"458313\" class=\"elementor elementor-458313\">\n\t\t\t\t\t\t\t\t\t<section class=\"elementor-section elementor-top-section elementor-element elementor-element-b9c4d4b elementor-section-boxed elementor-section-height-default elementor-section-height-default\" data-id=\"b9c4d4b\" data-element_type=\"section\">\n\t\t\t\t\t\t<div class=\"elementor-container elementor-column-gap-default\">\n\t\t\t\t\t<div class=\"elementor-column elementor-col-100 elementor-top-column elementor-element elementor-element-2bad271\" data-id=\"2bad271\" data-element_type=\"column\">\n\t\t\t<div class=\"elementor-widget-wrap elementor-element-populated\">\n\t\t\t\t\t\t\t\t<div class=\"elementor-element elementor-element-09c4908 elementor-widget elementor-widget-text-editor\" data-id=\"09c4908\" data-element_type=\"widget\" data-widget_type=\"text-editor.default\">\n\t\t\t\t<div class=\"elementor-widget-container\">\n\t\t\t\t\t\t\t<p><span style=\"color: #1ecad3;\"><strong>Bonjour Aude, c&rsquo;est un vrai plaisir d&rsquo;avoir de vos nouvelles via ce t\u00e9moignage !\u00a0 Pourriez-vous vous pr\u00e9senter rapidement pour tous nos lecteurs ?<\/strong><\/span><\/p><p>Je m\u2019appelle Aude Lechapelain, j\u2019ai 29 ans. J\u2019ai grandi \u00e0 c\u00f4t\u00e9 de Rennes. J\u2019ai obtenu un <strong>bac ES<\/strong> en 2013, j\u2019ai ensuite obtenu un <strong>DUT GEA<\/strong> \u00e0 l\u2019IUT de Saint-Malo puis une <strong>Licence de Gestion et un Master 2 en Marketing Strat\u00e9gique et Op\u00e9rationnel \u00e0 l\u2019IGR-IAE Rennes<\/strong> en 2018. J\u2019ai effectu\u00e9 une <strong>ann\u00e9e de c\u00e9sure<\/strong> entre mes deux ann\u00e9es de Master \u00e0 Seoul, en Cor\u00e9e du Sud et ai effectu\u00e9 ma <strong>deuxi\u00e8me ann\u00e9e de Master en alternance<\/strong>.<\/p><p><span style=\"color: #1ecad3;\"><strong>Vous venez de quitter votre poste pour vivre de nouvelles aventures. Pouvez-vous nous raconter ce qui vous a motiv\u00e9e et ce que vous avez en t\u00eate pour la suite ?<\/strong><\/span><\/p><p>J\u2019ai pass\u00e9 pr\u00e8s de 7 ans dans la m\u00eame entreprise \u00e0 Paris. J\u2019ai rejoint l\u2019<strong>entreprise <a href=\"https:\/\/www.jolimoi.com\/fr\/\" target=\"_blank\" rel=\"noopener\">Jolimoi<\/a><\/strong> \u00e0 ses tout d\u00e9buts. Apr\u00e8s avoir aid\u00e9 \u00e0 <strong>d\u00e9velopper cette entreprise<\/strong> et apr\u00e8s avoir \u00e9t\u00e9 <strong>un couteau suisse<\/strong>, j\u2019avais \u00e0 c\u0153ur de voir autre chose et de me sp\u00e9cialiser davantage dans mon m\u00e9tier. J\u2019ai entre temps d\u00e9m\u00e9nag\u00e9 sur Nantes, ce qui a aussi motiv\u00e9 mon choix de changement d\u2019entreprise.<\/p><p>J\u2019ai fait une pause pendant 6 mois et en ai profit\u00e9 pour faire un <strong>bilan de comp\u00e9tences<\/strong> qui m\u2019a confort\u00e9 dans l\u2019id\u00e9e que le poste que je faisais me plaisait mais que je voulais <strong>davantage me sp\u00e9cialiser<\/strong>. Ce bilan de comp\u00e9tences m\u2019a permis de bien clarifier mes forces et mes comp\u00e9tences acquises pour trouver mon prochain poste. <strong>J\u2019int\u00e8gre prochainement une entreprise nantaise qui s\u2019appelle <a href=\"https:\/\/www.iadvize.com\/fr\/\" target=\"_blank\" rel=\"noopener\">iAdvize<\/a> en tant qu\u2019Account Manager en CDI<\/strong>.<\/p><p><span style=\"color: #1ecad3;\"><strong>Pourriez-vous nous retracer les grandes \u00e9tapes de votre parcours depuis votre sortie de l&rsquo;IGR-IAE Rennes ?<\/strong><\/span><\/p><p>Depuis ma sortie de l\u2019IGR-IAE Rennes, j\u2019ai travaill\u00e9 dans une seule et m\u00eame entreprise, Jolimoi. J\u2019ai d\u00e9but\u00e9 en tant que stagiaire (stage de c\u00e9sure) en \u00e9tant tr\u00e8s attir\u00e9e par le c\u00f4t\u00e9 innovant du concept : le tupperware 2.0 ! Pendant 6 mois, j\u2019ai <strong>explor\u00e9 plein de m\u00e9tiers<\/strong> : eshop, r\u00e9seaux sociaux, vente, marketing, relations presse, logistique, service clients.<\/p><p>Au bout de 6 mois, j\u2019ai d\u00e9marr\u00e9 mon alternance pendant laquelle je me suis concentr\u00e9e sur le d\u00e9veloppement de partenariats. En 2018, on travaillait avec une dizaine de marques seulement. Justement, apr\u00e8s mon ann\u00e9e d\u2019alternance je suis devenue <strong>Responsable des partenariats<\/strong> et <strong>j\u2019ai construit l\u2019\u00e9quipe marketing<\/strong> pour animer et vendre nos marques sur notre site e-commerce. En 2023, je me suis concentr\u00e9e sur la partie commerciale et business qui m\u2019excitait particuli\u00e8rement et ai <strong>cr\u00e9\u00e9 le p\u00f4le commercial<\/strong>. En 2024, je g\u00e9rais <strong>80 marques<\/strong> partenaires et 2 personnes en CDI pour animer notre portefeuille de clients.<\/p><p><span style=\"color: #1ecad3;\"><strong>En quoi votre formation \u00e0 l\u2019IGR-IAE Rennes a-t-elle contribu\u00e9 \u00e0 fa\u00e7onner votre carri\u00e8re et vos choix professionnels jusqu\u2019\u00e0 pr\u00e9sent ?<\/strong><\/span><\/p><p>La formation m\u2019a permis d\u2019\u00e9tablir des <strong>r\u00e9flexes de gestionnaire<\/strong>\u00a0: d\u2019abord comprendre le contexte, analyser la situation, proposer une ou plusieurs solutions et en ressortir des apprentissages pour les pr\u00e9senter \u00e0 l\u2019\u00e9quipe ou \u00e0 un client.<\/p><p>Les techniques de n\u00e9gociation ou de r\u00e9ponse au client me sont encore aujourd\u2019hui tr\u00e8s utiles dans mes relations BtoB.<\/p><p><span style=\"color: #1ecad3;\"><strong>En r\u00e9fl\u00e9chissant \u00e0 vos ann\u00e9es \u00e0 l\u2019\u00e9cole, quel moment marquant ou quelle anecdote aimeriez-vous partager ?<\/strong><\/span><\/p><p>Je me souviens du<strong> Lewin show<\/strong> que nous avions \u00e0 pr\u00e9parer en groupe de classe \u00e0 notre arriv\u00e9e \u00e0 l\u2019IGR-IAE. C\u2019\u00e9tait un exercice tr\u00e8s ludique et utile pour la suite, \u00e7a a permis une certaine <strong>coh\u00e9sion et une bonne int\u00e9gration<\/strong> au sein de la classe et c\u2019\u00e9tait tout de m\u00eame de la <strong>gestion de projet<\/strong> d\u00e9guis\u00e9e, donc un exercice tr\u00e8s int\u00e9ressant\u00a0!<\/p><p><span style=\"color: #1ecad3;\"><strong>Selon vous, quelle est la plus grande force de la communaut\u00e9 des dipl\u00f4m\u00e9s de l&rsquo;IGR-IAE Rennes aujourd\u2019hui ?<\/strong><\/span><\/p><p>La <strong>vie associative<\/strong> au sein de l\u2019\u00e9tablissement, cela nous permet de mettre un pied dans la gestion de projet et de s\u2019organiser comme au sein d\u2019une entreprise pour commencer \u00e0 comprendre comment cela fonctionne.<\/p><p><span style=\"color: #1ecad3;\"><strong>Si vous aviez un message \u00e0 adresser aux \u00e9tudiants actuels ou aux dipl\u00f4m\u00e9s pour les 70 ans de l&rsquo;\u00e9cole, quel serait-il ?<\/strong><\/span><\/p><p>De ne pas sous-estimer la <strong>valeur des cours<\/strong>. Sur le coup, \u00e7a peut para\u00eetre assez th\u00e9orique et on ne comprend pas bien \u00e0 quoi \u00e7a pourra nous servir mais il faut le voir comme une fa\u00e7on de r\u00e9fl\u00e9chir qui permettra ensuite des <strong>r\u00e9flexes instantan\u00e9s dans la vraie vie<\/strong>\u00a0!<\/p><h5>Merci beaucoup Aude c&rsquo;est un vrai plaisir de vous lire et d&rsquo;avoir de vos nouvelles \u00e0 l&rsquo;occasion des 70 ans de l&rsquo;IGR-IAE Rennes. On vous souhaite plein de r\u00e9ussite dans votre nouveau poste chez <a href=\"https:\/\/www.iadvize.com\/fr\/\" target=\"_blank\" rel=\"noopener\">iAdvize<\/a> !\u00a0<\/h5>\t\t\t\t\t\t<\/div>\n\t\t\t\t<\/div>\n\t\t\t\t\t<\/div>\n\t\t<\/div>\n\t\t\t\t\t\t\t<\/div>\n\t\t<\/section>\n\t\t\t\t\t\t\t<\/div>\n\t\t","protected":false},"featured_media":458321,"template":"","type_temoignage":[71,69],"yoast_head":"<!-- This site is optimized with the Yoast SEO plugin v21.1 - https:\/\/yoast.com\/wordpress\/plugins\/seo\/ -->\n<title>70 ans de talents r\u00e9v\u00e9l\u00e9s : le parcours inspirant d&rsquo;Aude Lechapelain - IGR IAE Rennes<\/title>\n<meta name=\"robots\" content=\"index, follow, max-snippet:-1, max-image-preview:large, max-video-preview:-1\" \/>\n<link rel=\"canonical\" href=\"https:\/\/www.igr.univ-rennes.fr\/fr\/temoignages\/70-ans-de-talents-reveles-le-parcours-inspirant-daude-lechapelain\/\" \/>\n<meta property=\"og:locale\" content=\"fr_FR\" \/>\n<meta property=\"og:type\" content=\"article\" \/>\n<meta property=\"og:title\" content=\"70 ans de talents r\u00e9v\u00e9l\u00e9s : le parcours inspirant d&rsquo;Aude Lechapelain - IGR IAE Rennes\" \/>\n<meta property=\"og:description\" content=\"Bonjour Aude, c&rsquo;est un vrai plaisir d&rsquo;avoir de vos nouvelles via ce t\u00e9moignage !\u00a0 Pourriez-vous vous pr\u00e9senter rapidement pour tous [&hellip;]\" \/>\n<meta property=\"og:url\" content=\"https:\/\/www.igr.univ-rennes.fr\/fr\/temoignages\/70-ans-de-talents-reveles-le-parcours-inspirant-daude-lechapelain\/\" \/>\n<meta property=\"og:site_name\" content=\"IGR IAE Rennes\" \/>\n<meta property=\"article:modified_time\" content=\"2025-09-29T13:29:20+00:00\" \/>\n<meta property=\"og:image\" content=\"https:\/\/www.igr.univ-rennes.fr\/wp-content\/uploads\/2024\/12\/Aude-Lechapelain-site.jpeg\" \/>\n\t<meta property=\"og:image:width\" content=\"2345\" \/>\n\t<meta property=\"og:image:height\" content=\"1829\" \/>\n\t<meta property=\"og:image:type\" content=\"image\/jpeg\" \/>\n<meta name=\"twitter:card\" content=\"summary_large_image\" \/>\n<meta name=\"twitter:label1\" content=\"Dur\u00e9e de lecture estim\u00e9e\" \/>\n\t<meta name=\"twitter:data1\" content=\"4 minutes\" \/>\n<script type=\"application\/ld+json\" class=\"yoast-schema-graph\">{\"@context\":\"https:\/\/schema.org\",\"@graph\":[{\"@type\":\"WebPage\",\"@id\":\"https:\/\/www.igr.univ-rennes.fr\/fr\/temoignages\/70-ans-de-talents-reveles-le-parcours-inspirant-daude-lechapelain\/\",\"url\":\"https:\/\/www.igr.univ-rennes.fr\/fr\/temoignages\/70-ans-de-talents-reveles-le-parcours-inspirant-daude-lechapelain\/\",\"name\":\"70 ans de talents r\u00e9v\u00e9l\u00e9s : le parcours inspirant d&rsquo;Aude Lechapelain - IGR IAE Rennes\",\"isPartOf\":{\"@id\":\"https:\/\/www.igr.univ-rennes.fr\/fr\/#website\"},\"datePublished\":\"2024-12-19T14:06:22+00:00\",\"dateModified\":\"2025-09-29T13:29:20+00:00\",\"breadcrumb\":{\"@id\":\"https:\/\/www.igr.univ-rennes.fr\/fr\/temoignages\/70-ans-de-talents-reveles-le-parcours-inspirant-daude-lechapelain\/#breadcrumb\"},\"inLanguage\":\"fr-FR\",\"potentialAction\":[{\"@type\":\"ReadAction\",\"target\":[\"https:\/\/www.igr.univ-rennes.fr\/fr\/temoignages\/70-ans-de-talents-reveles-le-parcours-inspirant-daude-lechapelain\/\"]}]},{\"@type\":\"BreadcrumbList\",\"@id\":\"https:\/\/www.igr.univ-rennes.fr\/fr\/temoignages\/70-ans-de-talents-reveles-le-parcours-inspirant-daude-lechapelain\/#breadcrumb\",\"itemListElement\":[{\"@type\":\"ListItem\",\"position\":1,\"name\":\"Accueil\",\"item\":\"https:\/\/www.igr.univ-rennes.fr\/fr\/\"},{\"@type\":\"ListItem\",\"position\":2,\"name\":\"Temoignages\",\"item\":\"https:\/\/www.igr.univ-rennes.fr\/fr\/temoignages\/\"},{\"@type\":\"ListItem\",\"position\":3,\"name\":\"70 ans de talents r\u00e9v\u00e9l\u00e9s : le parcours inspirant d&rsquo;Aude Lechapelain\"}]},{\"@type\":\"WebSite\",\"@id\":\"https:\/\/www.igr.univ-rennes.fr\/fr\/#website\",\"url\":\"https:\/\/www.igr.univ-rennes.fr\/fr\/\",\"name\":\"IGR IAE Rennes\",\"description\":\"\",\"publisher\":{\"@id\":\"https:\/\/www.igr.univ-rennes.fr\/fr\/#organization\"},\"potentialAction\":[{\"@type\":\"SearchAction\",\"target\":{\"@type\":\"EntryPoint\",\"urlTemplate\":\"https:\/\/www.igr.univ-rennes.fr\/fr\/?s={search_term_string}\"},\"query-input\":\"required name=search_term_string\"}],\"inLanguage\":\"fr-FR\"},{\"@type\":\"Organization\",\"@id\":\"https:\/\/www.igr.univ-rennes.fr\/fr\/#organization\",\"name\":\"IGR IAE Rennes\",\"url\":\"https:\/\/www.igr.univ-rennes.fr\/fr\/\",\"logo\":{\"@type\":\"ImageObject\",\"inLanguage\":\"fr-FR\",\"@id\":\"https:\/\/www.igr.univ-rennes.fr\/fr\/#\/schema\/logo\/image\/\",\"url\":\"https:\/\/www.igr.univ-rennes.fr\/wp-content\/uploads\/2020\/06\/Logo-IGR-IAE-Rennes_Blanc-300dpi-RVB-e1597327228224.png\",\"contentUrl\":\"https:\/\/www.igr.univ-rennes.fr\/wp-content\/uploads\/2020\/06\/Logo-IGR-IAE-Rennes_Blanc-300dpi-RVB-e1597327228224.png\",\"width\":290,\"height\":107,\"caption\":\"IGR IAE Rennes\"},\"image\":{\"@id\":\"https:\/\/www.igr.univ-rennes.fr\/fr\/#\/schema\/logo\/image\/\"}}]}<\/script>\n<!-- \/ Yoast SEO plugin. -->","yoast_head_json":{"title":"70 ans de talents r\u00e9v\u00e9l\u00e9s : le parcours inspirant d&rsquo;Aude Lechapelain - IGR IAE Rennes","robots":{"index":"index","follow":"follow","max-snippet":"max-snippet:-1","max-image-preview":"max-image-preview:large","max-video-preview":"max-video-preview:-1"},"canonical":"https:\/\/www.igr.univ-rennes.fr\/fr\/temoignages\/70-ans-de-talents-reveles-le-parcours-inspirant-daude-lechapelain\/","og_locale":"fr_FR","og_type":"article","og_title":"70 ans de talents r\u00e9v\u00e9l\u00e9s : le parcours inspirant d&rsquo;Aude Lechapelain - IGR IAE Rennes","og_description":"Bonjour Aude, c&rsquo;est un vrai plaisir d&rsquo;avoir de vos nouvelles via ce t\u00e9moignage !\u00a0 Pourriez-vous vous pr\u00e9senter rapidement pour tous [&hellip;]","og_url":"https:\/\/www.igr.univ-rennes.fr\/fr\/temoignages\/70-ans-de-talents-reveles-le-parcours-inspirant-daude-lechapelain\/","og_site_name":"IGR IAE Rennes","article_modified_time":"2025-09-29T13:29:20+00:00","og_image":[{"width":2345,"height":1829,"url":"https:\/\/www.igr.univ-rennes.fr\/wp-content\/uploads\/2024\/12\/Aude-Lechapelain-site.jpeg","type":"image\/jpeg"}],"twitter_card":"summary_large_image","twitter_misc":{"Dur\u00e9e de lecture estim\u00e9e":"4 minutes"},"schema":{"@context":"https:\/\/schema.org","@graph":[{"@type":"WebPage","@id":"https:\/\/www.igr.univ-rennes.fr\/fr\/temoignages\/70-ans-de-talents-reveles-le-parcours-inspirant-daude-lechapelain\/","url":"https:\/\/www.igr.univ-rennes.fr\/fr\/temoignages\/70-ans-de-talents-reveles-le-parcours-inspirant-daude-lechapelain\/","name":"70 ans de talents r\u00e9v\u00e9l\u00e9s : le parcours inspirant d&rsquo;Aude Lechapelain - IGR IAE Rennes","isPartOf":{"@id":"https:\/\/www.igr.univ-rennes.fr\/fr\/#website"},"datePublished":"2024-12-19T14:06:22+00:00","dateModified":"2025-09-29T13:29:20+00:00","breadcrumb":{"@id":"https:\/\/www.igr.univ-rennes.fr\/fr\/temoignages\/70-ans-de-talents-reveles-le-parcours-inspirant-daude-lechapelain\/#breadcrumb"},"inLanguage":"fr-FR","potentialAction":[{"@type":"ReadAction","target":["https:\/\/www.igr.univ-rennes.fr\/fr\/temoignages\/70-ans-de-talents-reveles-le-parcours-inspirant-daude-lechapelain\/"]}]},{"@type":"BreadcrumbList","@id":"https:\/\/www.igr.univ-rennes.fr\/fr\/temoignages\/70-ans-de-talents-reveles-le-parcours-inspirant-daude-lechapelain\/#breadcrumb","itemListElement":[{"@type":"ListItem","position":1,"name":"Accueil","item":"https:\/\/www.igr.univ-rennes.fr\/fr\/"},{"@type":"ListItem","position":2,"name":"Temoignages","item":"https:\/\/www.igr.univ-rennes.fr\/fr\/temoignages\/"},{"@type":"ListItem","position":3,"name":"70 ans de talents r\u00e9v\u00e9l\u00e9s : le parcours inspirant d&rsquo;Aude Lechapelain"}]},{"@type":"WebSite","@id":"https:\/\/www.igr.univ-rennes.fr\/fr\/#website","url":"https:\/\/www.igr.univ-rennes.fr\/fr\/","name":"IGR IAE Rennes","description":"","publisher":{"@id":"https:\/\/www.igr.univ-rennes.fr\/fr\/#organization"},"potentialAction":[{"@type":"SearchAction","target":{"@type":"EntryPoint","urlTemplate":"https:\/\/www.igr.univ-rennes.fr\/fr\/?s={search_term_string}"},"query-input":"required name=search_term_string"}],"inLanguage":"fr-FR"},{"@type":"Organization","@id":"https:\/\/www.igr.univ-rennes.fr\/fr\/#organization","name":"IGR IAE Rennes","url":"https:\/\/www.igr.univ-rennes.fr\/fr\/","logo":{"@type":"ImageObject","inLanguage":"fr-FR","@id":"https:\/\/www.igr.univ-rennes.fr\/fr\/#\/schema\/logo\/image\/","url":"https:\/\/www.igr.univ-rennes.fr\/wp-content\/uploads\/2020\/06\/Logo-IGR-IAE-Rennes_Blanc-300dpi-RVB-e1597327228224.png","contentUrl":"https:\/\/www.igr.univ-rennes.fr\/wp-content\/uploads\/2020\/06\/Logo-IGR-IAE-Rennes_Blanc-300dpi-RVB-e1597327228224.png","width":290,"height":107,"caption":"IGR IAE Rennes"},"image":{"@id":"https:\/\/www.igr.univ-rennes.fr\/fr\/#\/schema\/logo\/image\/"}}]}},"_links":{"self":[{"href":"https:\/\/www.igr.univ-rennes.fr\/fr\/wp-json\/wp\/v2\/temoignages\/458313"}],"collection":[{"href":"https:\/\/www.igr.univ-rennes.fr\/fr\/wp-json\/wp\/v2\/temoignages"}],"about":[{"href":"https:\/\/www.igr.univ-rennes.fr\/fr\/wp-json\/wp\/v2\/types\/temoignages"}],"version-history":[{"count":21,"href":"https:\/\/www.igr.univ-rennes.fr\/fr\/wp-json\/wp\/v2\/temoignages\/458313\/revisions"}],"predecessor-version":[{"id":525872,"href":"https:\/\/www.igr.univ-rennes.fr\/fr\/wp-json\/wp\/v2\/temoignages\/458313\/revisions\/525872"}],"wp:featuredmedia":[{"embeddable":true,"href":"https:\/\/www.igr.univ-rennes.fr\/fr\/wp-json\/wp\/v2\/media\/458321"}],"wp:attachment":[{"href":"https:\/\/www.igr.univ-rennes.fr\/fr\/wp-json\/wp\/v2\/media?parent=458313"}],"wp:term":[{"taxonomy":"type_temoignage","embeddable":true,"href":"https:\/\/www.igr.univ-rennes.fr\/fr\/wp-json\/wp\/v2\/type_temoignage?post=458313"}],"curies":[{"name":"wp","href":"https:\/\/api.w.org\/{rel}","templated":true}]}}