{"id":563662,"date":"2026-02-20T14:23:37","date_gmt":"2026-02-20T13:23:37","guid":{"rendered":"https:\/\/www.igr.univ-rennes.fr\/?page_id=563662"},"modified":"2026-04-27T15:04:19","modified_gmt":"2026-04-27T13:04:19","slug":"ecole-management-vs-ecole-commerce","status":"publish","type":"page","link":"https:\/\/www.igr.univ-rennes.fr\/fr\/ecole-management-vs-ecole-commerce\/","title":{"rendered":"\u00c9cole de management VS \u00c9cole de commerce : comprendre les vraies diff\u00e9rences"},"content":{"rendered":"\t\t<div data-elementor-type=\"wp-page\" data-elementor-id=\"563662\" class=\"elementor elementor-563662\">\n\t\t\t\t\t\t\t\t\t<section class=\"elementor-section elementor-top-section elementor-element elementor-element-74dee738 elementor-section-boxed elementor-section-height-default elementor-section-height-default\" data-id=\"74dee738\" data-element_type=\"section\">\n\t\t\t\t\t\t<div class=\"elementor-container elementor-column-gap-default\">\n\t\t\t\t\t<div class=\"elementor-column elementor-col-100 elementor-top-column elementor-element elementor-element-7d492769\" data-id=\"7d492769\" data-element_type=\"column\">\n\t\t\t<div class=\"elementor-widget-wrap elementor-element-populated\">\n\t\t\t\t\t\t\t\t<div class=\"elementor-element elementor-element-55cbccaf elementor-widget elementor-widget-spacer\" data-id=\"55cbccaf\" data-element_type=\"widget\" data-widget_type=\"spacer.default\">\n\t\t\t\t<div class=\"elementor-widget-container\">\n\t\t\t\t\t<div class=\"elementor-spacer\">\n\t\t\t<div class=\"elementor-spacer-inner\"><\/div>\n\t\t<\/div>\n\t\t\t\t<\/div>\n\t\t\t\t<\/div>\n\t\t\t\t<div class=\"elementor-element elementor-element-393ca793 elementor-widget elementor-widget-heading\" data-id=\"393ca793\" data-element_type=\"widget\" data-widget_type=\"heading.default\">\n\t\t\t\t<div class=\"elementor-widget-container\">\n\t\t\t<h1 class=\"elementor-heading-title elementor-size-default\">\u00c9cole de management VS \u00c9cole de commerce : quelles diff\u00e9rences ?<\/h1>\t\t<\/div>\n\t\t\t\t<\/div>\n\t\t\t\t\t<\/div>\n\t\t<\/div>\n\t\t\t\t\t\t\t<\/div>\n\t\t<\/section>\n\t\t\t\t<section class=\"elementor-section elementor-top-section elementor-element elementor-element-48eb9fe elementor-section-boxed elementor-section-height-default elementor-section-height-default\" data-id=\"48eb9fe\" data-element_type=\"section\">\n\t\t\t\t\t\t<div class=\"elementor-container elementor-column-gap-default\">\n\t\t\t\t\t<div class=\"elementor-column elementor-col-100 elementor-top-column elementor-element elementor-element-736216cc\" data-id=\"736216cc\" data-element_type=\"column\">\n\t\t\t<div class=\"elementor-widget-wrap elementor-element-populated\">\n\t\t\t\t\t\t\t\t<div class=\"elementor-element elementor-element-34c5d28c elementor-widget elementor-widget-spacer\" data-id=\"34c5d28c\" data-element_type=\"widget\" data-widget_type=\"spacer.default\">\n\t\t\t\t<div class=\"elementor-widget-container\">\n\t\t\t\t\t<div class=\"elementor-spacer\">\n\t\t\t<div class=\"elementor-spacer-inner\"><\/div>\n\t\t<\/div>\n\t\t\t\t<\/div>\n\t\t\t\t<\/div>\n\t\t\t\t<div class=\"elementor-element elementor-element-112cd954 elementor-blockquote--skin-boxed elementor-blockquote--button-color-official elementor-widget elementor-widget-blockquote\" data-id=\"112cd954\" data-element_type=\"widget\" data-widget_type=\"blockquote.default\">\n\t\t\t\t<div class=\"elementor-widget-container\">\n\t\t\t\t\t<blockquote class=\"elementor-blockquote\">\n\t\t\t<p class=\"elementor-blockquote__content\">\n\t\t\t\tEntre les \u00e9coles de commerce qui s\u00e9duisent avec des slogans ambitieux et les \u00e9coles universitaires de management rattach\u00e9es aux universit\u00e9s, la fronti\u00e8re semble parfois floue. Pourtant, sur le plan acad\u00e9mique, financier et p\u00e9dagogique, les deux mod\u00e8les n\u2019ont ni les m\u00eames objectifs, ni le m\u00eame fonctionnement. D\u00e9couvrez ce qui distingue r\u00e9ellement une \u00e9cole universitaire de management publique comme l\u2019IGR-IAE Rennes des \u00e9coles de commerce priv\u00e9es.\n\t\t\t<\/p>\n\t\t\t\t\t<\/blockquote>\n\t\t\t\t<\/div>\n\t\t\t\t<\/div>\n\t\t\t\t\t<\/div>\n\t\t<\/div>\n\t\t\t\t\t\t\t<\/div>\n\t\t<\/section>\n\t\t\t\t<section class=\"elementor-section elementor-top-section elementor-element elementor-element-103e55b8 elementor-section-boxed elementor-section-height-default elementor-section-height-default\" data-id=\"103e55b8\" data-element_type=\"section\">\n\t\t\t\t\t\t<div class=\"elementor-container elementor-column-gap-default\">\n\t\t\t\t\t<div class=\"elementor-column elementor-col-100 elementor-top-column elementor-element elementor-element-11236c5\" data-id=\"11236c5\" data-element_type=\"column\">\n\t\t\t<div class=\"elementor-widget-wrap elementor-element-populated\">\n\t\t\t\t\t\t\t\t<div class=\"elementor-element elementor-element-a4087b8 elementor-widget elementor-widget-spacer\" data-id=\"a4087b8\" data-element_type=\"widget\" data-widget_type=\"spacer.default\">\n\t\t\t\t<div class=\"elementor-widget-container\">\n\t\t\t\t\t<div class=\"elementor-spacer\">\n\t\t\t<div class=\"elementor-spacer-inner\"><\/div>\n\t\t<\/div>\n\t\t\t\t<\/div>\n\t\t\t\t<\/div>\n\t\t\t\t<div class=\"elementor-element elementor-element-687fb8f6 elementor-widget elementor-widget-heading\" data-id=\"687fb8f6\" data-element_type=\"widget\" data-widget_type=\"heading.default\">\n\t\t\t\t<div class=\"elementor-widget-container\">\n\t\t\t<h2 class=\"elementor-heading-title elementor-size-default\">\u00c9cole de management VS \u00c9cole de commerce : 6 diff\u00e9rences fondamentales<\/h2>\t\t<\/div>\n\t\t\t\t<\/div>\n\t\t\t\t\t<\/div>\n\t\t<\/div>\n\t\t\t\t\t\t\t<\/div>\n\t\t<\/section>\n\t\t\t\t<section class=\"elementor-section elementor-top-section elementor-element elementor-element-17c4e0d elementor-section-boxed elementor-section-height-default elementor-section-height-default\" data-id=\"17c4e0d\" data-element_type=\"section\">\n\t\t\t\t\t\t<div class=\"elementor-container elementor-column-gap-default\">\n\t\t\t\t\t<div class=\"elementor-column elementor-col-100 elementor-top-column elementor-element elementor-element-e014311\" data-id=\"e014311\" data-element_type=\"column\">\n\t\t\t<div class=\"elementor-widget-wrap elementor-element-populated\">\n\t\t\t\t\t\t\t\t<div class=\"elementor-element elementor-element-4dfc1d4 elementor-widget elementor-widget-heading\" data-id=\"4dfc1d4\" data-element_type=\"widget\" data-widget_type=\"heading.default\">\n\t\t\t\t<div class=\"elementor-widget-container\">\n\t\t\t<h3 class=\"elementor-heading-title elementor-size-default\">Le statut et le mod\u00e8le d\u2019accr\u00e9ditation<\/h3>\t\t<\/div>\n\t\t\t\t<\/div>\n\t\t\t\t\t<\/div>\n\t\t<\/div>\n\t\t\t\t\t\t\t<\/div>\n\t\t<\/section>\n\t\t\t\t<section class=\"elementor-section elementor-top-section elementor-element elementor-element-2bf97e54 elementor-section-boxed elementor-section-height-default elementor-section-height-default\" data-id=\"2bf97e54\" data-element_type=\"section\">\n\t\t\t\t\t\t<div class=\"elementor-container elementor-column-gap-default\">\n\t\t\t\t\t<div class=\"elementor-column elementor-col-100 elementor-top-column elementor-element elementor-element-4ac9512c\" data-id=\"4ac9512c\" data-element_type=\"column\">\n\t\t\t<div class=\"elementor-widget-wrap elementor-element-populated\">\n\t\t\t\t\t\t\t\t<div class=\"elementor-element elementor-element-361919f2 elementor-widget elementor-widget-text-editor\" data-id=\"361919f2\" data-element_type=\"widget\" data-widget_type=\"text-editor.default\">\n\t\t\t\t<div class=\"elementor-widget-container\">\n\t\t\t\t\t\t\t<p><span style=\"font-weight: 400;\">Avant m\u00eame de parler de programmes ou de d\u00e9bouch\u00e9s, la premi\u00e8re diff\u00e9rence entre une \u00e9cole de management et une \u00e9cole de commerce repose sur leur statut.<\/span><\/p><p><span style=\"font-weight: 400;\">Une <\/span><a href=\"https:\/\/www.igr.univ-rennes.fr\/fr\/decouvrez-ligr-iae-rennes\/\" target=\"_blank\" rel=\"noopener\"><span style=\"font-weight: 400;\">\u00e9cole de management universitaire comme l\u2019IGR-IAE Rennes<\/span><\/a><span style=\"font-weight: 400;\"> fait partie int\u00e9grante d\u2019une universit\u00e9 publique. Ses formations sont \u00e9valu\u00e9es par le <\/span><b>minist\u00e8re de l\u2019Enseignement sup\u00e9rieur<\/b><span style=\"font-weight: 400;\"> et s\u2019inscrivent dans le<\/span><b> sch\u00e9ma europ\u00e9en LMD : licence (180 ECTS) puis master (120 ECTS)<\/b><span style=\"font-weight: 400;\">. Le dipl\u00f4me obtenu est un <\/span><b>dipl\u00f4me nationa<\/b><span style=\"font-weight: 400;\">l, harmonis\u00e9 avec ceux d\u00e9livr\u00e9s dans toutes les universit\u00e9s fran\u00e7aises.<\/span><\/p><p><span style=\"font-weight: 400;\">Ce cadre national garantit la stabilit\u00e9 du dipl\u00f4me, sa lisibilit\u00e9 et sa compatibilit\u00e9 avec les poursuites d\u2019\u00e9tudes ou la mobilit\u00e9 internationale. L\u2019\u00e9tudiant sait pr\u00e9cis\u00e9ment ce qu\u2019il obtient : un<\/span><b> titre universitaire reconnu, valid\u00e9 par l\u2019\u00c9tat et imm\u00e9diatement compr\u00e9hensible par les \u00e9tablissements d\u2019enseignement sup\u00e9rieur comme par les employeurs<\/b><span style=\"font-weight: 400;\">.<\/span><\/p><p><span style=\"font-weight: 400;\">Les \u00e9coles de commerce priv\u00e9es, elles, fonctionnent sur un mod\u00e8le plus autonome. Elles peuvent proposer des <\/span><b>titres certifi\u00e9s, des grades ou des dipl\u00f4mes internes<\/b><span style=\"font-weight: 400;\"> selon leurs accr\u00e9ditations. Certaines jouissent d\u2019une forte l\u00e9gitimit\u00e9, d\u2019autres de certifications plus limit\u00e9es. Dans tous les cas, la reconnaissance repose avant tout sur l\u2019\u00e9tablissement lui-m\u00eame, et non sur un r\u00e9f\u00e9rentiel national uniforme.<\/span><\/p><p><span style=\"font-weight: 400;\">En r\u00e9sum\u00e9 : dans une \u00e9cole de management universitaire, le dipl\u00f4me est garanti par l\u2019\u00c9tat ; dans une \u00e9cole de commerce, il est garanti par l\u2019\u00e9tablissement.<\/span><\/p>\t\t\t\t\t\t<\/div>\n\t\t\t\t<\/div>\n\t\t\t\t\t<\/div>\n\t\t<\/div>\n\t\t\t\t\t\t\t<\/div>\n\t\t<\/section>\n\t\t\t\t<section class=\"elementor-section elementor-top-section elementor-element elementor-element-3cce1d9d elementor-section-boxed elementor-section-height-default elementor-section-height-default\" data-id=\"3cce1d9d\" data-element_type=\"section\">\n\t\t\t\t\t\t<div class=\"elementor-container elementor-column-gap-default\">\n\t\t\t\t\t<div class=\"elementor-column elementor-col-100 elementor-top-column elementor-element elementor-element-67af5c5f\" data-id=\"67af5c5f\" data-element_type=\"column\">\n\t\t\t<div class=\"elementor-widget-wrap elementor-element-populated\">\n\t\t\t\t\t\t\t\t<div class=\"elementor-element elementor-element-2781e56c elementor-widget elementor-widget-heading\" data-id=\"2781e56c\" data-element_type=\"widget\" data-widget_type=\"heading.default\">\n\t\t\t\t<div class=\"elementor-widget-container\">\n\t\t\t<h3 class=\"elementor-heading-title elementor-size-default\">Le mod\u00e8le \u00e9conomique : co\u00fbt ma\u00eetris\u00e9 VS investissement priv\u00e9\n<\/h3>\t\t<\/div>\n\t\t\t\t<\/div>\n\t\t\t\t\t<\/div>\n\t\t<\/div>\n\t\t\t\t\t\t\t<\/div>\n\t\t<\/section>\n\t\t\t\t<section class=\"elementor-section elementor-top-section elementor-element elementor-element-5c61d549 elementor-section-boxed elementor-section-height-default elementor-section-height-default\" data-id=\"5c61d549\" data-element_type=\"section\">\n\t\t\t\t\t\t<div class=\"elementor-container elementor-column-gap-default\">\n\t\t\t\t\t<div class=\"elementor-column elementor-col-100 elementor-top-column elementor-element elementor-element-2766f0db\" data-id=\"2766f0db\" data-element_type=\"column\">\n\t\t\t<div class=\"elementor-widget-wrap elementor-element-populated\">\n\t\t\t\t\t\t\t\t<div class=\"elementor-element elementor-element-c2a29b3 elementor-widget elementor-widget-text-editor\" data-id=\"c2a29b3\" data-element_type=\"widget\" data-widget_type=\"text-editor.default\">\n\t\t\t\t<div class=\"elementor-widget-container\">\n\t\t\t\t\t\t\t<p><span style=\"font-weight: 400;\">Comparer une \u00e9cole de management publique et une \u00e9cole de commerce priv\u00e9e revient aussi \u00e0 comparer deux mod\u00e8les \u00e9conomiques oppos\u00e9s.<\/span><span style=\"font-weight: 400;\"><br \/><\/span><span style=\"font-weight: 400;\"><br \/><\/span><span style=\"font-weight: 400;\">Dans une \u00e9cole universitaire comme l\u2019IGR-IAE Rennes, <\/span><b>les frais de scolarit\u00e9 sont encadr\u00e9s<\/b><span style=\"font-weight: 400;\"> : droits universitaires, \u00e9ventuellement quelques frais compl\u00e9mentaires, acc\u00e8s aux bourses, exon\u00e9rations possibles. Le co\u00fbt reste ma\u00eetris\u00e9, permettant de poursuivre des \u00e9tudes ambitieuses <\/span><b>sans s\u2019endetter<\/b><span style=\"font-weight: 400;\">.<\/span><\/p><p><span style=\"font-weight: 400;\">Du c\u00f4t\u00e9 des \u00e9coles de commerce priv\u00e9es, les frais refl\u00e8tent le mod\u00e8le \u00e9conomique propre \u00e0 ces \u00e9tablissements. Ils peuvent atteindre plusieurs milliers d\u2019euros par an. Selon les situations, ce co\u00fbt repr\u00e9sente soit un investissement consid\u00e9r\u00e9 comme rentable, soit un frein r\u00e9el \u00e0 la poursuite d\u2019\u00e9tudes.<\/span><\/p><p><span style=\"font-weight: 400;\">Cette diff\u00e9rence budg\u00e9taire n\u2019est jamais anecdotique. Elle peut transformer profond\u00e9ment la mani\u00e8re dont un \u00e9tudiant construit son projet acad\u00e9mique !<\/span><\/p>\t\t\t\t\t\t<\/div>\n\t\t\t\t<\/div>\n\t\t\t\t\t<\/div>\n\t\t<\/div>\n\t\t\t\t\t\t\t<\/div>\n\t\t<\/section>\n\t\t\t\t<section class=\"elementor-section elementor-top-section elementor-element elementor-element-6dfcb21 elementor-section-boxed elementor-section-height-default elementor-section-height-default\" data-id=\"6dfcb21\" data-element_type=\"section\">\n\t\t\t\t\t\t<div class=\"elementor-container elementor-column-gap-default\">\n\t\t\t\t\t<div class=\"elementor-column elementor-col-100 elementor-top-column elementor-element elementor-element-47778677\" data-id=\"47778677\" data-element_type=\"column\">\n\t\t\t<div class=\"elementor-widget-wrap elementor-element-populated\">\n\t\t\t\t\t\t\t\t<div class=\"elementor-element elementor-element-5a4e63f9 elementor-widget elementor-widget-spacer\" data-id=\"5a4e63f9\" data-element_type=\"widget\" data-widget_type=\"spacer.default\">\n\t\t\t\t<div class=\"elementor-widget-container\">\n\t\t\t\t\t<div class=\"elementor-spacer\">\n\t\t\t<div class=\"elementor-spacer-inner\"><\/div>\n\t\t<\/div>\n\t\t\t\t<\/div>\n\t\t\t\t<\/div>\n\t\t\t\t<div class=\"elementor-element elementor-element-68846993 elementor-widget elementor-widget-heading\" data-id=\"68846993\" data-element_type=\"widget\" data-widget_type=\"heading.default\">\n\t\t\t\t<div class=\"elementor-widget-container\">\n\t\t\t<h3 class=\"elementor-heading-title elementor-size-default\">La p\u00e9dagogie et la philosophie \u00e9ducative\n<\/h3>\t\t<\/div>\n\t\t\t\t<\/div>\n\t\t\t\t\t<\/div>\n\t\t<\/div>\n\t\t\t\t\t\t\t<\/div>\n\t\t<\/section>\n\t\t\t\t<section class=\"elementor-section elementor-top-section elementor-element elementor-element-3d94374 elementor-section-boxed elementor-section-height-default elementor-section-height-default\" data-id=\"3d94374\" data-element_type=\"section\">\n\t\t\t\t\t\t<div class=\"elementor-container elementor-column-gap-default\">\n\t\t\t\t\t<div class=\"elementor-column elementor-col-100 elementor-top-column elementor-element elementor-element-d0e0fb4\" data-id=\"d0e0fb4\" data-element_type=\"column\">\n\t\t\t<div class=\"elementor-widget-wrap elementor-element-populated\">\n\t\t\t\t\t\t\t\t<div class=\"elementor-element elementor-element-357ba17 elementor-widget elementor-widget-text-editor\" data-id=\"357ba17\" data-element_type=\"widget\" data-widget_type=\"text-editor.default\">\n\t\t\t\t<div class=\"elementor-widget-container\">\n\t\t\t\t\t\t\t<p><span style=\"font-weight: 400;\">L\u2019\u00e9cole universitaire de management d\u00e9veloppe une approche p\u00e9dagogique fond\u00e9e sur <\/span><b>la recherche et la compr\u00e9hension globale des organisations<\/b><span style=\"font-weight: 400;\">. <\/span><span style=\"font-weight: 400;\"><br \/><\/span><span style=\"font-weight: 400;\">\u00c0 l\u2019IGR-IAE Rennes, cette philosophie se traduit par une progression construite, des enseignements r\u00e9guli\u00e8rement actualis\u00e9s et une exigence qui repose sur des cadres m\u00e9thodologiques solides. <\/span><span style=\"font-weight: 400;\"><br \/><\/span><span style=\"font-weight: 400;\"><br \/><\/span><span style=\"font-weight: 400;\">Les<\/span><b> enseignants-chercheurs <\/b><span style=\"font-weight: 400;\">y jouent un r\u00f4le cl\u00e9 : ils transmettent une mani\u00e8re de penser le management, de structurer un raisonnement et d\u2019interpr\u00e9ter des donn\u00e9es, bien au-del\u00e0 de l\u2019apprentissage d\u2019outils ou de techniques isol\u00e9es.<\/span><\/p><p><span style=\"font-weight: 400;\">L\u2019objectif n\u2019est pas seulement d\u2019acqu\u00e9rir des comp\u00e9tences op\u00e9rationnelles, mais de <\/span><b>comprendre pourquoi les organisations fonctionnent comme elles le font et comment les grandes th\u00e9ories du management \u00e9clairent les pratiques contemporaines<\/b><span style=\"font-weight: 400;\">. Cet ancrage acad\u00e9mique donne aux \u00e9tudiants une hauteur de vue pr\u00e9cieuse, qui les aide \u00e0 prendre des d\u00e9cisions r\u00e9fl\u00e9chies dans des environnements complexes.<\/span><\/p><p><span style=\"font-weight: 400;\">Les \u00e9coles de commerce priv\u00e9es, quant \u00e0 elles, privil\u00e9gient souvent une approche centr\u00e9e sur la vie \u00e9tudiante et les dynamiques de campus : projets entrepreneuriaux, concours internes, forte implication associative. Cette p\u00e9dagogie peut \u00eatre stimulante et immersive, mais elle refl\u00e8te une philosophie diff\u00e9rente, davantage tourn\u00e9e vers l\u2019exp\u00e9rience \u00e9tudiante globale que vers l\u2019analyse scientifique des pratiques manag\u00e9riales.<\/span><\/p>\t\t\t\t\t\t<\/div>\n\t\t\t\t<\/div>\n\t\t\t\t\t<\/div>\n\t\t<\/div>\n\t\t\t\t\t\t\t<\/div>\n\t\t<\/section>\n\t\t\t\t<section class=\"elementor-section elementor-top-section elementor-element elementor-element-6e304c0 elementor-section-boxed elementor-section-height-default elementor-section-height-default\" data-id=\"6e304c0\" data-element_type=\"section\">\n\t\t\t\t\t\t<div class=\"elementor-container elementor-column-gap-default\">\n\t\t\t\t\t<div class=\"elementor-column elementor-col-100 elementor-top-column elementor-element elementor-element-00b1173\" data-id=\"00b1173\" data-element_type=\"column\">\n\t\t\t<div class=\"elementor-widget-wrap elementor-element-populated\">\n\t\t\t\t\t\t\t\t<div class=\"elementor-element elementor-element-91fa14d elementor-widget elementor-widget-spacer\" data-id=\"91fa14d\" data-element_type=\"widget\" data-widget_type=\"spacer.default\">\n\t\t\t\t<div class=\"elementor-widget-container\">\n\t\t\t\t\t<div class=\"elementor-spacer\">\n\t\t\t<div class=\"elementor-spacer-inner\"><\/div>\n\t\t<\/div>\n\t\t\t\t<\/div>\n\t\t\t\t<\/div>\n\t\t\t\t<div class=\"elementor-element elementor-element-2fb46b2 elementor-widget elementor-widget-heading\" data-id=\"2fb46b2\" data-element_type=\"widget\" data-widget_type=\"heading.default\">\n\t\t\t\t<div class=\"elementor-widget-container\">\n\t\t\t<h3 class=\"elementor-heading-title elementor-size-default\">La professionnalisation et l\u2019exp\u00e9rience terrain<\/h3>\t\t<\/div>\n\t\t\t\t<\/div>\n\t\t\t\t\t<\/div>\n\t\t<\/div>\n\t\t\t\t\t\t\t<\/div>\n\t\t<\/section>\n\t\t\t\t<section class=\"elementor-section elementor-top-section elementor-element elementor-element-213b9b3f elementor-section-boxed elementor-section-height-default elementor-section-height-default\" data-id=\"213b9b3f\" data-element_type=\"section\">\n\t\t\t\t\t\t<div class=\"elementor-container elementor-column-gap-default\">\n\t\t\t\t\t<div class=\"elementor-column elementor-col-100 elementor-top-column elementor-element elementor-element-320aa70c\" data-id=\"320aa70c\" data-element_type=\"column\">\n\t\t\t<div class=\"elementor-widget-wrap elementor-element-populated\">\n\t\t\t\t\t\t\t\t<div class=\"elementor-element elementor-element-c664c1f elementor-widget elementor-widget-text-editor\" data-id=\"c664c1f\" data-element_type=\"widget\" data-widget_type=\"text-editor.default\">\n\t\t\t\t<div class=\"elementor-widget-container\">\n\t\t\t\t\t\t\t<p><span style=\"font-weight: 400;\">La professionnalisation constitue une priorit\u00e9 dans les deux mod\u00e8les, mais elle se construit diff\u00e9remment.<\/span><\/p><p><span style=\"font-weight: 400;\">Dans une \u00e9cole universitaire de management, <\/span><b>l\u2019exp\u00e9rience terrain progresse de mani\u00e8re structur\u00e9e<\/b><span style=\"font-weight: 400;\"> : stages obligatoires, projets tutor\u00e9s, participation \u00e0 des \u00e9tudes r\u00e9elles men\u00e9es avec des organisations locales, alternance pour certains parcours. \u00c0 l\u2019IGR-IAE Rennes, cette mont\u00e9e en comp\u00e9tence est pens\u00e9e en coh\u00e9rence avec les enseignements : <\/span><b>chaque immersion professionnelle prolonge les notions vues en cours.<\/b><\/p><p><span style=\"font-weight: 400;\">Cette articulation entre th\u00e9orie et pratique permet aux \u00e9tudiants de comprendre comment les outils de gestion fonctionnent dans des situations concr\u00e8tes : analyser des donn\u00e9es, formuler une recommandation, conduire un projet, r\u00e9soudre un probl\u00e8me d\u2019organisation.<\/span><b> Le terrain n\u2019est pas un \u00e0-c\u00f4t\u00e9 ; c\u2019est une composante int\u00e9gr\u00e9e du cursus.<\/b><b><br \/><br \/><\/b><\/p><p><span style=\"font-weight: 400;\">Dans les \u00e9coles de commerce priv\u00e9es, la professionnalisation prend souvent la forme d\u2019un \u00e9cosyst\u00e8me plus large : associations, junior-entreprises, projets entrepreneuriaux. Ces exp\u00e9riences peuvent \u00eatre tr\u00e8s formatrices, mais leur impact d\u00e9pend en grande partie des moyens investis par l\u2019\u00e9tablissement et de l\u2019autonomie laiss\u00e9e aux \u00e9tudiants.<\/span><\/p>\t\t\t\t\t\t<\/div>\n\t\t\t\t<\/div>\n\t\t\t\t\t<\/div>\n\t\t<\/div>\n\t\t\t\t\t\t\t<\/div>\n\t\t<\/section>\n\t\t\t\t<section class=\"elementor-section elementor-top-section elementor-element elementor-element-16adc2a elementor-section-boxed elementor-section-height-default elementor-section-height-default\" data-id=\"16adc2a\" data-element_type=\"section\">\n\t\t\t\t\t\t<div class=\"elementor-container elementor-column-gap-default\">\n\t\t\t\t\t<div class=\"elementor-column elementor-col-100 elementor-top-column elementor-element elementor-element-2902d33\" data-id=\"2902d33\" data-element_type=\"column\">\n\t\t\t<div class=\"elementor-widget-wrap elementor-element-populated\">\n\t\t\t\t\t\t\t\t<div class=\"elementor-element elementor-element-e240ec2 elementor-widget elementor-widget-spacer\" data-id=\"e240ec2\" data-element_type=\"widget\" data-widget_type=\"spacer.default\">\n\t\t\t\t<div class=\"elementor-widget-container\">\n\t\t\t\t\t<div class=\"elementor-spacer\">\n\t\t\t<div class=\"elementor-spacer-inner\"><\/div>\n\t\t<\/div>\n\t\t\t\t<\/div>\n\t\t\t\t<\/div>\n\t\t\t\t<div class=\"elementor-element elementor-element-63946fa elementor-widget elementor-widget-heading\" data-id=\"63946fa\" data-element_type=\"widget\" data-widget_type=\"heading.default\">\n\t\t\t\t<div class=\"elementor-widget-container\">\n\t\t\t<h3 class=\"elementor-heading-title elementor-size-default\">Les d\u00e9bouch\u00e9s et la valeur per\u00e7ue par les recruteurs<\/h3>\t\t<\/div>\n\t\t\t\t<\/div>\n\t\t\t\t\t<\/div>\n\t\t<\/div>\n\t\t\t\t\t\t\t<\/div>\n\t\t<\/section>\n\t\t\t\t<section class=\"elementor-section elementor-top-section elementor-element elementor-element-495faba elementor-section-boxed elementor-section-height-default elementor-section-height-default\" data-id=\"495faba\" data-element_type=\"section\">\n\t\t\t\t\t\t<div class=\"elementor-container elementor-column-gap-default\">\n\t\t\t\t\t<div class=\"elementor-column elementor-col-100 elementor-top-column elementor-element elementor-element-ea952a4\" data-id=\"ea952a4\" data-element_type=\"column\">\n\t\t\t<div class=\"elementor-widget-wrap elementor-element-populated\">\n\t\t\t\t\t\t\t\t<div class=\"elementor-element elementor-element-8f7daec elementor-widget elementor-widget-text-editor\" data-id=\"8f7daec\" data-element_type=\"widget\" data-widget_type=\"text-editor.default\">\n\t\t\t\t<div class=\"elementor-widget-container\">\n\t\t\t\t\t\t\t<p><span style=\"font-weight: 400;\">Sur le march\u00e9 du travail, les recruteurs cherchent avant tout \u00e0 comprendre <\/span><b>le niveau r\u00e9el de formation<\/b><span style=\"font-weight: 400;\">, la <\/span><b>coh\u00e9rence du parcours<\/b><span style=\"font-weight: 400;\"> et la <\/span><b>fiabilit\u00e9 du dipl\u00f4me<\/b><span style=\"font-weight: 400;\"> pr\u00e9sent\u00e9.<\/span><span style=\"font-weight: 400;\"><br \/><\/span><\/p><p><span style=\"font-weight: 400;\">Dans une \u00e9cole universitaire de management, la valeur per\u00e7ue repose sur un r\u00e9f\u00e9rentiel clair : <\/span><b>licence, master, ECTS, accr\u00e9ditation nationale<\/b><span style=\"font-weight: 400;\">, continuit\u00e9 p\u00e9dagogique.<\/span><span style=\"font-weight: 400;\"><br \/><\/span><span style=\"font-weight: 400;\"><br \/><\/span><span style=\"font-weight: 400;\">Un dipl\u00f4me universitaire renseigne imm\u00e9diatement sur la dur\u00e9e, le niveau et les comp\u00e9tences associ\u00e9es au cursus. Ce <\/span><b>r\u00e9f\u00e9rentiel acad\u00e9mique<\/b><span style=\"font-weight: 400;\"> rassure les entreprises, qui savent exactement \u00e0 quoi correspond un Master 2 obtenu \u00e0 l\u2019IGR-IAE Rennes et quelles comp\u00e9tences fondamentales il atteste.<\/span><\/p><p><span style=\"font-weight: 400;\">\u00c0 l\u2019inverse, les \u00e9coles de commerce priv\u00e9es s\u2019appuient davantage sur <\/span><b>leur marque et leur notori\u00e9t\u00e9<\/b><span style=\"font-weight: 400;\"> : certains noms b\u00e9n\u00e9ficient d\u2019une forte reconnaissance, d\u2019autres reposent sur des titres plus r\u00e9cents ou moins homog\u00e8nes.<\/span><span style=\"font-weight: 400;\"><br \/><\/span><span style=\"font-weight: 400;\"> La perception varie donc d\u2019une \u00e9cole \u00e0 une autre, en fonction de leur positionnement et de la solidit\u00e9 de leurs accr\u00e9ditations.<\/span><\/p><p><b>En r\u00e9sum\u00e9 :<\/b><span style=\"font-weight: 400;\"> c\u00f4t\u00e9 employeurs, la diff\u00e9rence se joue surtout sur <\/span><b>la clart\u00e9 du dipl\u00f4me<\/b><span style=\"font-weight: 400;\"> et la <\/span><b>confiance accord\u00e9e au parcours<\/b><span style=\"font-weight: 400;\">, deux dimensions naturellement plus homog\u00e8nes dans un mod\u00e8le universitaire.<\/span><\/p>\t\t\t\t\t\t<\/div>\n\t\t\t\t<\/div>\n\t\t\t\t\t<\/div>\n\t\t<\/div>\n\t\t\t\t\t\t\t<\/div>\n\t\t<\/section>\n\t\t\t\t<section class=\"elementor-section elementor-top-section elementor-element elementor-element-19ae517 elementor-section-boxed elementor-section-height-default elementor-section-height-default\" data-id=\"19ae517\" data-element_type=\"section\">\n\t\t\t\t\t\t<div class=\"elementor-container elementor-column-gap-default\">\n\t\t\t\t\t<div class=\"elementor-column elementor-col-100 elementor-top-column elementor-element elementor-element-60672db\" data-id=\"60672db\" data-element_type=\"column\">\n\t\t\t<div class=\"elementor-widget-wrap elementor-element-populated\">\n\t\t\t\t\t\t\t\t<div class=\"elementor-element elementor-element-3da7780 elementor-widget elementor-widget-spacer\" data-id=\"3da7780\" data-element_type=\"widget\" data-widget_type=\"spacer.default\">\n\t\t\t\t<div class=\"elementor-widget-container\">\n\t\t\t\t\t<div class=\"elementor-spacer\">\n\t\t\t<div class=\"elementor-spacer-inner\"><\/div>\n\t\t<\/div>\n\t\t\t\t<\/div>\n\t\t\t\t<\/div>\n\t\t\t\t<div class=\"elementor-element elementor-element-ec94bbd elementor-widget elementor-widget-heading\" data-id=\"ec94bbd\" data-element_type=\"widget\" data-widget_type=\"heading.default\">\n\t\t\t\t<div class=\"elementor-widget-container\">\n\t\t\t<h2 class=\"elementor-heading-title elementor-size-default\">Pourquoi choisir une \u00e9cole de management publique comme l\u2019IGR-IAE Rennes ?<\/h2>\t\t<\/div>\n\t\t\t\t<\/div>\n\t\t\t\t\t<\/div>\n\t\t<\/div>\n\t\t\t\t\t\t\t<\/div>\n\t\t<\/section>\n\t\t\t\t<section class=\"elementor-section elementor-top-section elementor-element elementor-element-281223d elementor-section-boxed elementor-section-height-default elementor-section-height-default\" data-id=\"281223d\" data-element_type=\"section\">\n\t\t\t\t\t\t<div class=\"elementor-container elementor-column-gap-default\">\n\t\t\t\t\t<div class=\"elementor-column elementor-col-100 elementor-top-column elementor-element elementor-element-824fe76\" data-id=\"824fe76\" data-element_type=\"column\">\n\t\t\t<div class=\"elementor-widget-wrap elementor-element-populated\">\n\t\t\t\t\t\t\t\t<div class=\"elementor-element elementor-element-150bade elementor-widget elementor-widget-heading\" data-id=\"150bade\" data-element_type=\"widget\" data-widget_type=\"heading.default\">\n\t\t\t\t<div class=\"elementor-widget-container\">\n\t\t\t<h3 class=\"elementor-heading-title elementor-size-default\">La l\u00e9gitimit\u00e9 universitaire et la force du r\u00e9seau des IAE<\/h3>\t\t<\/div>\n\t\t\t\t<\/div>\n\t\t\t\t\t<\/div>\n\t\t<\/div>\n\t\t\t\t\t\t\t<\/div>\n\t\t<\/section>\n\t\t\t\t<section class=\"elementor-section elementor-top-section elementor-element elementor-element-a011722 elementor-section-boxed elementor-section-height-default elementor-section-height-default\" data-id=\"a011722\" data-element_type=\"section\">\n\t\t\t\t\t\t<div class=\"elementor-container elementor-column-gap-default\">\n\t\t\t\t\t<div class=\"elementor-column elementor-col-100 elementor-top-column elementor-element elementor-element-93c9518\" data-id=\"93c9518\" data-element_type=\"column\">\n\t\t\t<div class=\"elementor-widget-wrap elementor-element-populated\">\n\t\t\t\t\t\t\t\t<div class=\"elementor-element elementor-element-8be6189 elementor-widget elementor-widget-text-editor\" data-id=\"8be6189\" data-element_type=\"widget\" data-widget_type=\"text-editor.default\">\n\t\t\t\t<div class=\"elementor-widget-container\">\n\t\t\t\t\t\t\t<p><span style=\"font-weight: 400;\">L\u2019IGR-IAE Rennes fait partie du<\/span><b> r\u00e9seau national des IAE<\/b><span style=\"font-weight: 400;\">, un ensemble d\u2019\u00e9coles universitaires de management reconnues pour leur exigence acad\u00e9mique et leur ancrage professionnel. Cette appartenance offre une double garantie : une <\/span><b>formation au standard universitaire <\/b><span style=\"font-weight: 400;\">et une <\/span><b>visibilit\u00e9 forte aupr\u00e8s des employeurs.<\/b><b><br \/><\/b><span style=\"font-weight: 400;\"><br \/><\/span><span style=\"font-weight: 400;\">Contrairement aux id\u00e9es re\u00e7ues, les IAE ne sont pas de simples d\u00e9partements universitaires : ce sont de v\u00e9ritables \u00e9coles, <\/span><b>s\u00e9lectives, professionnalisantes, reconnues nationalement et internationalement.<\/b><\/p>\t\t\t\t\t\t<\/div>\n\t\t\t\t<\/div>\n\t\t\t\t\t<\/div>\n\t\t<\/div>\n\t\t\t\t\t\t\t<\/div>\n\t\t<\/section>\n\t\t\t\t<section class=\"elementor-section elementor-top-section elementor-element elementor-element-93ae2cf elementor-section-boxed elementor-section-height-default elementor-section-height-default\" data-id=\"93ae2cf\" data-element_type=\"section\">\n\t\t\t\t\t\t<div class=\"elementor-container elementor-column-gap-default\">\n\t\t\t\t\t<div class=\"elementor-column elementor-col-100 elementor-top-column elementor-element elementor-element-5cf26aa\" data-id=\"5cf26aa\" data-element_type=\"column\">\n\t\t\t<div class=\"elementor-widget-wrap elementor-element-populated\">\n\t\t\t\t\t\t\t\t<div class=\"elementor-element elementor-element-4ab2670 elementor-widget elementor-widget-spacer\" data-id=\"4ab2670\" data-element_type=\"widget\" data-widget_type=\"spacer.default\">\n\t\t\t\t<div class=\"elementor-widget-container\">\n\t\t\t\t\t<div class=\"elementor-spacer\">\n\t\t\t<div class=\"elementor-spacer-inner\"><\/div>\n\t\t<\/div>\n\t\t\t\t<\/div>\n\t\t\t\t<\/div>\n\t\t\t\t<div class=\"elementor-element elementor-element-893cd5c elementor-widget elementor-widget-heading\" data-id=\"893cd5c\" data-element_type=\"widget\" data-widget_type=\"heading.default\">\n\t\t\t\t<div class=\"elementor-widget-container\">\n\t\t\t<h3 class=\"elementor-heading-title elementor-size-default\">Une rigueur acad\u00e9mique adoss\u00e9e \u00e0 la recherche<\/h3>\t\t<\/div>\n\t\t\t\t<\/div>\n\t\t\t\t\t<\/div>\n\t\t<\/div>\n\t\t\t\t\t\t\t<\/div>\n\t\t<\/section>\n\t\t\t\t<section class=\"elementor-section elementor-top-section elementor-element elementor-element-7ad7510 elementor-section-boxed elementor-section-height-default elementor-section-height-default\" data-id=\"7ad7510\" data-element_type=\"section\">\n\t\t\t\t\t\t<div class=\"elementor-container elementor-column-gap-default\">\n\t\t\t\t\t<div class=\"elementor-column elementor-col-100 elementor-top-column elementor-element elementor-element-04b6bb6\" data-id=\"04b6bb6\" data-element_type=\"column\">\n\t\t\t<div class=\"elementor-widget-wrap elementor-element-populated\">\n\t\t\t\t\t\t\t\t<div class=\"elementor-element elementor-element-195f12d elementor-widget elementor-widget-text-editor\" data-id=\"195f12d\" data-element_type=\"widget\" data-widget_type=\"text-editor.default\">\n\t\t\t\t<div class=\"elementor-widget-container\">\n\t\t\t\t\t\t\t<p><span style=\"font-weight: 400;\">Les programmes de l\u2019IGR s\u2019appuient sur la recherche en sciences de gestion. Cela se traduit par <\/span><b>des contenus actualis\u00e9s, des m\u00e9thodes \u00e9prouv\u00e9es et un cheminement acad\u00e9mique fluide entre licence et master<\/b><span style=\"font-weight: 400;\">.<\/span><span style=\"font-weight: 400;\"><br \/><\/span><span style=\"font-weight: 400;\"><br \/><\/span><span style=\"font-weight: 400;\">Cette rigueur permet aux \u00e9tudiants de d\u00e9velopper des comp\u00e9tences analytiques solides, une compr\u00e9hension fine des enjeux organisationnels et une capacit\u00e9 \u00e0 prendre du recul : des\u00a0 qualit\u00e9s tr\u00e8s recherch\u00e9es dans les m\u00e9tiers du management !<\/span><\/p>\t\t\t\t\t\t<\/div>\n\t\t\t\t<\/div>\n\t\t\t\t\t<\/div>\n\t\t<\/div>\n\t\t\t\t\t\t\t<\/div>\n\t\t<\/section>\n\t\t\t\t<section class=\"elementor-section elementor-top-section elementor-element elementor-element-c0c737f elementor-section-boxed elementor-section-height-default elementor-section-height-default\" data-id=\"c0c737f\" data-element_type=\"section\">\n\t\t\t\t\t\t<div class=\"elementor-container elementor-column-gap-default\">\n\t\t\t\t\t<div class=\"elementor-column elementor-col-100 elementor-top-column elementor-element elementor-element-003caf6\" data-id=\"003caf6\" data-element_type=\"column\">\n\t\t\t<div class=\"elementor-widget-wrap elementor-element-populated\">\n\t\t\t\t\t\t\t\t<div class=\"elementor-element elementor-element-7252139 elementor-widget elementor-widget-spacer\" data-id=\"7252139\" data-element_type=\"widget\" data-widget_type=\"spacer.default\">\n\t\t\t\t<div class=\"elementor-widget-container\">\n\t\t\t\t\t<div class=\"elementor-spacer\">\n\t\t\t<div class=\"elementor-spacer-inner\"><\/div>\n\t\t<\/div>\n\t\t\t\t<\/div>\n\t\t\t\t<\/div>\n\t\t\t\t<div class=\"elementor-element elementor-element-79f9d3f elementor-widget elementor-widget-heading\" data-id=\"79f9d3f\" data-element_type=\"widget\" data-widget_type=\"heading.default\">\n\t\t\t\t<div class=\"elementor-widget-container\">\n\t\t\t<h3 class=\"elementor-heading-title elementor-size-default\">Une p\u00e9dagogie connect\u00e9e \u00e0 l\u2019entreprise<\/h3>\t\t<\/div>\n\t\t\t\t<\/div>\n\t\t\t\t\t<\/div>\n\t\t<\/div>\n\t\t\t\t\t\t\t<\/div>\n\t\t<\/section>\n\t\t\t\t<section class=\"elementor-section elementor-top-section elementor-element elementor-element-e8e67a0 elementor-section-boxed elementor-section-height-default elementor-section-height-default\" data-id=\"e8e67a0\" data-element_type=\"section\">\n\t\t\t\t\t\t<div class=\"elementor-container elementor-column-gap-default\">\n\t\t\t\t\t<div class=\"elementor-column elementor-col-100 elementor-top-column elementor-element elementor-element-892e354\" data-id=\"892e354\" data-element_type=\"column\">\n\t\t\t<div class=\"elementor-widget-wrap elementor-element-populated\">\n\t\t\t\t\t\t\t\t<div class=\"elementor-element elementor-element-8acbb84 elementor-widget elementor-widget-text-editor\" data-id=\"8acbb84\" data-element_type=\"widget\" data-widget_type=\"text-editor.default\">\n\t\t\t\t<div class=\"elementor-widget-container\">\n\t\t\t\t\t\t\t<p><span style=\"font-weight: 400;\">L\u2019IGR-IAE Rennes entretient un lien constant avec le monde professionnel. <\/span><span style=\"font-weight: 400;\"><br \/><\/span><span style=\"font-weight: 400;\">Les stages, les projets appliqu\u00e9s, les rencontres m\u00e9tiers et l\u2019alternance dans plusieurs parcours permettent aux \u00e9tudiants d\u2019\u00e9voluer dans des conditions proches de celles qu\u2019ils retrouveront en entreprise. Cette exposition r\u00e9guli\u00e8re au terrain renforce leur <\/span><b>capacit\u00e9 \u00e0 comprendre les enjeux r\u00e9els des organisations et \u00e0 s\u2019adapter rapidement aux exigences du march\u00e9<\/b><span style=\"font-weight: 400;\">.<\/span><\/p><p><span style=\"font-weight: 400;\">C\u2019est cette<\/span><b> articulation entre connaissances th\u00e9oriques et situations r\u00e9elles <\/b><span style=\"font-weight: 400;\">qui donne au mod\u00e8le universitaire sa pertinence pour l\u2019employabilit\u00e9.<\/span><\/p>\t\t\t\t\t\t<\/div>\n\t\t\t\t<\/div>\n\t\t\t\t\t<\/div>\n\t\t<\/div>\n\t\t\t\t\t\t\t<\/div>\n\t\t<\/section>\n\t\t\t\t<section class=\"elementor-section elementor-top-section elementor-element elementor-element-651a990 elementor-section-boxed elementor-section-height-default elementor-section-height-default\" data-id=\"651a990\" data-element_type=\"section\">\n\t\t\t\t\t\t<div class=\"elementor-container elementor-column-gap-default\">\n\t\t\t\t\t<div class=\"elementor-column elementor-col-100 elementor-top-column elementor-element elementor-element-dd4d95f\" data-id=\"dd4d95f\" data-element_type=\"column\">\n\t\t\t<div class=\"elementor-widget-wrap elementor-element-populated\">\n\t\t\t\t\t\t\t\t<div class=\"elementor-element elementor-element-b8dccb7 elementor-widget elementor-widget-spacer\" data-id=\"b8dccb7\" data-element_type=\"widget\" data-widget_type=\"spacer.default\">\n\t\t\t\t<div class=\"elementor-widget-container\">\n\t\t\t\t\t<div class=\"elementor-spacer\">\n\t\t\t<div class=\"elementor-spacer-inner\"><\/div>\n\t\t<\/div>\n\t\t\t\t<\/div>\n\t\t\t\t<\/div>\n\t\t\t\t<div class=\"elementor-element elementor-element-0bb4f6a elementor-widget elementor-widget-heading\" data-id=\"0bb4f6a\" data-element_type=\"widget\" data-widget_type=\"heading.default\">\n\t\t\t\t<div class=\"elementor-widget-container\">\n\t\t\t<h3 class=\"elementor-heading-title elementor-size-default\">Une insertion professionnelle solide et des poursuites d\u2019\u00e9tudes fluides<\/h3>\t\t<\/div>\n\t\t\t\t<\/div>\n\t\t\t\t\t<\/div>\n\t\t<\/div>\n\t\t\t\t\t\t\t<\/div>\n\t\t<\/section>\n\t\t\t\t<section class=\"elementor-section elementor-top-section elementor-element elementor-element-d733ad2 elementor-section-boxed elementor-section-height-default elementor-section-height-default\" data-id=\"d733ad2\" data-element_type=\"section\">\n\t\t\t\t\t\t<div class=\"elementor-container elementor-column-gap-default\">\n\t\t\t\t\t<div class=\"elementor-column elementor-col-100 elementor-top-column elementor-element elementor-element-17a123c\" data-id=\"17a123c\" data-element_type=\"column\">\n\t\t\t<div class=\"elementor-widget-wrap elementor-element-populated\">\n\t\t\t\t\t\t\t\t<div class=\"elementor-element elementor-element-f6a678f elementor-widget elementor-widget-text-editor\" data-id=\"f6a678f\" data-element_type=\"widget\" data-widget_type=\"text-editor.default\">\n\t\t\t\t<div class=\"elementor-widget-container\">\n\t\t\t\t\t\t\t<p><span style=\"font-weight: 400;\">Si la<\/span><b> lisibilit\u00e9 du dipl\u00f4me<\/b><span style=\"font-weight: 400;\"> facilite l\u2019\u00e9valuation des candidats, c\u2019est sur le terrain que le mod\u00e8le universitaire r\u00e9v\u00e8le toute sa pertinence.<\/span><span style=\"font-weight: 400;\"><br \/><\/span><\/p><p><span style=\"font-weight: 400;\">\u00c0 l\u2019IGR-IAE Rennes, les <\/span><b>dipl\u00f4m\u00e9s acc\u00e8dent rapidement \u00e0 l\u2019emploi<\/b><span style=\"font-weight: 400;\"> gr\u00e2ce \u00e0 une combinaison tr\u00e8s concr\u00e8te : <\/span><b>progression p\u00e9dagogique coh\u00e9rente, professionnalisation \u00e9troitement articul\u00e9e aux enseignements, et immersion r\u00e9guli\u00e8re dans les organisations.<\/b><\/p><p><span style=\"font-weight: 400;\">Les trajectoires post-dipl\u00f4me sont vari\u00e9es et refl\u00e8tent la pluralit\u00e9 des sp\u00e9cialisations : finance, audit, contr\u00f4le de gestion, marketing, RH, management de projet, conseil, entrepreneuriat\u2026<\/span><span style=\"font-weight: 400;\"><br \/><\/span><\/p><p><span style=\"font-weight: 400;\">La continuit\u00e9 naturelle entre licence et master offre par ailleurs une r\u00e9elle fluidit\u00e9 pour construire un parcours long, approfondir une expertise, pr\u00e9parer des concours ou s\u2019orienter vers la recherche.<\/span><\/p><p><span style=\"font-weight: 400;\">Les indicateurs d&rsquo;insertion montrent que ce mod\u00e8le fonctionne : <\/span><b>acc\u00e8s rapide au premier poste<\/b><span style=\"font-weight: 400;\">, qualit\u00e9 des fonctions obtenues, capacit\u00e9 \u00e0 \u00e9voluer et \u00e0 se sp\u00e9cialiser apr\u00e8s quelques ann\u00e9es d\u2019exp\u00e9rience.<\/span><\/p><p><b>En bref : <\/b><span style=\"font-weight: 400;\">l\u2019universit\u00e9 ne se contente pas de d\u00e9livrer un dipl\u00f4me lisible ; elle <\/span><b>produit des trajectoires solides<\/b><span style=\"font-weight: 400;\">, coh\u00e9rentes et adapt\u00e9es aux besoins actuels du march\u00e9.<\/span><\/p><p style=\"text-align: center;\"><strong>Int\u00e9ress\u00e9\u00b7e par le sujet ?<br \/><a href=\"https:\/\/www.igr.univ-rennes.fr\/fr\/ecole-management-rennes-debouches\/\" target=\"_blank\" rel=\"noopener\">D\u00e9couvrez notre tour d\u2019horizon des d\u00e9bouch\u00e9s professionnel apr\u00e8s un master \u00e0 l\u2019IGR-IAE Rennes<\/a><\/strong><\/p><p><span style=\"font-weight: 400;\">Vous l\u2019aurez compris, comparer une \u00e9cole de management universitaire et une \u00e9cole de commerce priv\u00e9e, c\u2019est analyser deux mod\u00e8les fondamentalement diff\u00e9rents. L\u2019un est public, accr\u00e9dit\u00e9 par l\u2019\u00c9tat, accessible financi\u00e8rement et adoss\u00e9 \u00e0 la recherche. L\u2019autre est priv\u00e9, autonome, souvent plus co\u00fbteux, et dont la reconnaissance d\u00e9pend fortement de chaque \u00e9tablissement.<\/span><span style=\"font-weight: 400;\"><br \/><\/span><\/p><p><span style=\"font-weight: 400;\">\u00c0 l\u2019IGR-IAE Rennes, l\u2019\u00e9tudiant b\u00e9n\u00e9ficie du meilleur des deux mondes : <\/span><b>la l\u00e9gitimit\u00e9 universitaire, la qualit\u00e9 acad\u00e9mique, la professionnalisation et un environnement exigeant mais accessible<\/b><span style=\"font-weight: 400;\">.<\/span><span style=\"font-weight: 400;\"><br \/><\/span><span style=\"font-weight: 400;\">Pour construire une carri\u00e8re solide dans le management, ce mod\u00e8le offre une base fiable, lisible et durable. Un choix coh\u00e9rent pour celles et ceux qui veulent r\u00e9ussir sans faire exploser leur budget !<\/span><\/p><p style=\"text-align: center;\"><strong>Pas encore convaincu\u00b7e ? <br \/><a href=\"https:\/\/www.igr.univ-rennes.fr\/fr\/rennes-ville-ideale-etudes-management\/\" target=\"_blank\" rel=\"noopener\">D\u00e9couvrez pourquoi Rennes est la ville id\u00e9ale pour suivre des \u00e9tudes en management <\/a><\/strong><\/p>\t\t\t\t\t\t<\/div>\n\t\t\t\t<\/div>\n\t\t\t\t\t<\/div>\n\t\t<\/div>\n\t\t\t\t\t\t\t<\/div>\n\t\t<\/section>\n\t\t\t\t<section class=\"elementor-section elementor-top-section elementor-element elementor-element-10b33640 elementor-section-boxed elementor-section-height-default elementor-section-height-default\" data-id=\"10b33640\" data-element_type=\"section\">\n\t\t\t\t\t\t<div class=\"elementor-container elementor-column-gap-default\">\n\t\t\t\t\t<div class=\"elementor-column elementor-col-100 elementor-top-column elementor-element elementor-element-4291ace\" data-id=\"4291ace\" data-element_type=\"column\">\n\t\t\t<div class=\"elementor-widget-wrap elementor-element-populated\">\n\t\t\t\t\t\t\t\t<div class=\"elementor-element elementor-element-65756d4f elementor-widget elementor-widget-spacer\" data-id=\"65756d4f\" data-element_type=\"widget\" data-widget_type=\"spacer.default\">\n\t\t\t\t<div class=\"elementor-widget-container\">\n\t\t\t\t\t<div class=\"elementor-spacer\">\n\t\t\t<div class=\"elementor-spacer-inner\"><\/div>\n\t\t<\/div>\n\t\t\t\t<\/div>\n\t\t\t\t<\/div>\n\t\t\t\t\t<\/div>\n\t\t<\/div>\n\t\t\t\t\t\t\t<\/div>\n\t\t<\/section>\n\t\t\t\t\t\t\t<\/div>\n\t\t","protected":false},"excerpt":{"rendered":"<p>\u00c9cole de management VS \u00c9cole de commerce : quelles diff\u00e9rences ? Entre les \u00e9coles de commerce qui s\u00e9duisent avec des [&hellip;]<\/p>\n","protected":false},"author":47,"featured_media":580192,"parent":0,"menu_order":0,"comment_status":"closed","ping_status":"closed","template":"","meta":{"footnotes":""},"yoast_head":"<!-- This site is optimized with the Yoast SEO plugin v21.1 - https:\/\/yoast.com\/wordpress\/plugins\/seo\/ -->\n<title>\u00c9cole de management VS \u00c9cole de commerce : comprendre les vraies diff\u00e9rences<\/title>\n<meta name=\"description\" content=\"\u00c9cole de management VS \u00c9cole de commerce : d\u00e9couvrez ce qui distingue une \u00e9cole universitaire de management publique comme l\u2019IGR-IAE Rennes des \u00e9coles de commerce priv\u00e9es.\" \/>\n<meta name=\"robots\" content=\"index, follow, max-snippet:-1, max-image-preview:large, max-video-preview:-1\" \/>\n<link rel=\"canonical\" href=\"https:\/\/www.igr.univ-rennes.fr\/fr\/ecole-management-vs-ecole-commerce\/\" \/>\n<meta property=\"og:locale\" content=\"fr_FR\" \/>\n<meta property=\"og:type\" content=\"article\" \/>\n<meta property=\"og:title\" content=\"\u00c9cole de management VS \u00c9cole de commerce : comprendre les vraies diff\u00e9rences\" \/>\n<meta property=\"og:description\" content=\"\u00c9cole de management VS \u00c9cole de commerce : d\u00e9couvrez ce qui distingue une \u00e9cole universitaire de management publique comme l\u2019IGR-IAE Rennes des \u00e9coles de commerce priv\u00e9es.\" \/>\n<meta property=\"og:url\" content=\"https:\/\/www.igr.univ-rennes.fr\/fr\/ecole-management-vs-ecole-commerce\/\" \/>\n<meta property=\"og:site_name\" content=\"IGR IAE Rennes\" \/>\n<meta property=\"article:modified_time\" content=\"2026-04-27T13:04:19+00:00\" \/>\n<meta property=\"og:image\" content=\"https:\/\/www.igr.univ-rennes.fr\/wp-content\/uploads\/2026\/04\/DSC03954-scaled.webp\" \/>\n\t<meta property=\"og:image:width\" content=\"2560\" \/>\n\t<meta property=\"og:image:height\" content=\"1706\" \/>\n\t<meta property=\"og:image:type\" content=\"image\/webp\" \/>\n<meta name=\"twitter:card\" content=\"summary_large_image\" \/>\n<meta name=\"twitter:label1\" content=\"Dur\u00e9e de lecture estim\u00e9e\" \/>\n\t<meta name=\"twitter:data1\" content=\"8 minutes\" \/>\n<script type=\"application\/ld+json\" class=\"yoast-schema-graph\">{\"@context\":\"https:\/\/schema.org\",\"@graph\":[{\"@type\":\"WebPage\",\"@id\":\"https:\/\/www.igr.univ-rennes.fr\/fr\/ecole-management-vs-ecole-commerce\/\",\"url\":\"https:\/\/www.igr.univ-rennes.fr\/fr\/ecole-management-vs-ecole-commerce\/\",\"name\":\"\u00c9cole de management VS \u00c9cole de commerce : comprendre les vraies diff\u00e9rences\",\"isPartOf\":{\"@id\":\"https:\/\/www.igr.univ-rennes.fr\/fr\/#website\"},\"datePublished\":\"2026-02-20T13:23:37+00:00\",\"dateModified\":\"2026-04-27T13:04:19+00:00\",\"description\":\"\u00c9cole de management VS \u00c9cole de commerce : d\u00e9couvrez ce qui distingue une \u00e9cole universitaire de management publique comme l\u2019IGR-IAE Rennes des \u00e9coles de commerce priv\u00e9es.\",\"breadcrumb\":{\"@id\":\"https:\/\/www.igr.univ-rennes.fr\/fr\/ecole-management-vs-ecole-commerce\/#breadcrumb\"},\"inLanguage\":\"fr-FR\",\"potentialAction\":[{\"@type\":\"ReadAction\",\"target\":[\"https:\/\/www.igr.univ-rennes.fr\/fr\/ecole-management-vs-ecole-commerce\/\"]}]},{\"@type\":\"BreadcrumbList\",\"@id\":\"https:\/\/www.igr.univ-rennes.fr\/fr\/ecole-management-vs-ecole-commerce\/#breadcrumb\",\"itemListElement\":[{\"@type\":\"ListItem\",\"position\":1,\"name\":\"Accueil\",\"item\":\"https:\/\/www.igr.univ-rennes.fr\/fr\/\"},{\"@type\":\"ListItem\",\"position\":2,\"name\":\"\u00c9cole de management VS \u00c9cole de commerce : comprendre les vraies diff\u00e9rences\"}]},{\"@type\":\"WebSite\",\"@id\":\"https:\/\/www.igr.univ-rennes.fr\/fr\/#website\",\"url\":\"https:\/\/www.igr.univ-rennes.fr\/fr\/\",\"name\":\"IGR IAE Rennes\",\"description\":\"\",\"publisher\":{\"@id\":\"https:\/\/www.igr.univ-rennes.fr\/fr\/#organization\"},\"potentialAction\":[{\"@type\":\"SearchAction\",\"target\":{\"@type\":\"EntryPoint\",\"urlTemplate\":\"https:\/\/www.igr.univ-rennes.fr\/fr\/?s={search_term_string}\"},\"query-input\":\"required name=search_term_string\"}],\"inLanguage\":\"fr-FR\"},{\"@type\":\"Organization\",\"@id\":\"https:\/\/www.igr.univ-rennes.fr\/fr\/#organization\",\"name\":\"IGR IAE Rennes\",\"url\":\"https:\/\/www.igr.univ-rennes.fr\/fr\/\",\"logo\":{\"@type\":\"ImageObject\",\"inLanguage\":\"fr-FR\",\"@id\":\"https:\/\/www.igr.univ-rennes.fr\/fr\/#\/schema\/logo\/image\/\",\"url\":\"https:\/\/www.igr.univ-rennes.fr\/wp-content\/uploads\/2020\/06\/Logo-IGR-IAE-Rennes_Blanc-300dpi-RVB-e1597327228224.png\",\"contentUrl\":\"https:\/\/www.igr.univ-rennes.fr\/wp-content\/uploads\/2020\/06\/Logo-IGR-IAE-Rennes_Blanc-300dpi-RVB-e1597327228224.png\",\"width\":290,\"height\":107,\"caption\":\"IGR IAE Rennes\"},\"image\":{\"@id\":\"https:\/\/www.igr.univ-rennes.fr\/fr\/#\/schema\/logo\/image\/\"}}]}<\/script>\n<!-- \/ Yoast SEO plugin. -->","yoast_head_json":{"title":"\u00c9cole de management VS \u00c9cole de commerce : comprendre les vraies diff\u00e9rences","description":"\u00c9cole de management VS \u00c9cole de commerce : d\u00e9couvrez ce qui distingue une \u00e9cole universitaire de management publique comme l\u2019IGR-IAE Rennes des \u00e9coles de commerce priv\u00e9es.","robots":{"index":"index","follow":"follow","max-snippet":"max-snippet:-1","max-image-preview":"max-image-preview:large","max-video-preview":"max-video-preview:-1"},"canonical":"https:\/\/www.igr.univ-rennes.fr\/fr\/ecole-management-vs-ecole-commerce\/","og_locale":"fr_FR","og_type":"article","og_title":"\u00c9cole de management VS \u00c9cole de commerce : comprendre les vraies diff\u00e9rences","og_description":"\u00c9cole de management VS \u00c9cole de commerce : d\u00e9couvrez ce qui distingue une \u00e9cole universitaire de management publique comme l\u2019IGR-IAE Rennes des \u00e9coles de commerce priv\u00e9es.","og_url":"https:\/\/www.igr.univ-rennes.fr\/fr\/ecole-management-vs-ecole-commerce\/","og_site_name":"IGR IAE Rennes","article_modified_time":"2026-04-27T13:04:19+00:00","og_image":[{"width":2560,"height":1706,"url":"https:\/\/www.igr.univ-rennes.fr\/wp-content\/uploads\/2026\/04\/DSC03954-scaled.webp","type":"image\/webp"}],"twitter_card":"summary_large_image","twitter_misc":{"Dur\u00e9e de lecture estim\u00e9e":"8 minutes"},"schema":{"@context":"https:\/\/schema.org","@graph":[{"@type":"WebPage","@id":"https:\/\/www.igr.univ-rennes.fr\/fr\/ecole-management-vs-ecole-commerce\/","url":"https:\/\/www.igr.univ-rennes.fr\/fr\/ecole-management-vs-ecole-commerce\/","name":"\u00c9cole de management VS \u00c9cole de commerce : comprendre les vraies diff\u00e9rences","isPartOf":{"@id":"https:\/\/www.igr.univ-rennes.fr\/fr\/#website"},"datePublished":"2026-02-20T13:23:37+00:00","dateModified":"2026-04-27T13:04:19+00:00","description":"\u00c9cole de management VS \u00c9cole de commerce : d\u00e9couvrez ce qui distingue une \u00e9cole universitaire de management publique comme l\u2019IGR-IAE Rennes des \u00e9coles de commerce priv\u00e9es.","breadcrumb":{"@id":"https:\/\/www.igr.univ-rennes.fr\/fr\/ecole-management-vs-ecole-commerce\/#breadcrumb"},"inLanguage":"fr-FR","potentialAction":[{"@type":"ReadAction","target":["https:\/\/www.igr.univ-rennes.fr\/fr\/ecole-management-vs-ecole-commerce\/"]}]},{"@type":"BreadcrumbList","@id":"https:\/\/www.igr.univ-rennes.fr\/fr\/ecole-management-vs-ecole-commerce\/#breadcrumb","itemListElement":[{"@type":"ListItem","position":1,"name":"Accueil","item":"https:\/\/www.igr.univ-rennes.fr\/fr\/"},{"@type":"ListItem","position":2,"name":"\u00c9cole de management VS \u00c9cole de commerce : comprendre les vraies diff\u00e9rences"}]},{"@type":"WebSite","@id":"https:\/\/www.igr.univ-rennes.fr\/fr\/#website","url":"https:\/\/www.igr.univ-rennes.fr\/fr\/","name":"IGR IAE Rennes","description":"","publisher":{"@id":"https:\/\/www.igr.univ-rennes.fr\/fr\/#organization"},"potentialAction":[{"@type":"SearchAction","target":{"@type":"EntryPoint","urlTemplate":"https:\/\/www.igr.univ-rennes.fr\/fr\/?s={search_term_string}"},"query-input":"required name=search_term_string"}],"inLanguage":"fr-FR"},{"@type":"Organization","@id":"https:\/\/www.igr.univ-rennes.fr\/fr\/#organization","name":"IGR IAE Rennes","url":"https:\/\/www.igr.univ-rennes.fr\/fr\/","logo":{"@type":"ImageObject","inLanguage":"fr-FR","@id":"https:\/\/www.igr.univ-rennes.fr\/fr\/#\/schema\/logo\/image\/","url":"https:\/\/www.igr.univ-rennes.fr\/wp-content\/uploads\/2020\/06\/Logo-IGR-IAE-Rennes_Blanc-300dpi-RVB-e1597327228224.png","contentUrl":"https:\/\/www.igr.univ-rennes.fr\/wp-content\/uploads\/2020\/06\/Logo-IGR-IAE-Rennes_Blanc-300dpi-RVB-e1597327228224.png","width":290,"height":107,"caption":"IGR IAE Rennes"},"image":{"@id":"https:\/\/www.igr.univ-rennes.fr\/fr\/#\/schema\/logo\/image\/"}}]}},"_links":{"self":[{"href":"https:\/\/www.igr.univ-rennes.fr\/fr\/wp-json\/wp\/v2\/pages\/563662"}],"collection":[{"href":"https:\/\/www.igr.univ-rennes.fr\/fr\/wp-json\/wp\/v2\/pages"}],"about":[{"href":"https:\/\/www.igr.univ-rennes.fr\/fr\/wp-json\/wp\/v2\/types\/page"}],"author":[{"embeddable":true,"href":"https:\/\/www.igr.univ-rennes.fr\/fr\/wp-json\/wp\/v2\/users\/47"}],"replies":[{"embeddable":true,"href":"https:\/\/www.igr.univ-rennes.fr\/fr\/wp-json\/wp\/v2\/comments?post=563662"}],"version-history":[{"count":9,"href":"https:\/\/www.igr.univ-rennes.fr\/fr\/wp-json\/wp\/v2\/pages\/563662\/revisions"}],"predecessor-version":[{"id":580194,"href":"https:\/\/www.igr.univ-rennes.fr\/fr\/wp-json\/wp\/v2\/pages\/563662\/revisions\/580194"}],"wp:featuredmedia":[{"embeddable":true,"href":"https:\/\/www.igr.univ-rennes.fr\/fr\/wp-json\/wp\/v2\/media\/580192"}],"wp:attachment":[{"href":"https:\/\/www.igr.univ-rennes.fr\/fr\/wp-json\/wp\/v2\/media?parent=563662"}],"curies":[{"name":"wp","href":"https:\/\/api.w.org\/{rel}","templated":true}]}}