{"id":561729,"date":"2026-02-13T17:14:42","date_gmt":"2026-02-13T16:14:42","guid":{"rendered":"https:\/\/www.igr.univ-rennes.fr\/?page_id=561729"},"modified":"2026-04-27T15:16:49","modified_gmt":"2026-04-27T13:16:49","slug":"ecole-management-rennes-debouches","status":"publish","type":"page","link":"https:\/\/www.igr.univ-rennes.fr\/fr\/ecole-management-rennes-debouches\/","title":{"rendered":"D\u00e9couvrez les d\u00e9bouch\u00e9s apr\u00e8s un master \u00e0 l\u2019\u00e9cole de management \u00e0 l\u2019IGR-IAE Rennes"},"content":{"rendered":"\t\t<div data-elementor-type=\"wp-page\" data-elementor-id=\"561729\" class=\"elementor elementor-561729\">\n\t\t\t\t\t\t\t\t\t<section class=\"elementor-section elementor-top-section elementor-element elementor-element-74dee738 elementor-section-boxed elementor-section-height-default elementor-section-height-default\" data-id=\"74dee738\" data-element_type=\"section\">\n\t\t\t\t\t\t<div class=\"elementor-container elementor-column-gap-default\">\n\t\t\t\t\t<div class=\"elementor-column elementor-col-100 elementor-top-column elementor-element elementor-element-7d492769\" data-id=\"7d492769\" data-element_type=\"column\">\n\t\t\t<div class=\"elementor-widget-wrap elementor-element-populated\">\n\t\t\t\t\t\t\t\t<div class=\"elementor-element elementor-element-55cbccaf elementor-widget elementor-widget-spacer\" data-id=\"55cbccaf\" data-element_type=\"widget\" data-widget_type=\"spacer.default\">\n\t\t\t\t<div class=\"elementor-widget-container\">\n\t\t\t\t\t<div class=\"elementor-spacer\">\n\t\t\t<div class=\"elementor-spacer-inner\"><\/div>\n\t\t<\/div>\n\t\t\t\t<\/div>\n\t\t\t\t<\/div>\n\t\t\t\t<div class=\"elementor-element elementor-element-393ca793 elementor-widget elementor-widget-heading\" data-id=\"393ca793\" data-element_type=\"widget\" data-widget_type=\"heading.default\">\n\t\t\t\t<div class=\"elementor-widget-container\">\n\t\t\t<h1 class=\"elementor-heading-title elementor-size-default\">\u00c9cole de management Rennes : quels d\u00e9bouch\u00e9s apr\u00e8s un master \u00e0 l\u2019IGR-IAE Rennes ?\n<\/h1>\t\t<\/div>\n\t\t\t\t<\/div>\n\t\t\t\t\t<\/div>\n\t\t<\/div>\n\t\t\t\t\t\t\t<\/div>\n\t\t<\/section>\n\t\t\t\t<section class=\"elementor-section elementor-top-section elementor-element elementor-element-48eb9fe elementor-section-boxed elementor-section-height-default elementor-section-height-default\" data-id=\"48eb9fe\" data-element_type=\"section\">\n\t\t\t\t\t\t<div class=\"elementor-container elementor-column-gap-default\">\n\t\t\t\t\t<div class=\"elementor-column elementor-col-100 elementor-top-column elementor-element elementor-element-736216cc\" data-id=\"736216cc\" data-element_type=\"column\">\n\t\t\t<div class=\"elementor-widget-wrap elementor-element-populated\">\n\t\t\t\t\t\t\t\t<div class=\"elementor-element elementor-element-34c5d28c elementor-widget elementor-widget-spacer\" data-id=\"34c5d28c\" data-element_type=\"widget\" data-widget_type=\"spacer.default\">\n\t\t\t\t<div class=\"elementor-widget-container\">\n\t\t\t\t\t<div class=\"elementor-spacer\">\n\t\t\t<div class=\"elementor-spacer-inner\"><\/div>\n\t\t<\/div>\n\t\t\t\t<\/div>\n\t\t\t\t<\/div>\n\t\t\t\t<div class=\"elementor-element elementor-element-112cd954 elementor-blockquote--skin-boxed elementor-blockquote--button-color-official elementor-widget elementor-widget-blockquote\" data-id=\"112cd954\" data-element_type=\"widget\" data-widget_type=\"blockquote.default\">\n\t\t\t\t<div class=\"elementor-widget-container\">\n\t\t\t\t\t<blockquote class=\"elementor-blockquote\">\n\t\t\t<p class=\"elementor-blockquote__content\">\n\t\t\t\tChoisir une \u00e9cole de management \u00e0 Rennes, ce n\u2019est pas seulement une question de campus, de vie \u00e9tudiante ou de r\u00e9putation acad\u00e9mique. C\u2019est surtout une d\u00e9cision strat\u00e9gique : quels m\u00e9tiers vais-je pouvoir exercer demain ? Dans quels secteurs ? Avec quelles perspectives d\u2019\u00e9volution ? \u00c0 l\u2019IGR-IAE Rennes, ces questions ne sont pas trait\u00e9es \u00e0 la l\u00e9g\u00e8re. Les masters sont con\u00e7us pour r\u00e9pondre \u00e0 une r\u00e9alit\u00e9 tr\u00e8s concr\u00e8te : celle du march\u00e9 de l\u2019emploi, de ses attentes, de ses tensions\u2026 et de ses opportunit\u00e9s.\nD\u00e9couvrez notre tour d\u2019horizon des d\u00e9bouch\u00e9s professionnels apr\u00e8s un master \u00e0 l\u2019IGR-IAE Rennes, des secteurs qui recrutent, et de ce que deviennent r\u00e9ellement les dipl\u00f4m\u00e9s une fois le dipl\u00f4me en poche.\n\t\t\t<\/p>\n\t\t\t\t\t<\/blockquote>\n\t\t\t\t<\/div>\n\t\t\t\t<\/div>\n\t\t\t\t\t<\/div>\n\t\t<\/div>\n\t\t\t\t\t\t\t<\/div>\n\t\t<\/section>\n\t\t\t\t<section class=\"elementor-section elementor-top-section elementor-element elementor-element-103e55b8 elementor-section-boxed elementor-section-height-default elementor-section-height-default\" data-id=\"103e55b8\" data-element_type=\"section\">\n\t\t\t\t\t\t<div class=\"elementor-container elementor-column-gap-default\">\n\t\t\t\t\t<div class=\"elementor-column elementor-col-100 elementor-top-column elementor-element elementor-element-11236c5\" data-id=\"11236c5\" data-element_type=\"column\">\n\t\t\t<div class=\"elementor-widget-wrap elementor-element-populated\">\n\t\t\t\t\t\t\t\t<div class=\"elementor-element elementor-element-a4087b8 elementor-widget elementor-widget-spacer\" data-id=\"a4087b8\" data-element_type=\"widget\" data-widget_type=\"spacer.default\">\n\t\t\t\t<div class=\"elementor-widget-container\">\n\t\t\t\t\t<div class=\"elementor-spacer\">\n\t\t\t<div class=\"elementor-spacer-inner\"><\/div>\n\t\t<\/div>\n\t\t\t\t<\/div>\n\t\t\t\t<\/div>\n\t\t\t\t<div class=\"elementor-element elementor-element-687fb8f6 elementor-widget elementor-widget-heading\" data-id=\"687fb8f6\" data-element_type=\"widget\" data-widget_type=\"heading.default\">\n\t\t\t\t<div class=\"elementor-widget-container\">\n\t\t\t<h2 class=\"elementor-heading-title elementor-size-default\">Pourquoi choisir une \u00e9cole de management \u00e0 Rennes pour son insertion professionnelle ?<\/h2>\t\t<\/div>\n\t\t\t\t<\/div>\n\t\t\t\t\t<\/div>\n\t\t<\/div>\n\t\t\t\t\t\t\t<\/div>\n\t\t<\/section>\n\t\t\t\t<section class=\"elementor-section elementor-top-section elementor-element elementor-element-2bf97e54 elementor-section-boxed elementor-section-height-default elementor-section-height-default\" data-id=\"2bf97e54\" data-element_type=\"section\">\n\t\t\t\t\t\t<div class=\"elementor-container elementor-column-gap-default\">\n\t\t\t\t\t<div class=\"elementor-column elementor-col-100 elementor-top-column elementor-element elementor-element-4ac9512c\" data-id=\"4ac9512c\" data-element_type=\"column\">\n\t\t\t<div class=\"elementor-widget-wrap elementor-element-populated\">\n\t\t\t\t\t\t\t\t<div class=\"elementor-element elementor-element-361919f2 elementor-widget elementor-widget-text-editor\" data-id=\"361919f2\" data-element_type=\"widget\" data-widget_type=\"text-editor.default\">\n\t\t\t\t<div class=\"elementor-widget-container\">\n\t\t\t\t\t\t\t<p>Rennes n\u2019est plus seulement une ville \u00e9tudiante agr\u00e9able (m\u00eame si c\u2019est un argument recevable). C\u2019est aujourd\u2019hui un <b>p\u00f4le \u00e9conomique structur\u00e9<\/b>, port\u00e9 par un tissu dense de PME et d\u2019ETI, la pr\u00e9sence de grands groupes nationaux et internationaux, et un \u00e9cosyst\u00e8me particuli\u00e8rement dynamique dans les domaines du <b>num\u00e9rique, de la finance, du conseil et des ressources humaines<\/b>.<\/p><p>Cette vitalit\u00e9 se traduit concr\u00e8tement par une <b>forte culture de l\u2019alternance et des stages longs<\/b>, facilitant l\u2019entr\u00e9e progressive des \u00e9tudiants sur le march\u00e9 du travail. Int\u00e9grer une <a href=\"https:\/\/www.igr.univ-rennes.fr\/fr\/decouvrez-ligr-iae-rennes\/\" target=\"_blank\" rel=\"noopener\"><b>\u00e9cole de management \u00e0 Rennes<\/b> comme l\u2019IGR-IAE Rennes <\/a>permet ainsi de b\u00e9n\u00e9ficier d\u2019un <b>ancrage territorial solide<\/b>, tout en conservant une ouverture nationale et internationale.<\/p><p>\ud83d\udc49 Pour les \u00e9tudiants, cela signifie plus d\u2019opportunit\u00e9s de stages, davantage de contrats d\u2019alternance et des passerelles plus directes vers l\u2019emploi.<\/p>\t\t\t\t\t\t<\/div>\n\t\t\t\t<\/div>\n\t\t\t\t\t<\/div>\n\t\t<\/div>\n\t\t\t\t\t\t\t<\/div>\n\t\t<\/section>\n\t\t\t\t<section class=\"elementor-section elementor-top-section elementor-element elementor-element-3cce1d9d elementor-section-boxed elementor-section-height-default elementor-section-height-default\" data-id=\"3cce1d9d\" data-element_type=\"section\">\n\t\t\t\t\t\t<div class=\"elementor-container elementor-column-gap-default\">\n\t\t\t\t\t<div class=\"elementor-column elementor-col-100 elementor-top-column elementor-element elementor-element-67af5c5f\" data-id=\"67af5c5f\" data-element_type=\"column\">\n\t\t\t<div class=\"elementor-widget-wrap elementor-element-populated\">\n\t\t\t\t\t\t\t\t<div class=\"elementor-element elementor-element-2781e56c elementor-widget elementor-widget-heading\" data-id=\"2781e56c\" data-element_type=\"widget\" data-widget_type=\"heading.default\">\n\t\t\t\t<div class=\"elementor-widget-container\">\n\t\t\t<h2 class=\"elementor-heading-title elementor-size-default\">Des masters pens\u00e9s pour des m\u00e9tiers pr\u00e9cis (et pas pour remplir des brochures)\n<\/h2>\t\t<\/div>\n\t\t\t\t<\/div>\n\t\t\t\t\t<\/div>\n\t\t<\/div>\n\t\t\t\t\t\t\t<\/div>\n\t\t<\/section>\n\t\t\t\t<section class=\"elementor-section elementor-top-section elementor-element elementor-element-5c61d549 elementor-section-boxed elementor-section-height-default elementor-section-height-default\" data-id=\"5c61d549\" data-element_type=\"section\">\n\t\t\t\t\t\t<div class=\"elementor-container elementor-column-gap-default\">\n\t\t\t\t\t<div class=\"elementor-column elementor-col-100 elementor-top-column elementor-element elementor-element-2766f0db\" data-id=\"2766f0db\" data-element_type=\"column\">\n\t\t\t<div class=\"elementor-widget-wrap elementor-element-populated\">\n\t\t\t\t\t\t\t\t<div class=\"elementor-element elementor-element-c2a29b3 elementor-widget elementor-widget-text-editor\" data-id=\"c2a29b3\" data-element_type=\"widget\" data-widget_type=\"text-editor.default\">\n\t\t\t\t<div class=\"elementor-widget-container\">\n\t\t\t\t\t\t\t<p>\u00c0 l\u2019IGR-IAE Rennes, chaque master correspond \u00e0 des <b>comp\u00e9tences m\u00e9tier clairement identifi\u00e9es<\/b>. L\u2019objectif n\u2019est pas de former des profils \u201cg\u00e9n\u00e9ralistes flous\u201d, mais des <b>professionnels op\u00e9rationnels<\/b>, capables de s\u2019int\u00e9grer rapidement en entreprise.<\/p><p><a href=\"https:\/\/www.igr.univ-rennes.fr\/fr\/formations\/\" target=\"_blank\" rel=\"noopener\">D\u00e9couvrir l\u2019ensemble des formations de l\u2019IGR IAE Rennes<\/a><\/p>\t\t\t\t\t\t<\/div>\n\t\t\t\t<\/div>\n\t\t\t\t\t<\/div>\n\t\t<\/div>\n\t\t\t\t\t\t\t<\/div>\n\t\t<\/section>\n\t\t\t\t<section class=\"elementor-section elementor-top-section elementor-element elementor-element-6dfcb21 elementor-section-boxed elementor-section-height-default elementor-section-height-default\" data-id=\"6dfcb21\" data-element_type=\"section\">\n\t\t\t\t\t\t<div class=\"elementor-container elementor-column-gap-default\">\n\t\t\t\t\t<div class=\"elementor-column elementor-col-100 elementor-top-column elementor-element elementor-element-47778677\" data-id=\"47778677\" data-element_type=\"column\">\n\t\t\t<div class=\"elementor-widget-wrap elementor-element-populated\">\n\t\t\t\t\t\t\t\t<div class=\"elementor-element elementor-element-5a4e63f9 elementor-widget elementor-widget-spacer\" data-id=\"5a4e63f9\" data-element_type=\"widget\" data-widget_type=\"spacer.default\">\n\t\t\t\t<div class=\"elementor-widget-container\">\n\t\t\t\t\t<div class=\"elementor-spacer\">\n\t\t\t<div class=\"elementor-spacer-inner\"><\/div>\n\t\t<\/div>\n\t\t\t\t<\/div>\n\t\t\t\t<\/div>\n\t\t\t\t<div class=\"elementor-element elementor-element-68846993 elementor-widget elementor-widget-heading\" data-id=\"68846993\" data-element_type=\"widget\" data-widget_type=\"heading.default\">\n\t\t\t\t<div class=\"elementor-widget-container\">\n\t\t\t<h3 class=\"elementor-heading-title elementor-size-default\">Master Comptabilit\u00e9, Contr\u00f4le, Audit (CCA) : des d\u00e9bouch\u00e9s solides et durables<\/h3>\t\t<\/div>\n\t\t\t\t<\/div>\n\t\t\t\t\t<\/div>\n\t\t<\/div>\n\t\t\t\t\t\t\t<\/div>\n\t\t<\/section>\n\t\t\t\t<section class=\"elementor-section elementor-top-section elementor-element elementor-element-3d94374 elementor-section-boxed elementor-section-height-default elementor-section-height-default\" data-id=\"3d94374\" data-element_type=\"section\">\n\t\t\t\t\t\t<div class=\"elementor-container elementor-column-gap-default\">\n\t\t\t\t\t<div class=\"elementor-column elementor-col-100 elementor-top-column elementor-element elementor-element-d0e0fb4\" data-id=\"d0e0fb4\" data-element_type=\"column\">\n\t\t\t<div class=\"elementor-widget-wrap elementor-element-populated\">\n\t\t\t\t\t\t\t\t<div class=\"elementor-element elementor-element-357ba17 elementor-widget elementor-widget-text-editor\" data-id=\"357ba17\" data-element_type=\"widget\" data-widget_type=\"text-editor.default\">\n\t\t\t\t<div class=\"elementor-widget-container\">\n\t\t\t\t\t\t\t<p>Le master Comptabilit\u00e9, Contr\u00f4le, Audit (CCA) s\u2019impose comme l\u2019un des parcours les plus s\u00e9curisants en mati\u00e8re d\u2019insertion professionnelle.\u00a0<\/p><p>Il forme des profils tr\u00e8s recherch\u00e9s pour leur <b>ma\u00eetrise des normes comptables, du contr\u00f4le de gestion et de l\u2019audit financier<\/b>.\u00a0<\/p><p>\u00c0 l\u2019issue du master, les dipl\u00f4m\u00e9s s\u2019orientent majoritairement vers des postes de c<b>ollaborateur en cabinet d\u2019expertise comptable, d\u2019auditeur financier ou de contr\u00f4leur de gestion<\/b>, avec des perspectives d\u2019\u00e9volution vers des fonctions de <b>responsable administratif et financier<\/b>.\u00a0<\/p><p>Pour ceux qui poursuivent leur parcours, la fili\u00e8re CCA constitue \u00e9galement une voie privil\u00e9gi\u00e9e vers <b>l\u2019expertise comptable<\/b>.\u00a0<\/p><p>Ces comp\u00e9tences trouvent des d\u00e9bouch\u00e9s aussi bien au sein de<b> cabinets d\u2019audit et d\u2019expertise <\/b>que dans les <b>directions financi\u00e8res d\u2019entreprises, des groupes internationaux ou encore dans le secteur public et parapublic,<\/b> o\u00f9 la demande reste soutenue et durable.<\/p><p>\ud83d\udc49 Ici, pas de suspense : la demande d\u00e9passe largement l\u2019offre. Les dipl\u00f4m\u00e9s CCA trouvent rapidement un poste, souvent avant m\u00eame la fin du master.<\/p>\t\t\t\t\t\t<\/div>\n\t\t\t\t<\/div>\n\t\t\t\t\t<\/div>\n\t\t<\/div>\n\t\t\t\t\t\t\t<\/div>\n\t\t<\/section>\n\t\t\t\t<section class=\"elementor-section elementor-top-section elementor-element elementor-element-6e304c0 elementor-section-boxed elementor-section-height-default elementor-section-height-default\" data-id=\"6e304c0\" data-element_type=\"section\">\n\t\t\t\t\t\t<div class=\"elementor-container elementor-column-gap-default\">\n\t\t\t\t\t<div class=\"elementor-column elementor-col-100 elementor-top-column elementor-element elementor-element-00b1173\" data-id=\"00b1173\" data-element_type=\"column\">\n\t\t\t<div class=\"elementor-widget-wrap elementor-element-populated\">\n\t\t\t\t\t\t\t\t<div class=\"elementor-element elementor-element-91fa14d elementor-widget elementor-widget-spacer\" data-id=\"91fa14d\" data-element_type=\"widget\" data-widget_type=\"spacer.default\">\n\t\t\t\t<div class=\"elementor-widget-container\">\n\t\t\t\t\t<div class=\"elementor-spacer\">\n\t\t\t<div class=\"elementor-spacer-inner\"><\/div>\n\t\t<\/div>\n\t\t\t\t<\/div>\n\t\t\t\t<\/div>\n\t\t\t\t<div class=\"elementor-element elementor-element-2fb46b2 elementor-widget elementor-widget-heading\" data-id=\"2fb46b2\" data-element_type=\"widget\" data-widget_type=\"heading.default\">\n\t\t\t\t<div class=\"elementor-widget-container\">\n\t\t\t<h3 class=\"elementor-heading-title elementor-size-default\">Master Contr\u00f4le de gestion et Audit organisationnel : piloter la performance des organisations<\/h3>\t\t<\/div>\n\t\t\t\t<\/div>\n\t\t\t\t\t<\/div>\n\t\t<\/div>\n\t\t\t\t\t\t\t<\/div>\n\t\t<\/section>\n\t\t\t\t<section class=\"elementor-section elementor-top-section elementor-element elementor-element-213b9b3f elementor-section-boxed elementor-section-height-default elementor-section-height-default\" data-id=\"213b9b3f\" data-element_type=\"section\">\n\t\t\t\t\t\t<div class=\"elementor-container elementor-column-gap-default\">\n\t\t\t\t\t<div class=\"elementor-column elementor-col-100 elementor-top-column elementor-element elementor-element-320aa70c\" data-id=\"320aa70c\" data-element_type=\"column\">\n\t\t\t<div class=\"elementor-widget-wrap elementor-element-populated\">\n\t\t\t\t\t\t\t\t<div class=\"elementor-element elementor-element-c664c1f elementor-widget elementor-widget-text-editor\" data-id=\"c664c1f\" data-element_type=\"widget\" data-widget_type=\"text-editor.default\">\n\t\t\t\t<div class=\"elementor-widget-container\">\n\t\t\t\t\t\t\t<p>Le <b>master Contr\u00f4le de gestion et Audit organisationnel<\/b> s\u2019adresse aux \u00e9tudiants qui souhaitent \u00e9voluer au c\u0153ur des dispositifs de pilotage de la performance. Il forme des profils capables d\u2019analyser les co\u00fbts, de suivre les indicateurs cl\u00e9s, d\u2019\u00e9valuer les processus internes et d\u2019accompagner la prise de d\u00e9cision strat\u00e9gique.<\/p><p>\u00c0 l\u2019issue du master et selon le parcours suivi, les dipl\u00f4m\u00e9s occupent principalement des postes de <b>contr\u00f4leur de gestion<\/b>, <b>auditeur interne<\/b>, <b>charg\u00e9 de pilotage de la performance<\/b> ou <b>consultant en organisation<\/b>, avant d\u2019\u00e9voluer vers des fonctions \u00e0 plus forte responsabilit\u00e9.<br \/>Ces comp\u00e9tences sont recherch\u00e9es dans les <b>grands groupes<\/b>, les <b>ETI<\/b>, les <b>cabinets de conseil<\/b>, mais aussi dans le <b>secteur public<\/b>, o\u00f9 les enjeux d\u2019efficience et de ma\u00eetrise budg\u00e9taire sont de plus en plus structurants.<\/p>\t\t\t\t\t\t<\/div>\n\t\t\t\t<\/div>\n\t\t\t\t\t<\/div>\n\t\t<\/div>\n\t\t\t\t\t\t\t<\/div>\n\t\t<\/section>\n\t\t\t\t<section class=\"elementor-section elementor-top-section elementor-element elementor-element-16adc2a elementor-section-boxed elementor-section-height-default elementor-section-height-default\" data-id=\"16adc2a\" data-element_type=\"section\">\n\t\t\t\t\t\t<div class=\"elementor-container elementor-column-gap-default\">\n\t\t\t\t\t<div class=\"elementor-column elementor-col-100 elementor-top-column elementor-element elementor-element-2902d33\" data-id=\"2902d33\" data-element_type=\"column\">\n\t\t\t<div class=\"elementor-widget-wrap elementor-element-populated\">\n\t\t\t\t\t\t\t\t<div class=\"elementor-element elementor-element-e240ec2 elementor-widget elementor-widget-spacer\" data-id=\"e240ec2\" data-element_type=\"widget\" data-widget_type=\"spacer.default\">\n\t\t\t\t<div class=\"elementor-widget-container\">\n\t\t\t\t\t<div class=\"elementor-spacer\">\n\t\t\t<div class=\"elementor-spacer-inner\"><\/div>\n\t\t<\/div>\n\t\t\t\t<\/div>\n\t\t\t\t<\/div>\n\t\t\t\t<div class=\"elementor-element elementor-element-63946fa elementor-widget elementor-widget-heading\" data-id=\"63946fa\" data-element_type=\"widget\" data-widget_type=\"heading.default\">\n\t\t\t\t<div class=\"elementor-widget-container\">\n\t\t\t<h3 class=\"elementor-heading-title elementor-size-default\">Master Finance : banque, audit, conseil\u2026 et bien plus<\/h3>\t\t<\/div>\n\t\t\t\t<\/div>\n\t\t\t\t\t<\/div>\n\t\t<\/div>\n\t\t\t\t\t\t\t<\/div>\n\t\t<\/section>\n\t\t\t\t<section class=\"elementor-section elementor-top-section elementor-element elementor-element-495faba elementor-section-boxed elementor-section-height-default elementor-section-height-default\" data-id=\"495faba\" data-element_type=\"section\">\n\t\t\t\t\t\t<div class=\"elementor-container elementor-column-gap-default\">\n\t\t\t\t\t<div class=\"elementor-column elementor-col-100 elementor-top-column elementor-element elementor-element-ea952a4\" data-id=\"ea952a4\" data-element_type=\"column\">\n\t\t\t<div class=\"elementor-widget-wrap elementor-element-populated\">\n\t\t\t\t\t\t\t\t<div class=\"elementor-element elementor-element-8f7daec elementor-widget elementor-widget-text-editor\" data-id=\"8f7daec\" data-element_type=\"widget\" data-widget_type=\"text-editor.default\">\n\t\t\t\t<div class=\"elementor-widget-container\">\n\t\t\t\t\t\t\t<p>Les dipl\u00f4m\u00e9s du master Finance s\u2019ins\u00e8rent principalement dans des environnements o\u00f9 l\u2019analyse financi\u00e8re et la prise de d\u00e9cision strat\u00e9gique occupent une place centrale. <br \/>Ils d\u00e9butent fr\u00e9quemment comme <b>analystes financiers, contr\u00f4leurs financiers ou charg\u00e9s d\u2019affaires entreprises<\/b>, avant d\u2019\u00e9voluer vers des <b>fonctions de conseil<\/b> ou de <b>gestion de portefeuille<\/b>.<\/p><p>Ces profils sont particuli\u00e8rement recherch\u00e9s dans <b>les banques et compagnies d\u2019assurance, les cabinets de conseil, les directions financi\u00e8res de grands groupes<\/b>, mais aussi dans l<b>\u2019\u00e9cosyst\u00e8me des fintechs et scale-ups,<\/b> en forte croissance.<br \/><br \/>Bon \u00e0 savoir : l\u2019approche de l\u2019IGR-IAE Rennes combine <b>exigence acad\u00e9mique<\/b> et <b>applications concr\u00e8tes<\/b>, ce qui explique la bonne employabilit\u00e9 des dipl\u00f4m\u00e9s dans des environnements parfois tr\u00e8s concurrentiels.<\/p>\t\t\t\t\t\t<\/div>\n\t\t\t\t<\/div>\n\t\t\t\t\t<\/div>\n\t\t<\/div>\n\t\t\t\t\t\t\t<\/div>\n\t\t<\/section>\n\t\t\t\t<section class=\"elementor-section elementor-top-section elementor-element elementor-element-5eebd53 elementor-section-boxed elementor-section-height-default elementor-section-height-default\" data-id=\"5eebd53\" data-element_type=\"section\">\n\t\t\t\t\t\t<div class=\"elementor-container elementor-column-gap-default\">\n\t\t\t\t\t<div class=\"elementor-column elementor-col-100 elementor-top-column elementor-element elementor-element-f345c0a\" data-id=\"f345c0a\" data-element_type=\"column\">\n\t\t\t<div class=\"elementor-widget-wrap elementor-element-populated\">\n\t\t\t\t\t\t\t\t<div class=\"elementor-element elementor-element-f599e4e elementor-widget elementor-widget-spacer\" data-id=\"f599e4e\" data-element_type=\"widget\" data-widget_type=\"spacer.default\">\n\t\t\t\t<div class=\"elementor-widget-container\">\n\t\t\t\t\t<div class=\"elementor-spacer\">\n\t\t\t<div class=\"elementor-spacer-inner\"><\/div>\n\t\t<\/div>\n\t\t\t\t<\/div>\n\t\t\t\t<\/div>\n\t\t\t\t<div class=\"elementor-element elementor-element-9511897 elementor-widget elementor-widget-heading\" data-id=\"9511897\" data-element_type=\"widget\" data-widget_type=\"heading.default\">\n\t\t\t\t<div class=\"elementor-widget-container\">\n\t\t\t<h3 class=\"elementor-heading-title elementor-size-default\">Master Gestion de production, logistique et achats : optimiser les flux et s\u00e9curiser la supply chain\n<\/h3>\t\t<\/div>\n\t\t\t\t<\/div>\n\t\t\t\t\t<\/div>\n\t\t<\/div>\n\t\t\t\t\t\t\t<\/div>\n\t\t<\/section>\n\t\t\t\t<section class=\"elementor-section elementor-top-section elementor-element elementor-element-b63a39c elementor-section-boxed elementor-section-height-default elementor-section-height-default\" data-id=\"b63a39c\" data-element_type=\"section\">\n\t\t\t\t\t\t<div class=\"elementor-container elementor-column-gap-default\">\n\t\t\t\t\t<div class=\"elementor-column elementor-col-100 elementor-top-column elementor-element elementor-element-679e3e9\" data-id=\"679e3e9\" data-element_type=\"column\">\n\t\t\t<div class=\"elementor-widget-wrap elementor-element-populated\">\n\t\t\t\t\t\t\t\t<div class=\"elementor-element elementor-element-11bc81d elementor-widget elementor-widget-text-editor\" data-id=\"11bc81d\" data-element_type=\"widget\" data-widget_type=\"text-editor.default\">\n\t\t\t\t<div class=\"elementor-widget-container\">\n\t\t\t\t\t\t\t<p>Le <b>master Gestion de production, logistique et achats<\/b> forme des professionnels capables de g\u00e9rer et d\u2019optimiser les flux physiques et informationnels de l\u2019entreprise. Dans un contexte marqu\u00e9 par la mondialisation, les tensions sur les approvisionnements et les exigences de performance durable, ces comp\u00e9tences sont devenues particuli\u00e8rement recherch\u00e9es.<\/p><p>Les dipl\u00f4m\u00e9s s\u2019orientent vers des m\u00e9tiers tels que <b>responsable logistique<\/b>, <b>acheteur<\/b>, <b>supply chain manager<\/b>, <b>charg\u00e9 de planification<\/b> ou <b>responsable de production<\/b>.<br \/>Ils exercent principalement dans les secteurs <b>industriels<\/b>, la <b>distribution<\/b>, l\u2019<b>agroalimentaire<\/b>, le <b>transport<\/b> ou encore les <b>services logistiques<\/b>, o\u00f9 la capacit\u00e9 \u00e0 s\u00e9curiser les cha\u00eenes d\u2019approvisionnement constitue un v\u00e9ritable levier de comp\u00e9titivit\u00e9.<\/p><p>Ces profils sont particuli\u00e8rement recherch\u00e9s dans <b>les banques et compagnies d\u2019assurance, les cabinets de conseil, les directions financi\u00e8res de grands groupes<\/b>, mais aussi dans l<b>\u2019\u00e9cosyst\u00e8me des fintechs et scale-ups,<\/b> en forte croissance.<\/p><p>Bon \u00e0 savoir : l\u2019approche de l\u2019IGR-IAE Rennes combine <b>exigence acad\u00e9mique<\/b> et <b>applications concr\u00e8tes<\/b>, ce qui explique la bonne employabilit\u00e9 des dipl\u00f4m\u00e9s dans des environnements parfois tr\u00e8s concurrentiels.<\/p>\t\t\t\t\t\t<\/div>\n\t\t\t\t<\/div>\n\t\t\t\t\t<\/div>\n\t\t<\/div>\n\t\t\t\t\t\t\t<\/div>\n\t\t<\/section>\n\t\t\t\t<section class=\"elementor-section elementor-top-section elementor-element elementor-element-85cefe7 elementor-section-boxed elementor-section-height-default elementor-section-height-default\" data-id=\"85cefe7\" data-element_type=\"section\">\n\t\t\t\t\t\t<div class=\"elementor-container elementor-column-gap-default\">\n\t\t\t\t\t<div class=\"elementor-column elementor-col-100 elementor-top-column elementor-element elementor-element-116de26\" data-id=\"116de26\" data-element_type=\"column\">\n\t\t\t<div class=\"elementor-widget-wrap elementor-element-populated\">\n\t\t\t\t\t\t\t\t<div class=\"elementor-element elementor-element-4f800be elementor-widget elementor-widget-spacer\" data-id=\"4f800be\" data-element_type=\"widget\" data-widget_type=\"spacer.default\">\n\t\t\t\t<div class=\"elementor-widget-container\">\n\t\t\t\t\t<div class=\"elementor-spacer\">\n\t\t\t<div class=\"elementor-spacer-inner\"><\/div>\n\t\t<\/div>\n\t\t\t\t<\/div>\n\t\t\t\t<\/div>\n\t\t\t\t<div class=\"elementor-element elementor-element-70eb2df elementor-widget elementor-widget-heading\" data-id=\"70eb2df\" data-element_type=\"widget\" data-widget_type=\"heading.default\">\n\t\t\t\t<div class=\"elementor-widget-container\">\n\t\t\t<h3 class=\"elementor-heading-title elementor-size-default\">Master Marketing et Vente : des profils polyvalents et recherch\u00e9s\n\n<\/h3>\t\t<\/div>\n\t\t\t\t<\/div>\n\t\t\t\t\t<\/div>\n\t\t<\/div>\n\t\t\t\t\t\t\t<\/div>\n\t\t<\/section>\n\t\t\t\t<section class=\"elementor-section elementor-top-section elementor-element elementor-element-9b75033 elementor-section-boxed elementor-section-height-default elementor-section-height-default\" data-id=\"9b75033\" data-element_type=\"section\">\n\t\t\t\t\t\t<div class=\"elementor-container elementor-column-gap-default\">\n\t\t\t\t\t<div class=\"elementor-column elementor-col-100 elementor-top-column elementor-element elementor-element-0cf8259\" data-id=\"0cf8259\" data-element_type=\"column\">\n\t\t\t<div class=\"elementor-widget-wrap elementor-element-populated\">\n\t\t\t\t\t\t\t\t<div class=\"elementor-element elementor-element-b9e8079 elementor-widget elementor-widget-text-editor\" data-id=\"b9e8079\" data-element_type=\"widget\" data-widget_type=\"text-editor.default\">\n\t\t\t\t<div class=\"elementor-widget-container\">\n\t\t\t\t\t\t\t<p>Le marketing n\u2019est plus seulement cr\u00e9atif : il est aussi <b>data-driven<\/b>, strat\u00e9gique et orient\u00e9 performance. Les masters <b>Marketing et Vente<\/b> de l\u2019IGR-IAE Rennes forment des profils capables d\u2019intervenir aussi bien sur la <b>strat\u00e9gie<\/b> que sur l\u2019<b>op\u00e9rationnel<\/b>. En d\u00e9but de carri\u00e8re, les dipl\u00f4m\u00e9s occupent souvent des postes de <b>chef de produit, charg\u00e9 de marketing digital ou business developer<\/b>, avant d\u2019\u00e9voluer vers des fonctions de pilotage marketing.<\/p><p>Ces comp\u00e9tences trouvent des d\u00e9bouch\u00e9s dans de nombreux secteurs, notamment :<\/p><ul><li aria-level=\"1\">les <b>entreprises B2B et B2C,<\/b><br \/><br \/><\/li><li aria-level=\"1\">les <b>agences de communication et de marketing,<\/b><br \/><br \/><\/li><li aria-level=\"1\">les<b> start-ups et scale-ups<\/b>,<br \/><br \/><\/li><li aria-level=\"1\">les <b>acteurs de l\u2019e-commerce et des services num\u00e9riques<\/b>.<br \/><br \/><\/li><\/ul><p>\ud83d\udc49 Bonus non n\u00e9gligeable : ces comp\u00e9tences sont facilement transf\u00e9rables \u00e0 l\u2019international.<\/p>\t\t\t\t\t\t<\/div>\n\t\t\t\t<\/div>\n\t\t\t\t\t<\/div>\n\t\t<\/div>\n\t\t\t\t\t\t\t<\/div>\n\t\t<\/section>\n\t\t\t\t<section class=\"elementor-section elementor-top-section elementor-element elementor-element-ee0e0a0 elementor-section-boxed elementor-section-height-default elementor-section-height-default\" data-id=\"ee0e0a0\" data-element_type=\"section\">\n\t\t\t\t\t\t<div class=\"elementor-container elementor-column-gap-default\">\n\t\t\t\t\t<div class=\"elementor-column elementor-col-100 elementor-top-column elementor-element elementor-element-ea4b74d\" data-id=\"ea4b74d\" data-element_type=\"column\">\n\t\t\t<div class=\"elementor-widget-wrap elementor-element-populated\">\n\t\t\t\t\t\t\t\t<div class=\"elementor-element elementor-element-fd0a40c elementor-widget elementor-widget-spacer\" data-id=\"fd0a40c\" data-element_type=\"widget\" data-widget_type=\"spacer.default\">\n\t\t\t\t<div class=\"elementor-widget-container\">\n\t\t\t\t\t<div class=\"elementor-spacer\">\n\t\t\t<div class=\"elementor-spacer-inner\"><\/div>\n\t\t<\/div>\n\t\t\t\t<\/div>\n\t\t\t\t<\/div>\n\t\t\t\t<div class=\"elementor-element elementor-element-78dfed8 elementor-widget elementor-widget-heading\" data-id=\"78dfed8\" data-element_type=\"widget\" data-widget_type=\"heading.default\">\n\t\t\t\t<div class=\"elementor-widget-container\">\n\t\t\t<h3 class=\"elementor-heading-title elementor-size-default\">Master Ressources Humaines : des d\u00e9bouch\u00e9s toujours plus nombreux\n\n\n<\/h3>\t\t<\/div>\n\t\t\t\t<\/div>\n\t\t\t\t\t<\/div>\n\t\t<\/div>\n\t\t\t\t\t\t\t<\/div>\n\t\t<\/section>\n\t\t\t\t<section class=\"elementor-section elementor-top-section elementor-element elementor-element-5db115a elementor-section-boxed elementor-section-height-default elementor-section-height-default\" data-id=\"5db115a\" data-element_type=\"section\">\n\t\t\t\t\t\t<div class=\"elementor-container elementor-column-gap-default\">\n\t\t\t\t\t<div class=\"elementor-column elementor-col-100 elementor-top-column elementor-element elementor-element-b9ec580\" data-id=\"b9ec580\" data-element_type=\"column\">\n\t\t\t<div class=\"elementor-widget-wrap elementor-element-populated\">\n\t\t\t\t\t\t\t\t<div class=\"elementor-element elementor-element-014fa0d elementor-widget elementor-widget-text-editor\" data-id=\"014fa0d\" data-element_type=\"widget\" data-widget_type=\"text-editor.default\">\n\t\t\t\t<div class=\"elementor-widget-container\">\n\t\t\t\t\t\t\t<p>Les formations en <b>ressources humaines<\/b> \u00e0 l\u2019IGR-IAE Rennes couvrent deux parcours distincts, adapt\u00e9s \u00e0 des profils diff\u00e9rents tout en pr\u00e9parant \u00e0 des d\u00e9bouch\u00e9s compl\u00e9mentaires dans le domaine des RH.<\/p><p>Qu\u2019il s\u2019agisse du MRH ou du GRH-FA, les dipl\u00f4m\u00e9s acc\u00e8dent \u00e0 des postes tels que <b>charg\u00e9 de recrutement<\/b>, <b>responsable formation<\/b>, <b>consultant RH<\/b>, ou encore <b>HR business partner<\/b>, avant d\u2019\u00e9voluer vers des fonctions plus strat\u00e9giques comme <b>responsable du d\u00e9veloppement des comp\u00e9tences<\/b> ou <b>responsable des politiques RH<\/b>. Ces profils trouvent des opportunit\u00e9s dans <b>des organisations de toutes tailles, des cabinets de conseil aux grandes entreprises, en passant par le secteur public<\/b>.<\/p>\t\t\t\t\t\t<\/div>\n\t\t\t\t<\/div>\n\t\t\t\t\t<\/div>\n\t\t<\/div>\n\t\t\t\t\t\t\t<\/div>\n\t\t<\/section>\n\t\t\t\t<section class=\"elementor-section elementor-top-section elementor-element elementor-element-86d99a7 elementor-section-boxed elementor-section-height-default elementor-section-height-default\" data-id=\"86d99a7\" data-element_type=\"section\">\n\t\t\t\t\t\t<div class=\"elementor-container elementor-column-gap-default\">\n\t\t\t\t\t<div class=\"elementor-column elementor-col-100 elementor-top-column elementor-element elementor-element-5db8638\" data-id=\"5db8638\" data-element_type=\"column\">\n\t\t\t<div class=\"elementor-widget-wrap elementor-element-populated\">\n\t\t\t\t\t\t\t\t<div class=\"elementor-element elementor-element-9274f8f elementor-widget elementor-widget-spacer\" data-id=\"9274f8f\" data-element_type=\"widget\" data-widget_type=\"spacer.default\">\n\t\t\t\t<div class=\"elementor-widget-container\">\n\t\t\t\t\t<div class=\"elementor-spacer\">\n\t\t\t<div class=\"elementor-spacer-inner\"><\/div>\n\t\t<\/div>\n\t\t\t\t<\/div>\n\t\t\t\t<\/div>\n\t\t\t\t<div class=\"elementor-element elementor-element-f59cea1 elementor-widget elementor-widget-heading\" data-id=\"f59cea1\" data-element_type=\"widget\" data-widget_type=\"heading.default\">\n\t\t\t\t<div class=\"elementor-widget-container\">\n\t\t\t<h3 class=\"elementor-heading-title elementor-size-default\">Master Management et Administration des Entreprises (MAE) : des d\u00e9bouch\u00e9s transverses et \u00e9volutifs\n\n\n<\/h3>\t\t<\/div>\n\t\t\t\t<\/div>\n\t\t\t\t\t<\/div>\n\t\t<\/div>\n\t\t\t\t\t\t\t<\/div>\n\t\t<\/section>\n\t\t\t\t<section class=\"elementor-section elementor-top-section elementor-element elementor-element-d626f63 elementor-section-boxed elementor-section-height-default elementor-section-height-default\" data-id=\"d626f63\" data-element_type=\"section\">\n\t\t\t\t\t\t<div class=\"elementor-container elementor-column-gap-default\">\n\t\t\t\t\t<div class=\"elementor-column elementor-col-100 elementor-top-column elementor-element elementor-element-e6a3955\" data-id=\"e6a3955\" data-element_type=\"column\">\n\t\t\t<div class=\"elementor-widget-wrap elementor-element-populated\">\n\t\t\t\t\t\t\t\t<div class=\"elementor-element elementor-element-fd3511f elementor-widget elementor-widget-text-editor\" data-id=\"fd3511f\" data-element_type=\"widget\" data-widget_type=\"text-editor.default\">\n\t\t\t\t<div class=\"elementor-widget-container\">\n\t\t\t\t\t\t\t<p>Le <b>Master Management et Administration des Entreprises (MAE)<\/b> est une formation phare \u00e0 l\u2019IGR-IAE Rennes destin\u00e9e \u00e0 former des managers polyvalents et op\u00e9rationnels, capables d\u2019\u00e9voluer sur des fonctions transversales dans des organisations de toutes tailles.<\/p><p>Ce master s\u2019adresse \u00e0 des \u00e9tudiants issus de formations vari\u00e9es, souhaitant acqu\u00e9rir une <b>double comp\u00e9tence en gestion<\/b>, ainsi qu\u2019\u00e0 des professionnels en reconversion via le <b>parcours Cadres et Dirigeants<\/b>. Il combine des enseignements de strat\u00e9gie, de conduite de projet, de management des organisations et d\u2019analyse de performance, pour permettre \u00e0 chaque dipl\u00f4m\u00e9 de devenir un <b>acteur cl\u00e9 dans la prise de d\u00e9cision strat\u00e9gique<\/b>.<\/p><p>En d\u00e9but de carri\u00e8re, les dipl\u00f4m\u00e9s du MAE occupent souvent des fonctions telles que <b>chef de projet<\/b>, <b>manager op\u00e9rationnel<\/b>, <b>consultant<\/b>, <b>responsable d\u2019\u00e9quipe ou de d\u00e9partement<\/b>. Selon le parcours choisi (Management ou Cadres et Dirigeants), ils peuvent \u00e9galement s\u2019orienter vers des responsabilit\u00e9s plus strat\u00e9giques ou vers des fonctions de direction.<\/p><p>Ces comp\u00e9tences sont recherch\u00e9es dans les secteurs <b>conseil<\/b>, <b>services<\/b>, <b>industrie<\/b>, <b>administrations publiques<\/b>, <b>ONG<\/b> ou <b>entreprises en croissance<\/b>, o\u00f9 la capacit\u00e9 \u00e0 coordonner des \u00e9quipes, piloter des projets et accompagner les transformations organisationnelles est essentielle.<\/p><p>\ud83d\udc49 La force du MAE r\u00e9side dans sa <b>polyvalence<\/b>, qui permet \u00e0 la fois une insertion rapide et des possibilit\u00e9s d\u2019\u00e9volution vers des postes \u00e0 responsabilit\u00e9.<\/p>\t\t\t\t\t\t<\/div>\n\t\t\t\t<\/div>\n\t\t\t\t\t<\/div>\n\t\t<\/div>\n\t\t\t\t\t\t\t<\/div>\n\t\t<\/section>\n\t\t\t\t<section class=\"elementor-section elementor-top-section elementor-element elementor-element-77d67f1 elementor-section-boxed elementor-section-height-default elementor-section-height-default\" data-id=\"77d67f1\" data-element_type=\"section\">\n\t\t\t\t\t\t<div class=\"elementor-container elementor-column-gap-default\">\n\t\t\t\t\t<div class=\"elementor-column elementor-col-100 elementor-top-column elementor-element elementor-element-9eb0a9b\" data-id=\"9eb0a9b\" data-element_type=\"column\">\n\t\t\t<div class=\"elementor-widget-wrap elementor-element-populated\">\n\t\t\t\t\t\t\t\t<div class=\"elementor-element elementor-element-9d06331 elementor-widget elementor-widget-heading\" data-id=\"9d06331\" data-element_type=\"widget\" data-widget_type=\"heading.default\">\n\t\t\t\t<div class=\"elementor-widget-container\">\n\t\t\t<h2 class=\"elementor-heading-title elementor-size-default\">Alternance, stages, projets : le vrai moteur de l\u2019insertion professionnelle<\/h2>\t\t<\/div>\n\t\t\t\t<\/div>\n\t\t\t\t\t<\/div>\n\t\t<\/div>\n\t\t\t\t\t\t\t<\/div>\n\t\t<\/section>\n\t\t\t\t<section class=\"elementor-section elementor-top-section elementor-element elementor-element-6dd558a elementor-section-boxed elementor-section-height-default elementor-section-height-default\" data-id=\"6dd558a\" data-element_type=\"section\">\n\t\t\t\t\t\t<div class=\"elementor-container elementor-column-gap-default\">\n\t\t\t\t\t<div class=\"elementor-column elementor-col-100 elementor-top-column elementor-element elementor-element-67479bf\" data-id=\"67479bf\" data-element_type=\"column\">\n\t\t\t<div class=\"elementor-widget-wrap elementor-element-populated\">\n\t\t\t\t\t\t\t\t<div class=\"elementor-element elementor-element-c513ba0 elementor-widget elementor-widget-text-editor\" data-id=\"c513ba0\" data-element_type=\"widget\" data-widget_type=\"text-editor.default\">\n\t\t\t\t<div class=\"elementor-widget-container\">\n\t\t\t\t\t\t\t<p>L\u2019un des points forts de l\u2019IGR-IAE Rennes, c\u2019est la place accord\u00e9e \u00e0 l\u2019<b>exp\u00e9rience en entreprise<\/b>.<\/p><ul><li aria-level=\"1\">stages longs,<\/li><li aria-level=\"1\">contrats d\u2019alternance,<\/li><li aria-level=\"1\">projets r\u00e9els confi\u00e9s par des entreprises,<\/li><li aria-level=\"1\">interventions de professionnels.<br \/><br \/><\/li><\/ul><p>R\u00e9sultat : les \u00e9tudiants sortent avec <b>un CV d\u00e9j\u00e0 bien rempli<\/b>, une compr\u00e9hension concr\u00e8te des enjeux m\u00e9tier, et souvent\u2026 un premier r\u00e9seau professionnel.<\/p><p>Et non, le r\u00e9seau LinkedIn ne se construit pas uniquement apr\u00e8s l\u2019obtention du dipl\u00f4me !<\/p>\t\t\t\t\t\t<\/div>\n\t\t\t\t<\/div>\n\t\t\t\t\t<\/div>\n\t\t<\/div>\n\t\t\t\t\t\t\t<\/div>\n\t\t<\/section>\n\t\t\t\t<section class=\"elementor-section elementor-top-section elementor-element elementor-element-3732ac3 elementor-section-boxed elementor-section-height-default elementor-section-height-default\" data-id=\"3732ac3\" data-element_type=\"section\">\n\t\t\t\t\t\t<div class=\"elementor-container elementor-column-gap-default\">\n\t\t\t\t\t<div class=\"elementor-column elementor-col-100 elementor-top-column elementor-element elementor-element-d33c3b0\" data-id=\"d33c3b0\" data-element_type=\"column\">\n\t\t\t<div class=\"elementor-widget-wrap elementor-element-populated\">\n\t\t\t\t\t\t\t\t<div class=\"elementor-element elementor-element-bced0f4 elementor-widget elementor-widget-heading\" data-id=\"bced0f4\" data-element_type=\"widget\" data-widget_type=\"heading.default\">\n\t\t\t\t<div class=\"elementor-widget-container\">\n\t\t\t<h2 class=\"elementor-heading-title elementor-size-default\">Que deviennent les dipl\u00f4m\u00e9s de l\u2019IGR-IAE Rennes ? (spoiler : ils travaillent)<\/h2>\t\t<\/div>\n\t\t\t\t<\/div>\n\t\t\t\t\t<\/div>\n\t\t<\/div>\n\t\t\t\t\t\t\t<\/div>\n\t\t<\/section>\n\t\t\t\t<section class=\"elementor-section elementor-top-section elementor-element elementor-element-b272b0d elementor-section-boxed elementor-section-height-default elementor-section-height-default\" data-id=\"b272b0d\" data-element_type=\"section\">\n\t\t\t\t\t\t<div class=\"elementor-container elementor-column-gap-default\">\n\t\t\t\t\t<div class=\"elementor-column elementor-col-100 elementor-top-column elementor-element elementor-element-e84f10c\" data-id=\"e84f10c\" data-element_type=\"column\">\n\t\t\t<div class=\"elementor-widget-wrap elementor-element-populated\">\n\t\t\t\t\t\t\t\t<div class=\"elementor-element elementor-element-fa9fadb elementor-widget elementor-widget-text-editor\" data-id=\"fa9fadb\" data-element_type=\"widget\" data-widget_type=\"text-editor.default\">\n\t\t\t\t<div class=\"elementor-widget-container\">\n\t\t\t\t\t\t\t<p>Les enqu\u00eates d\u2019insertion montrent des <b>taux d\u2019emploi \u00e9lev\u00e9s<\/b> dans les mois suivant l\u2019obtention du master, avec :<\/p><ul><li aria-level=\"1\">une majorit\u00e9 de CDI, (selon notre dernier barom\u00e8tre<a href=\"https:\/\/www.igr.univ-rennes.fr\/wp-content\/uploads\/2024\/01\/Enquete-IP-2023-Barometre-general-promotion-2022.pdf\">\u00b9<\/a>, 82% de nos dipl\u00f4m\u00e9s travaillaient en CDI 6 mois apr\u00e8s leur dipl\u00f4me)<\/li><li aria-level=\"1\">des postes en ad\u00e9quation avec le niveau de dipl\u00f4me,<\/li><li aria-level=\"1\">une insertion aussi bien en Bretagne qu\u2019au niveau national.<\/li><\/ul><p>Beaucoup de dipl\u00f4m\u00e9s d\u00e9butent \u00e0 Rennes ou dans l\u2019Ouest, avant d\u2019\u00e9voluer vers d\u2019autres r\u00e9gions ou \u00e0 l\u2019international. L\u2019\u00e9cole agit comme un <b>acc\u00e9l\u00e9rateur de trajectoire<\/b>, pas comme un enfermement g\u00e9ographique.<\/p><ul><li aria-level=\"1\"><i>Insertion verbatim d\u2019un ancien \u00e9tudiant<\/i><\/li><\/ul><p>Vous l\u2019aurez compris, choisir une <b>\u00e9cole de management \u00e0 Rennes<\/b>, et en particulier l\u2019IGR-IAE Rennes, rel\u00e8ve d\u2019un choix r\u00e9fl\u00e9chi : celui d\u2019une<b> formation reconnue par l\u2019\u00c9tat<\/b>, connect\u00e9e aux r\u00e9alit\u00e9s de l\u2019entreprise et pens\u00e9e pour l\u2019insertion professionnelle. Derri\u00e8re le dipl\u00f4me, ce sont des <b>m\u00e9tiers clairement identifi\u00e9s<\/b>, des <b>secteurs qui recrutent<\/b> et des <b>parcours professionnels concrets<\/b> qui s\u2019ouvrent aux dipl\u00f4m\u00e9s.<\/p><p>Si l\u2019objectif est de construire une carri\u00e8re solide et \u00e9volutive apr\u00e8s un master, mieux vaut s\u2019appuyer sur une \u00e9cole qui pense d\u00e9j\u00e0 \u00e0 l\u2019apr\u00e8s-dipl\u00f4me !<\/p><p>Pour en savoir plus sur les opportunit\u00e9s propos\u00e9s par l\u2019IGR-IAE Rennes, consultez notre guide :<\/p><p>\u00c9cole de management \u00e0 Rennes : quel parcours est fait pour vous ?<\/p>\t\t\t\t\t\t<\/div>\n\t\t\t\t<\/div>\n\t\t\t\t\t<\/div>\n\t\t<\/div>\n\t\t\t\t\t\t\t<\/div>\n\t\t<\/section>\n\t\t\t\t<section class=\"elementor-section elementor-top-section elementor-element elementor-element-10b33640 elementor-section-boxed elementor-section-height-default elementor-section-height-default\" data-id=\"10b33640\" data-element_type=\"section\">\n\t\t\t\t\t\t<div class=\"elementor-container elementor-column-gap-default\">\n\t\t\t\t\t<div class=\"elementor-column elementor-col-100 elementor-top-column elementor-element elementor-element-4291ace\" data-id=\"4291ace\" data-element_type=\"column\">\n\t\t\t<div class=\"elementor-widget-wrap elementor-element-populated\">\n\t\t\t\t\t\t\t\t<div class=\"elementor-element elementor-element-65756d4f elementor-widget elementor-widget-spacer\" data-id=\"65756d4f\" data-element_type=\"widget\" data-widget_type=\"spacer.default\">\n\t\t\t\t<div class=\"elementor-widget-container\">\n\t\t\t\t\t<div class=\"elementor-spacer\">\n\t\t\t<div class=\"elementor-spacer-inner\"><\/div>\n\t\t<\/div>\n\t\t\t\t<\/div>\n\t\t\t\t<\/div>\n\t\t\t\t\t<\/div>\n\t\t<\/div>\n\t\t\t\t\t\t\t<\/div>\n\t\t<\/section>\n\t\t\t\t\t\t\t<\/div>\n\t\t","protected":false},"excerpt":{"rendered":"<p>\u00c9cole de management Rennes : quels d\u00e9bouch\u00e9s apr\u00e8s un master \u00e0 l\u2019IGR-IAE Rennes ? Choisir une \u00e9cole de management \u00e0 [&hellip;]<\/p>\n","protected":false},"author":47,"featured_media":580204,"parent":0,"menu_order":0,"comment_status":"closed","ping_status":"closed","template":"","meta":{"footnotes":""},"yoast_head":"<!-- This site is optimized with the Yoast SEO plugin v21.1 - https:\/\/yoast.com\/wordpress\/plugins\/seo\/ -->\n<title>D\u00e9couvrez les d\u00e9bouch\u00e9s apr\u00e8s un master \u00e0 l\u2019\u00e9cole de management \u00e0 l\u2019IGR-IAE Rennes<\/title>\n<meta name=\"description\" content=\"\u00c9cole de management \u00e0 Rennes : d\u00e9couvrez notre tour d\u2019horizon des d\u00e9bouch\u00e9s professionnels apr\u00e8s un master \u00e0 l\u2019IGR-IAE Rennes.\" \/>\n<meta name=\"robots\" content=\"index, follow, max-snippet:-1, max-image-preview:large, max-video-preview:-1\" \/>\n<link rel=\"canonical\" href=\"https:\/\/www.igr.univ-rennes.fr\/fr\/ecole-management-rennes-debouches\/\" \/>\n<meta property=\"og:locale\" content=\"fr_FR\" \/>\n<meta property=\"og:type\" content=\"article\" \/>\n<meta property=\"og:title\" content=\"D\u00e9couvrez les d\u00e9bouch\u00e9s apr\u00e8s un master \u00e0 l\u2019\u00e9cole de management \u00e0 l\u2019IGR-IAE Rennes\" \/>\n<meta property=\"og:description\" content=\"\u00c9cole de management \u00e0 Rennes : d\u00e9couvrez notre tour d\u2019horizon des d\u00e9bouch\u00e9s professionnels apr\u00e8s un master \u00e0 l\u2019IGR-IAE Rennes.\" \/>\n<meta property=\"og:url\" content=\"https:\/\/www.igr.univ-rennes.fr\/fr\/ecole-management-rennes-debouches\/\" \/>\n<meta property=\"og:site_name\" content=\"IGR IAE Rennes\" \/>\n<meta property=\"article:modified_time\" content=\"2026-04-27T13:16:49+00:00\" \/>\n<meta property=\"og:image\" content=\"https:\/\/www.igr.univ-rennes.fr\/wp-content\/uploads\/2026\/04\/2024-Remise-des-diplomes-IGR-Gaelle-Bizeul-58-scaled.webp\" \/>\n\t<meta property=\"og:image:width\" content=\"2560\" \/>\n\t<meta property=\"og:image:height\" content=\"1706\" \/>\n\t<meta property=\"og:image:type\" content=\"image\/webp\" \/>\n<meta name=\"twitter:card\" content=\"summary_large_image\" \/>\n<meta name=\"twitter:label1\" content=\"Dur\u00e9e de lecture estim\u00e9e\" \/>\n\t<meta name=\"twitter:data1\" content=\"8 minutes\" \/>\n<script type=\"application\/ld+json\" class=\"yoast-schema-graph\">{\"@context\":\"https:\/\/schema.org\",\"@graph\":[{\"@type\":\"WebPage\",\"@id\":\"https:\/\/www.igr.univ-rennes.fr\/fr\/ecole-management-rennes-debouches\/\",\"url\":\"https:\/\/www.igr.univ-rennes.fr\/fr\/ecole-management-rennes-debouches\/\",\"name\":\"D\u00e9couvrez les d\u00e9bouch\u00e9s apr\u00e8s un master \u00e0 l\u2019\u00e9cole de management \u00e0 l\u2019IGR-IAE Rennes\",\"isPartOf\":{\"@id\":\"https:\/\/www.igr.univ-rennes.fr\/fr\/#website\"},\"datePublished\":\"2026-02-13T16:14:42+00:00\",\"dateModified\":\"2026-04-27T13:16:49+00:00\",\"description\":\"\u00c9cole de management \u00e0 Rennes : d\u00e9couvrez notre tour d\u2019horizon des d\u00e9bouch\u00e9s professionnels apr\u00e8s un master \u00e0 l\u2019IGR-IAE Rennes.\",\"breadcrumb\":{\"@id\":\"https:\/\/www.igr.univ-rennes.fr\/fr\/ecole-management-rennes-debouches\/#breadcrumb\"},\"inLanguage\":\"fr-FR\",\"potentialAction\":[{\"@type\":\"ReadAction\",\"target\":[\"https:\/\/www.igr.univ-rennes.fr\/fr\/ecole-management-rennes-debouches\/\"]}]},{\"@type\":\"BreadcrumbList\",\"@id\":\"https:\/\/www.igr.univ-rennes.fr\/fr\/ecole-management-rennes-debouches\/#breadcrumb\",\"itemListElement\":[{\"@type\":\"ListItem\",\"position\":1,\"name\":\"Accueil\",\"item\":\"https:\/\/www.igr.univ-rennes.fr\/fr\/\"},{\"@type\":\"ListItem\",\"position\":2,\"name\":\"D\u00e9couvrez les d\u00e9bouch\u00e9s apr\u00e8s un master \u00e0 l\u2019\u00e9cole de management \u00e0 l\u2019IGR-IAE Rennes\"}]},{\"@type\":\"WebSite\",\"@id\":\"https:\/\/www.igr.univ-rennes.fr\/fr\/#website\",\"url\":\"https:\/\/www.igr.univ-rennes.fr\/fr\/\",\"name\":\"IGR IAE Rennes\",\"description\":\"\",\"publisher\":{\"@id\":\"https:\/\/www.igr.univ-rennes.fr\/fr\/#organization\"},\"potentialAction\":[{\"@type\":\"SearchAction\",\"target\":{\"@type\":\"EntryPoint\",\"urlTemplate\":\"https:\/\/www.igr.univ-rennes.fr\/fr\/?s={search_term_string}\"},\"query-input\":\"required name=search_term_string\"}],\"inLanguage\":\"fr-FR\"},{\"@type\":\"Organization\",\"@id\":\"https:\/\/www.igr.univ-rennes.fr\/fr\/#organization\",\"name\":\"IGR IAE Rennes\",\"url\":\"https:\/\/www.igr.univ-rennes.fr\/fr\/\",\"logo\":{\"@type\":\"ImageObject\",\"inLanguage\":\"fr-FR\",\"@id\":\"https:\/\/www.igr.univ-rennes.fr\/fr\/#\/schema\/logo\/image\/\",\"url\":\"https:\/\/www.igr.univ-rennes.fr\/wp-content\/uploads\/2020\/06\/Logo-IGR-IAE-Rennes_Blanc-300dpi-RVB-e1597327228224.png\",\"contentUrl\":\"https:\/\/www.igr.univ-rennes.fr\/wp-content\/uploads\/2020\/06\/Logo-IGR-IAE-Rennes_Blanc-300dpi-RVB-e1597327228224.png\",\"width\":290,\"height\":107,\"caption\":\"IGR IAE Rennes\"},\"image\":{\"@id\":\"https:\/\/www.igr.univ-rennes.fr\/fr\/#\/schema\/logo\/image\/\"}}]}<\/script>\n<!-- \/ Yoast SEO plugin. -->","yoast_head_json":{"title":"D\u00e9couvrez les d\u00e9bouch\u00e9s apr\u00e8s un master \u00e0 l\u2019\u00e9cole de management \u00e0 l\u2019IGR-IAE Rennes","description":"\u00c9cole de management \u00e0 Rennes : d\u00e9couvrez notre tour d\u2019horizon des d\u00e9bouch\u00e9s professionnels apr\u00e8s un master \u00e0 l\u2019IGR-IAE Rennes.","robots":{"index":"index","follow":"follow","max-snippet":"max-snippet:-1","max-image-preview":"max-image-preview:large","max-video-preview":"max-video-preview:-1"},"canonical":"https:\/\/www.igr.univ-rennes.fr\/fr\/ecole-management-rennes-debouches\/","og_locale":"fr_FR","og_type":"article","og_title":"D\u00e9couvrez les d\u00e9bouch\u00e9s apr\u00e8s un master \u00e0 l\u2019\u00e9cole de management \u00e0 l\u2019IGR-IAE Rennes","og_description":"\u00c9cole de management \u00e0 Rennes : d\u00e9couvrez notre tour d\u2019horizon des d\u00e9bouch\u00e9s professionnels apr\u00e8s un master \u00e0 l\u2019IGR-IAE Rennes.","og_url":"https:\/\/www.igr.univ-rennes.fr\/fr\/ecole-management-rennes-debouches\/","og_site_name":"IGR IAE Rennes","article_modified_time":"2026-04-27T13:16:49+00:00","og_image":[{"width":2560,"height":1706,"url":"https:\/\/www.igr.univ-rennes.fr\/wp-content\/uploads\/2026\/04\/2024-Remise-des-diplomes-IGR-Gaelle-Bizeul-58-scaled.webp","type":"image\/webp"}],"twitter_card":"summary_large_image","twitter_misc":{"Dur\u00e9e de lecture estim\u00e9e":"8 minutes"},"schema":{"@context":"https:\/\/schema.org","@graph":[{"@type":"WebPage","@id":"https:\/\/www.igr.univ-rennes.fr\/fr\/ecole-management-rennes-debouches\/","url":"https:\/\/www.igr.univ-rennes.fr\/fr\/ecole-management-rennes-debouches\/","name":"D\u00e9couvrez les d\u00e9bouch\u00e9s apr\u00e8s un master \u00e0 l\u2019\u00e9cole de management \u00e0 l\u2019IGR-IAE Rennes","isPartOf":{"@id":"https:\/\/www.igr.univ-rennes.fr\/fr\/#website"},"datePublished":"2026-02-13T16:14:42+00:00","dateModified":"2026-04-27T13:16:49+00:00","description":"\u00c9cole de management \u00e0 Rennes : d\u00e9couvrez notre tour d\u2019horizon des d\u00e9bouch\u00e9s professionnels apr\u00e8s un master \u00e0 l\u2019IGR-IAE Rennes.","breadcrumb":{"@id":"https:\/\/www.igr.univ-rennes.fr\/fr\/ecole-management-rennes-debouches\/#breadcrumb"},"inLanguage":"fr-FR","potentialAction":[{"@type":"ReadAction","target":["https:\/\/www.igr.univ-rennes.fr\/fr\/ecole-management-rennes-debouches\/"]}]},{"@type":"BreadcrumbList","@id":"https:\/\/www.igr.univ-rennes.fr\/fr\/ecole-management-rennes-debouches\/#breadcrumb","itemListElement":[{"@type":"ListItem","position":1,"name":"Accueil","item":"https:\/\/www.igr.univ-rennes.fr\/fr\/"},{"@type":"ListItem","position":2,"name":"D\u00e9couvrez les d\u00e9bouch\u00e9s apr\u00e8s un master \u00e0 l\u2019\u00e9cole de management \u00e0 l\u2019IGR-IAE Rennes"}]},{"@type":"WebSite","@id":"https:\/\/www.igr.univ-rennes.fr\/fr\/#website","url":"https:\/\/www.igr.univ-rennes.fr\/fr\/","name":"IGR IAE Rennes","description":"","publisher":{"@id":"https:\/\/www.igr.univ-rennes.fr\/fr\/#organization"},"potentialAction":[{"@type":"SearchAction","target":{"@type":"EntryPoint","urlTemplate":"https:\/\/www.igr.univ-rennes.fr\/fr\/?s={search_term_string}"},"query-input":"required name=search_term_string"}],"inLanguage":"fr-FR"},{"@type":"Organization","@id":"https:\/\/www.igr.univ-rennes.fr\/fr\/#organization","name":"IGR IAE Rennes","url":"https:\/\/www.igr.univ-rennes.fr\/fr\/","logo":{"@type":"ImageObject","inLanguage":"fr-FR","@id":"https:\/\/www.igr.univ-rennes.fr\/fr\/#\/schema\/logo\/image\/","url":"https:\/\/www.igr.univ-rennes.fr\/wp-content\/uploads\/2020\/06\/Logo-IGR-IAE-Rennes_Blanc-300dpi-RVB-e1597327228224.png","contentUrl":"https:\/\/www.igr.univ-rennes.fr\/wp-content\/uploads\/2020\/06\/Logo-IGR-IAE-Rennes_Blanc-300dpi-RVB-e1597327228224.png","width":290,"height":107,"caption":"IGR IAE Rennes"},"image":{"@id":"https:\/\/www.igr.univ-rennes.fr\/fr\/#\/schema\/logo\/image\/"}}]}},"_links":{"self":[{"href":"https:\/\/www.igr.univ-rennes.fr\/fr\/wp-json\/wp\/v2\/pages\/561729"}],"collection":[{"href":"https:\/\/www.igr.univ-rennes.fr\/fr\/wp-json\/wp\/v2\/pages"}],"about":[{"href":"https:\/\/www.igr.univ-rennes.fr\/fr\/wp-json\/wp\/v2\/types\/page"}],"author":[{"embeddable":true,"href":"https:\/\/www.igr.univ-rennes.fr\/fr\/wp-json\/wp\/v2\/users\/47"}],"replies":[{"embeddable":true,"href":"https:\/\/www.igr.univ-rennes.fr\/fr\/wp-json\/wp\/v2\/comments?post=561729"}],"version-history":[{"count":11,"href":"https:\/\/www.igr.univ-rennes.fr\/fr\/wp-json\/wp\/v2\/pages\/561729\/revisions"}],"predecessor-version":[{"id":576632,"href":"https:\/\/www.igr.univ-rennes.fr\/fr\/wp-json\/wp\/v2\/pages\/561729\/revisions\/576632"}],"wp:featuredmedia":[{"embeddable":true,"href":"https:\/\/www.igr.univ-rennes.fr\/fr\/wp-json\/wp\/v2\/media\/580204"}],"wp:attachment":[{"href":"https:\/\/www.igr.univ-rennes.fr\/fr\/wp-json\/wp\/v2\/media?parent=561729"}],"curies":[{"name":"wp","href":"https:\/\/api.w.org\/{rel}","templated":true}]}}