{"id":452377,"date":"2024-12-06T16:34:16","date_gmt":"2024-12-06T15:34:16","guid":{"rendered":"https:\/\/www.igr.univ-rennes.fr\/?page_id=452377"},"modified":"2025-09-22T16:11:50","modified_gmt":"2025-09-22T14:11:50","slug":"mention-marketing-vente","status":"publish","type":"page","link":"https:\/\/www.igr.univ-rennes.fr\/fr\/mention-marketing-vente\/","title":{"rendered":"Mention Marketing &#038; Vente"},"content":{"rendered":"\t\t<div data-elementor-type=\"wp-page\" data-elementor-id=\"452377\" class=\"elementor elementor-452377\" data-elementor-post-type=\"page\">\n\t\t\t\t\t\t<section class=\"elementor-section elementor-top-section elementor-element elementor-element-97cb026 elementor-section-boxed elementor-section-height-default elementor-section-height-default\" data-id=\"97cb026\" data-element_type=\"section\" data-e-type=\"section\" data-settings=\"{&quot;background_background&quot;:&quot;classic&quot;}\">\n\t\t\t\t\t\t<div class=\"elementor-container elementor-column-gap-default\">\n\t\t\t\t\t<div class=\"elementor-column elementor-col-100 elementor-top-column elementor-element elementor-element-5207d91\" data-id=\"5207d91\" data-element_type=\"column\" data-e-type=\"column\">\n\t\t\t<div class=\"elementor-widget-wrap elementor-element-populated\">\n\t\t\t\t\t\t<div class=\"elementor-element elementor-element-a44e02c elementor-widget elementor-widget-heading\" data-id=\"a44e02c\" data-element_type=\"widget\" data-e-type=\"widget\" data-widget_type=\"heading.default\">\n\t\t\t\t<div class=\"elementor-widget-container\">\n\t\t\t\t\t<h2 class=\"elementor-heading-title elementor-size-default\">Mention Marketing et Vente<\/h2>\t\t\t\t<\/div>\n\t\t\t\t<\/div>\n\t\t\t\t\t<\/div>\n\t\t<\/div>\n\t\t\t\t\t<\/div>\n\t\t<\/section>\n\t\t\t\t<section class=\"elementor-section elementor-top-section elementor-element elementor-element-7c049c2 elementor-section-height-min-height elementor-section-boxed elementor-section-height-default elementor-section-items-middle\" data-id=\"7c049c2\" data-element_type=\"section\" data-e-type=\"section\" data-settings=\"{&quot;background_background&quot;:&quot;classic&quot;}\">\n\t\t\t\t\t\t\t<div class=\"elementor-background-overlay\"><\/div>\n\t\t\t\t\t\t\t<div class=\"elementor-container elementor-column-gap-default\">\n\t\t\t\t\t<div class=\"elementor-column elementor-col-100 elementor-top-column elementor-element elementor-element-f1552a8\" data-id=\"f1552a8\" data-element_type=\"column\" data-e-type=\"column\">\n\t\t\t<div class=\"elementor-widget-wrap\">\n\t\t\t\t\t\t\t<\/div>\n\t\t<\/div>\n\t\t\t\t\t<\/div>\n\t\t<\/section>\n\t\t\t\t<section class=\"elementor-section elementor-top-section elementor-element elementor-element-13a12c5 elementor-section-height-min-height elementor-section-boxed elementor-section-height-default elementor-section-items-middle\" data-id=\"13a12c5\" data-element_type=\"section\" data-e-type=\"section\" data-settings=\"{&quot;background_background&quot;:&quot;classic&quot;,&quot;motion_fx_motion_fx_scrolling&quot;:&quot;yes&quot;,&quot;motion_fx_devices&quot;:[&quot;widescreen&quot;,&quot;desktop&quot;,&quot;laptop&quot;,&quot;tablet_extra&quot;,&quot;tablet&quot;,&quot;mobile&quot;]}\">\n\t\t\t\t\t\t\t<div class=\"elementor-background-overlay\"><\/div>\n\t\t\t\t\t\t\t<div class=\"elementor-container elementor-column-gap-default\">\n\t\t\t\t\t<div class=\"elementor-column elementor-col-50 elementor-top-column elementor-element elementor-element-7540575\" data-id=\"7540575\" data-element_type=\"column\" data-e-type=\"column\" data-settings=\"{&quot;background_background&quot;:&quot;classic&quot;}\">\n\t\t\t<div class=\"elementor-widget-wrap elementor-element-populated\">\n\t\t\t\t\t<div class=\"elementor-background-overlay\"><\/div>\n\t\t\t\t\t\t<div class=\"elementor-element elementor-element-d6ee576 elementor-widget elementor-widget-heading\" data-id=\"d6ee576\" data-element_type=\"widget\" data-e-type=\"widget\" data-widget_type=\"heading.default\">\n\t\t\t\t<div class=\"elementor-widget-container\">\n\t\t\t\t\t<p class=\"elementor-heading-title elementor-size-default\">La mention Marketing et Vente propos\u00e9e par l\u2019IGR-IAE Rennes vise \u00e0 former des professionnels capables d\u2019\u00e9laborer et de mettre en \u0153uvre des strat\u00e9gies marketing innovantes et adapt\u00e9es aux besoins d\u2019organisations diverses. <\/p>\t\t\t\t<\/div>\n\t\t\t\t<\/div>\n\t\t\t\t\t<\/div>\n\t\t<\/div>\n\t\t\t\t<div class=\"elementor-column elementor-col-50 elementor-top-column elementor-element elementor-element-7a65fbb\" data-id=\"7a65fbb\" data-element_type=\"column\" data-e-type=\"column\" data-settings=\"{&quot;background_background&quot;:&quot;classic&quot;}\">\n\t\t\t<div class=\"elementor-widget-wrap elementor-element-populated\">\n\t\t\t\t\t\t<div class=\"elementor-element elementor-element-f8c912a elementor-widget elementor-widget-image\" data-id=\"f8c912a\" data-element_type=\"widget\" data-e-type=\"widget\" data-widget_type=\"image.default\">\n\t\t\t\t<div class=\"elementor-widget-container\">\n\t\t\t\t\t\t\t\t\t\t\t\t\t\t\t<img fetchpriority=\"high\" decoding=\"async\" width=\"800\" height=\"534\" src=\"https:\/\/www.igr.univ-rennes.fr\/wp-content\/uploads\/2024\/12\/DSC06067-1024x683.jpg\" class=\"attachment-large size-large wp-image-454664\" alt=\"\" srcset=\"https:\/\/www.igr.univ-rennes.fr\/wp-content\/uploads\/2024\/12\/DSC06067-1024x683.jpg 1024w, https:\/\/www.igr.univ-rennes.fr\/wp-content\/uploads\/2024\/12\/DSC06067-300x200.jpg 300w, https:\/\/www.igr.univ-rennes.fr\/wp-content\/uploads\/2024\/12\/DSC06067-768x512.jpg 768w, https:\/\/www.igr.univ-rennes.fr\/wp-content\/uploads\/2024\/12\/DSC06067-391x260.jpg 391w, https:\/\/www.igr.univ-rennes.fr\/wp-content\/uploads\/2024\/12\/DSC06067-1536x1024.jpg 1536w, https:\/\/www.igr.univ-rennes.fr\/wp-content\/uploads\/2024\/12\/DSC06067-2048x1365.jpg 2048w\" sizes=\"(max-width: 800px) 100vw, 800px\" \/>\t\t\t\t\t\t\t\t\t\t\t\t\t\t\t<\/div>\n\t\t\t\t<\/div>\n\t\t\t\t\t<\/div>\n\t\t<\/div>\n\t\t\t\t\t<\/div>\n\t\t<\/section>\n\t\t\t\t<section class=\"elementor-section elementor-top-section elementor-element elementor-element-f748a47 elementor-section-boxed elementor-section-height-default elementor-section-height-default\" data-id=\"f748a47\" data-element_type=\"section\" data-e-type=\"section\">\n\t\t\t\t\t\t<div class=\"elementor-container elementor-column-gap-default\">\n\t\t\t\t\t<div class=\"elementor-column elementor-col-100 elementor-top-column elementor-element elementor-element-99306ca\" data-id=\"99306ca\" data-element_type=\"column\" data-e-type=\"column\">\n\t\t\t<div class=\"elementor-widget-wrap elementor-element-populated\">\n\t\t\t\t\t\t<div class=\"elementor-element elementor-element-c1b91c7 elementor-tabs-view-vertical elementor-widget elementor-widget-tabs\" data-id=\"c1b91c7\" data-element_type=\"widget\" data-e-type=\"widget\" data-widget_type=\"tabs.default\">\n\t\t\t\t<div class=\"elementor-widget-container\">\n\t\t\t\t\t\t\t<div class=\"elementor-tabs\">\n\t\t\t<div class=\"elementor-tabs-wrapper\" role=\"tablist\" >\n\t\t\t\t\t\t\t\t\t<div id=\"elementor-tab-title-2031\" class=\"elementor-tab-title elementor-tab-desktop-title\" aria-selected=\"true\" data-tab=\"1\" role=\"tab\" tabindex=\"0\" aria-controls=\"elementor-tab-content-2031\" aria-expanded=\"false\">Pr\u00e9sentation et organisation<\/div>\n\t\t\t\t\t\t\t\t\t<div id=\"elementor-tab-title-2032\" class=\"elementor-tab-title elementor-tab-desktop-title\" aria-selected=\"false\" data-tab=\"2\" role=\"tab\" tabindex=\"-1\" aria-controls=\"elementor-tab-content-2032\" aria-expanded=\"false\">Atouts du Master Marketing & Vente<\/div>\n\t\t\t\t\t\t\t\t\t<div id=\"elementor-tab-title-2033\" class=\"elementor-tab-title elementor-tab-desktop-title\" aria-selected=\"false\" data-tab=\"3\" role=\"tab\" tabindex=\"-1\" aria-controls=\"elementor-tab-content-2033\" aria-expanded=\"false\">5 parcours sp\u00e9cifiques<\/div>\n\t\t\t\t\t\t\t\t\t<div id=\"elementor-tab-title-2034\" class=\"elementor-tab-title elementor-tab-desktop-title\" aria-selected=\"false\" data-tab=\"4\" role=\"tab\" tabindex=\"-1\" aria-controls=\"elementor-tab-content-2034\" aria-expanded=\"false\">Pr\u00e9-requis<\/div>\n\t\t\t\t\t\t\t\t\t<div id=\"elementor-tab-title-2035\" class=\"elementor-tab-title elementor-tab-desktop-title\" aria-selected=\"false\" data-tab=\"5\" role=\"tab\" tabindex=\"-1\" aria-controls=\"elementor-tab-content-2035\" aria-expanded=\"false\">D\u00e9bouch\u00e9s<\/div>\n\t\t\t\t\t\t\t<\/div>\n\t\t\t<div class=\"elementor-tabs-content-wrapper\" role=\"tablist\" aria-orientation=\"vertical\">\n\t\t\t\t\t\t\t\t\t<div class=\"elementor-tab-title elementor-tab-mobile-title\" aria-selected=\"true\" data-tab=\"1\" role=\"tab\" tabindex=\"0\" aria-controls=\"elementor-tab-content-2031\" aria-expanded=\"false\">Pr\u00e9sentation et organisation<\/div>\n\t\t\t\t\t<div id=\"elementor-tab-content-2031\" class=\"elementor-tab-content elementor-clearfix\" data-tab=\"1\" role=\"tabpanel\" aria-labelledby=\"elementor-tab-title-2031\" tabindex=\"0\" hidden=\"false\"><p><span style=\"font-size: 12pt; font-family: arial, helvetica, sans-serif;\">La mention <span style=\"color: #000000;\"><strong>Marketing et Vente<\/strong><\/span> propos\u00e9e par l\u2019IGR-IAE Rennes vise \u00e0 former des professionnels capables d\u2019\u00e9laborer et de mettre en \u0153uvre des <span style=\"color: #1ecad3;\">strat\u00e9gies marketing innovantes<\/span> et adapt\u00e9es aux besoins d\u2019organisations diverses. Reconnue pour son <span style=\"color: #1ecad3;\">expertise acad\u00e9mique<\/span> et sa <span style=\"color: #1ecad3;\">proximit\u00e9 avec le monde professionnel<\/span>, elle offre des parcours vari\u00e9s couvrant les domaines du marketing strat\u00e9gique, digital, de la franchise et du commerce en r\u00e9seau, et de la recherche en marketing. Chaque cursus int\u00e8gre des approches th\u00e9oriques solides combin\u00e9es \u00e0 des applications pratiques, favorisant une insertion professionnelle rapide et r\u00e9ussie dans le march\u00e9 du travail.<\/span><\/p><p><span style=\"font-size: 12pt; font-family: arial, helvetica, sans-serif;\">Organis\u00e9e autour de cinq parcours en<span style=\"color: #000000;\"><strong> Master 2<\/strong><\/span>, la mention s\u2019adapte aux besoins des \u00e9tudiants et des entreprises gr\u00e2ce \u00e0 des modalit\u00e9s vari\u00e9es <span style=\"color: #1ecad3;\">(formation initiale, formation en alternance, formation continue)<\/span>. Des partenariats solides avec des acteurs \u00e9conomiques locaux, r\u00e9gionaux, nationaux et internationaux renforcent l\u2019exp\u00e9rience p\u00e9dagogique et professionnelle des apprenants.<\/span><\/p><\/div>\n\t\t\t\t\t\t\t\t\t<div class=\"elementor-tab-title elementor-tab-mobile-title\" aria-selected=\"false\" data-tab=\"2\" role=\"tab\" tabindex=\"-1\" aria-controls=\"elementor-tab-content-2032\" aria-expanded=\"false\">Atouts du Master Marketing & Vente<\/div>\n\t\t\t\t\t<div id=\"elementor-tab-content-2032\" class=\"elementor-tab-content elementor-clearfix\" data-tab=\"2\" role=\"tabpanel\" aria-labelledby=\"elementor-tab-title-2032\" tabindex=\"0\" hidden=\"hidden\"><p><span style=\"font-size: 14pt;\"><strong><span style=\"font-family: arial, helvetica, sans-serif; color: #1ecad3;\">Les atouts des formations en Marketing &amp; Vente :<\/span><\/strong><\/span><\/p><ul style=\"list-style-type: disc;\"><li><span style=\"font-size: 12pt; font-family: arial, helvetica, sans-serif;\">Les <span style=\"color: #1ecad3;\">doubles dipl\u00f4mes<\/span> propos\u00e9s avec des universit\u00e9s partenaires, pour une exp\u00e9rience internationale enrichissante pour les parcours en formation initiale.\u00a0<\/span><\/li><li><span style=\"font-size: 12pt; font-family: arial, helvetica, sans-serif;\">L\u2019<span style=\"color: #1ecad3;\">importance accord\u00e9e aux enjeux RSE<\/span> et \u00e0 l\u2019int\u00e9gration des dimensions \u00e9thiques et durables dans chaque programme.\u00a0<\/span><\/li><li><span style=\"font-size: 12pt; font-family: arial, helvetica, sans-serif;\">Une <span style=\"color: #1ecad3;\">forte employabilit\u00e9 des dipl\u00f4m\u00e9s<\/span>, favoris\u00e9e par les nombreux stages de longues dur\u00e9e, l\u2019alternance et des projets immersifs avec des entreprises partenaires.\u00a0<\/span><\/li><\/ul><\/div>\n\t\t\t\t\t\t\t\t\t<div class=\"elementor-tab-title elementor-tab-mobile-title\" aria-selected=\"false\" data-tab=\"3\" role=\"tab\" tabindex=\"-1\" aria-controls=\"elementor-tab-content-2033\" aria-expanded=\"false\">5 parcours sp\u00e9cifiques<\/div>\n\t\t\t\t\t<div id=\"elementor-tab-content-2033\" class=\"elementor-tab-content elementor-clearfix\" data-tab=\"3\" role=\"tabpanel\" aria-labelledby=\"elementor-tab-title-2033\" tabindex=\"0\" hidden=\"hidden\"><p><a href=\"https:\/\/www.igr.univ-rennes.fr\/fr\/formation\/master-management-projets-marketing\/\" target=\"_blank\" rel=\"noopener\"><span style=\"font-size: 14pt; font-family: arial, helvetica, sans-serif; color: #1ecad3;\"><strong>Parcours Master Management et D\u00e9veloppement de Projet Marketing (Formation Initiale)<\/strong><\/span><\/a><\/p><p><span style=\"font-size: 12pt; font-family: arial, helvetica, sans-serif;\"><span lang=\"FR-FR\" xml:lang=\"FR-FR\" data-contrast=\"auto\">Orient\u00e9 vers <strong>l\u2019\u00e9laboration <\/strong>et la <strong>gestion de projet marketing<\/strong>, ce parcours forme des professionnels du marketing polyvalents, capable de diriger et accompagner des projets marketing de A \u00e0 Z.\u00a0<\/span><span data-ccp-props=\"{}\">\u00a0<\/span><\/span><\/p><p>\u00a0<\/p><p><a href=\"https:\/\/www.igr.univ-rennes.fr\/fr\/formation\/master-marketing-etudes-recherche\/\" target=\"_blank\" rel=\"noopener\"><span style=\"font-size: 14pt; font-family: arial, helvetica, sans-serif; color: #1ecad3;\"><strong>Parcours Master Conseil, \u00c9tudes et Recherche en Marketing (Formation Initiale)<\/strong><\/span><\/a><\/p><p><span style=\"font-size: 12pt; font-family: arial, helvetica, sans-serif;\">Ce programme vise \u00e0 former des <span style=\"color: #1ecad3;\">consultants et chercheurs<\/span> aptes \u00e0 concevoir et analyser des <strong>\u00e9tudes marketing approfondies<\/strong>, int\u00e9grant des m\u00e9thodes qualitatives et quantitatives avanc\u00e9es.<br \/><br \/><\/span><\/p><p><a href=\"https:\/\/www.igr.univ-rennes.fr\/fr\/formation\/master-marketing-vente\/\" target=\"_blank\" rel=\"noopener\"><span style=\"font-family: arial, helvetica, sans-serif; color: #1ecad3;\"><strong><span style=\"font-size: 14pt;\">Parcours Master Marketing Strat\u00e9gique et Op\u00e9rationnel (Alternance)<\/span><\/strong><\/span><\/a><\/p><p><span style=\"font-size: 12pt; font-family: arial, helvetica, sans-serif;\">Ce parcours forme des <span style=\"color: #1ecad3;\">experts en conception<\/span> et mise en \u0153uvre de plan marketing dans des secteurs vari\u00e9s.<br \/><br \/><\/span><\/p><p><a href=\"https:\/\/www.igr.univ-rennes.fr\/fr\/formation\/master-marketing-franchise-commerce\/\" target=\"_blank\" rel=\"noopener\"><span style=\"font-size: 14pt; font-family: arial, helvetica, sans-serif; color: #1ecad3;\"><strong>Parcours Master Franchise &amp; Commerce en R\u00e9seaux (Alternance)<\/strong><\/span><\/a><\/p><p><span style=\"font-size: 12pt; font-family: arial, helvetica, sans-serif;\"><span lang=\"FR-FR\" xml:lang=\"FR-FR\" data-contrast=\"auto\">Ce parcours<\/span><span lang=\"FR-FR\" xml:lang=\"FR-FR\" data-contrast=\"auto\"> pr\u00e9pare les \u00e9tudiants \u00e0 entrer et \u00e9voluer dans le <strong>secteur de la franchise<\/strong> et du <strong>commerce en r\u00e9seau<\/strong> <span style=\"color: #1ecad3;\">(franchise, commerce coop\u00e9ratif et associ\u00e9, licence de marque, partenariat, succursalisme, etc.)<\/span><\/span><span lang=\"FR-FR\" xml:lang=\"FR-FR\" data-contrast=\"auto\"> sur des postes li\u00e9s \u00e0 l\u2019animation r\u00e9seau, au d\u00e9veloppement r\u00e9seau et au marketing r\u00e9seau<\/span><span lang=\"FR-FR\" xml:lang=\"FR-FR\" data-contrast=\"auto\"> avec une approche marketing \/ strat\u00e9gie \/ entrepreneuriat<\/span><span lang=\"FR-FR\" xml:lang=\"FR-FR\" data-contrast=\"auto\">. <\/span><\/span><\/p><p><span style=\"font-size: 12pt; font-family: arial, helvetica, sans-serif;\"><span lang=\"FR-FR\" xml:lang=\"FR-FR\" data-contrast=\"auto\">Sp\u00e9cialis\u00e9 dans le <strong>d\u00e9veloppement et la gestion de r\u00e9seaux de franchises<\/strong>, il d\u00e9veloppe des comp\u00e9tences en strat\u00e9gie, management et entreprenariat pour accompagner les entreprises de services et de distribution.<\/span><span data-ccp-props=\"{}\">\u00a0<br \/><br \/><\/span><\/span><\/p><p><a href=\"https:\/\/www.igr.univ-rennes.fr\/fr\/formation\/fc-master-marketing-et-vente-mtens\/\" target=\"_blank\" rel=\"noopener\"><span style=\"font-size: 14pt; font-family: arial, helvetica, sans-serif; color: #1ecad3;\"><strong>Parcours Master Marketing et Transformations environnementales, num\u00e9riques et soci\u00e9tales (Formation Continue)<\/strong><\/span><\/a><\/p><p><span lang=\"FR-FR\" style=\"font-size: 12pt; font-family: arial, helvetica, sans-serif;\" xml:lang=\"FR-FR\" data-contrast=\"auto\">Ce <strong>Master<\/strong> s\u2019inscrit dans un contexte de transformation des <strong>mod\u00e8les d\u2019affaire et des d\u00e9marches marketing<\/strong> associ\u00e9es dans un environnement o\u00f9 les valeurs de la <span style=\"color: #1ecad3;\">RSE<\/span> et la raison d\u2019\u00eatre sont d\u00e9sormais au c\u0153ur de l\u2019action de l\u2019entreprise.<\/span><\/p><\/div>\n\t\t\t\t\t\t\t\t\t<div class=\"elementor-tab-title elementor-tab-mobile-title\" aria-selected=\"false\" data-tab=\"4\" role=\"tab\" tabindex=\"-1\" aria-controls=\"elementor-tab-content-2034\" aria-expanded=\"false\">Pr\u00e9-requis<\/div>\n\t\t\t\t\t<div id=\"elementor-tab-content-2034\" class=\"elementor-tab-content elementor-clearfix\" data-tab=\"4\" role=\"tabpanel\" aria-labelledby=\"elementor-tab-title-2034\" tabindex=\"0\" hidden=\"hidden\"><p><span style=\"font-size: 12pt; font-family: arial, helvetica, sans-serif;\"><span class=\"TextRun SCXW74311836 BCX8\" lang=\"FR-FR\" xml:lang=\"FR-FR\" data-contrast=\"auto\"><span class=\"NormalTextRun SCXW74311836 BCX8\">Les formations s\u2019adressent aux \u00e9tudiants titulaires d\u2019un <span style=\"color: #1ecad3;\">Bac+3<\/span> en <strong>gestion, <\/strong><\/span><\/span><strong><span class=\"TrackChangeTextInsertion TrackedChange SCXW74311836 BCX8\"><span class=\"TextRun SCXW74311836 BCX8\" lang=\"FR-FR\" xml:lang=\"FR-FR\" data-contrast=\"auto\"><span class=\"NormalTextRun SCXW74311836 BCX8\">management, <\/span><\/span><\/span><span class=\"TextRun SCXW74311836 BCX8\" lang=\"FR-FR\" xml:lang=\"FR-FR\" data-contrast=\"auto\"><span class=\"NormalTextRun SCXW74311836 BCX8\">marketing, <\/span><\/span><span class=\"TrackChangeTextInsertion TrackedChange SCXW74311836 BCX8\"><span class=\"TextRun SCXW74311836 BCX8\" lang=\"FR-FR\" xml:lang=\"FR-FR\" data-contrast=\"auto\"><span class=\"NormalTextRun SCXW74311836 BCX8\">\u00e9conomie <\/span><\/span><\/span><span class=\"TextRun SCXW74311836 BCX8\" lang=\"FR-FR\" xml:lang=\"FR-FR\" data-contrast=\"auto\"><span class=\"NormalTextRun SCXW74311836 BCX8\">ou \u00e9quivalent<\/span><\/span><\/strong><span class=\"TrackChangeTextInsertion TrackedChange SCXW74311836 BCX8\"><span class=\"TextRun SCXW74311836 BCX8\" lang=\"FR-FR\" xml:lang=\"FR-FR\" data-contrast=\"auto\"><span class=\"NormalTextRun SCXW74311836 BCX8\">. Certains profils en psychologie, sociologie, etc<\/span><\/span><\/span><span class=\"TrackChangeTextInsertion TrackedChange SCXW74311836 BCX8\"><span class=\"TextRun SCXW74311836 BCX8\" lang=\"FR-FR\" xml:lang=\"FR-FR\" data-contrast=\"auto\"><span class=\"NormalTextRun SCXW74311836 BCX8\">.<\/span><\/span><\/span><span class=\"TrackChangeTextInsertion TrackedChange SCXW74311836 BCX8\"><span class=\"TextRun SCXW74311836 BCX8\" lang=\"FR-FR\" xml:lang=\"FR-FR\" data-contrast=\"auto\"><span class=\"NormalTextRun SCXW74311836 BCX8\"> peuvent <\/span><\/span><\/span><span class=\"TrackChangeTextInsertion TrackedChange SCXW74311836 BCX8\"><span class=\"TextRun SCXW74311836 BCX8\" lang=\"FR-FR\" xml:lang=\"FR-FR\" data-contrast=\"auto\"><span class=\"NormalTextRun SCXW74311836 BCX8\">aussi <\/span><\/span><\/span><span class=\"TrackChangeTextInsertion TrackedChange SCXW74311836 BCX8\"><span class=\"TextRun SCXW74311836 BCX8\" lang=\"FR-FR\" xml:lang=\"FR-FR\" data-contrast=\"auto\"><span class=\"NormalTextRun SCXW74311836 BCX8\">\u00eatre <\/span><span class=\"NormalTextRun ContextualSpellingAndGrammarErrorV2Themed SCXW74311836 BCX8\">consid\u00e9r\u00e9s<\/span><\/span><\/span><span class=\"TextRun SCXW74311836 BCX8\" lang=\"FR-FR\" xml:lang=\"FR-FR\" data-contrast=\"auto\"><span class=\"NormalTextRun CommentStart ContextualSpellingAndGrammarErrorV2Themed CommentHighlightPipeRest CommentHighlightRest SCXW74311836 BCX8\">,<\/span><span class=\"NormalTextRun CommentHighlightRest SCXW74311836 BCX8\"> ainsi qu\u2019aux professionnels en reconversion ou souhaitant approfondir leurs comp\u00e9tences marketing<\/span><span class=\"NormalTextRun CommentHighlightPipeRest SCXW74311836 BCX8\">.<\/span><\/span><span class=\"EOP SCXW74311836 BCX8\" data-ccp-props=\"{&quot;134233117&quot;:true,&quot;134233118&quot;:true}\">\u00a0<\/span><\/span><\/p><\/div>\n\t\t\t\t\t\t\t\t\t<div class=\"elementor-tab-title elementor-tab-mobile-title\" aria-selected=\"false\" data-tab=\"5\" role=\"tab\" tabindex=\"-1\" aria-controls=\"elementor-tab-content-2035\" aria-expanded=\"false\">D\u00e9bouch\u00e9s<\/div>\n\t\t\t\t\t<div id=\"elementor-tab-content-2035\" class=\"elementor-tab-content elementor-clearfix\" data-tab=\"5\" role=\"tabpanel\" aria-labelledby=\"elementor-tab-title-2035\" tabindex=\"0\" hidden=\"hidden\"><p><strong><span style=\"font-size: 12pt; font-family: arial, helvetica, sans-serif; color: #1ecad3;\"><span class=\"TextRun SCXW97371548 BCX8\" lang=\"FR-FR\" xml:lang=\"FR-FR\" data-contrast=\"none\"><span class=\"NormalTextRun SCXW97371548 BCX8\">E<\/span><span class=\"NormalTextRun SCXW97371548 BCX8\">xemples de m\u00e9tiers accessibles \u00e0 l&rsquo;issue des <\/span><span class=\"NormalTextRun SCXW97371548 BCX8\">parcours<\/span><span class=\"NormalTextRun SCXW97371548 BCX8\"> de la mention<\/span><\/span><span class=\"TextRun SCXW97371548 BCX8\" lang=\"FR-FR\" xml:lang=\"FR-FR\" data-contrast=\"none\"><span class=\"NormalTextRun SCXW97371548 BCX8\">\u202f:<\/span><\/span><span class=\"EOP SCXW97371548 BCX8\" data-ccp-props=\"{&quot;201341983&quot;:0,&quot;335557856&quot;:16777215,&quot;335559731&quot;:360,&quot;335559739&quot;:0,&quot;335559740&quot;:240}\">\u00a0<\/span><\/span><\/strong><\/p><ul style=\"list-style-type: disc;\"><li><span style=\"font-size: 12pt; font-family: arial, helvetica, sans-serif;\">Chef de produit<\/span><\/li><li><span style=\"font-size: 12pt; font-family: arial, helvetica, sans-serif;\">Brand Manager<\/span><\/li><li><span style=\"font-size: 12pt; font-family: arial, helvetica, sans-serif;\">Consultant marketing et communication<\/span><\/li><li><span style=\"font-size: 12pt; font-family: arial, helvetica, sans-serif;\">Charg\u00e9 d\u2019\u00e9tudes qualitatives et quantitatives<\/span><\/li><li><span style=\"font-size: 12pt; font-family: arial, helvetica, sans-serif;\">Responsable marketing digital<\/span><\/li><li><span style=\"font-size: 12pt; font-family: arial, helvetica, sans-serif;\">Animateur r\u00e9seau\/Coach franchise\/responsable r\u00e9gional<\/span><\/li><li><span style=\"font-size: 12pt; font-family: arial, helvetica, sans-serif;\">D\u00e9veloppeur r\u00e9seau\/charg\u00e9 de d\u00e9veloppement r\u00e9seau\u00a0<\/span><\/li><li><span style=\"font-size: 12pt; font-family: arial, helvetica, sans-serif;\">Analyste en g\u00e9omarketing\u00a0<\/span><\/li><\/ul><\/div>\n\t\t\t\t\t\t\t<\/div>\n\t\t<\/div>\n\t\t\t\t\t\t<\/div>\n\t\t\t\t<\/div>\n\t\t\t\t\t<\/div>\n\t\t<\/div>\n\t\t\t\t\t<\/div>\n\t\t<\/section>\n\t\t\t\t<section class=\"elementor-section elementor-top-section elementor-element elementor-element-6a5aea3 elementor-section-boxed elementor-section-height-default elementor-section-height-default\" data-id=\"6a5aea3\" data-element_type=\"section\" data-e-type=\"section\">\n\t\t\t\t\t\t<div class=\"elementor-container elementor-column-gap-default\">\n\t\t\t\t\t<div class=\"elementor-column elementor-col-100 elementor-top-column elementor-element elementor-element-ec01c4a\" data-id=\"ec01c4a\" data-element_type=\"column\" data-e-type=\"column\" data-settings=\"{&quot;background_background&quot;:&quot;classic&quot;}\">\n\t\t\t<div class=\"elementor-widget-wrap elementor-element-populated\">\n\t\t\t\t\t\t<div class=\"elementor-element elementor-element-18759b3 elementor-widget elementor-widget-heading\" data-id=\"18759b3\" data-element_type=\"widget\" data-e-type=\"widget\" data-widget_type=\"heading.default\">\n\t\t\t\t<div class=\"elementor-widget-container\">\n\t\t\t\t\t<h2 class=\"elementor-heading-title elementor-size-default\">D\u00e9couvrez toutes nos formations Marketing et Vente<\/h2>\t\t\t\t<\/div>\n\t\t\t\t<\/div>\n\t\t\t\t<div class=\"elementor-element elementor-element-d507564 elementor-widget__width-inherit elementor-widget elementor-widget-shortcode\" data-id=\"d507564\" data-element_type=\"widget\" data-e-type=\"widget\" data-widget_type=\"shortcode.default\">\n\t\t\t\t<div class=\"elementor-widget-container\">\n\t\t\t\t\t\t\t<div class=\"elementor-shortcode\"><div class=\"search-filter-results\" id=\"search-filter-results-409140\">\t<div class=\"post-card-container-all-formation\" id=\"post-card-container-all-formation-master1\">\n\t\t<p class=\"niveau-formation\"> Master 1<\/p>\n\t\t<p class=\"domaine-formations \"><span class=\"domaine-formation-label\"> Marketing et Vente<\/span><span class=\"domaine-formations-line\"><\/span><\/p>\n\t\t\t<div class=\"wrapper-formations\">\n\t\t\t\t<article class=\"card-formation\"><a href=\"https:\/\/www.igr.univ-rennes.fr\/fr\/formation\/fi-master-1-marketing-recherche\/\"><div class=\"title-formation\">Master 1 Marketing et Vente<\/div><div class=\"title-parcours-formation\"><\/div><div class=\"badge-type-formation\"><img decoding=\"async\" src=\"https:\/\/www.igr.univ-rennes.fr\/wp-content\/themes\/igr2019\/assets\/img\/formation_initiale.png\"><\/div><div class=\"resume-formation\">Cette formation permet l\u2019acc\u00e8s \u00e0 des fonctions vari\u00e9es d\u2019encadrement ou d\u2019expertise de haut niveau dans les domaines du marketing et des actions commerciales.<\/div><button class=\"button-formation flag-fr-btn\">En savoir +<\/button><\/a><\/article><article class=\"card-formation\"><a href=\"https:\/\/www.igr.univ-rennes.fr\/fr\/formation\/ap-master-1-marketing-vente\/\"><div class=\"title-formation\">Master 1 Marketing et Vente<\/div><div class=\"title-parcours-formation\">Parcours Marketing Strat\u00e9gique et Op\u00e9rationnel<\/div><div class=\"badge-type-formation\"><img decoding=\"async\" src=\"https:\/\/www.igr.univ-rennes.fr\/wp-content\/themes\/igr2019\/assets\/img\/formation-alternance.png\"><\/div><div class=\"resume-formation\">Propos\u00e9e en alternance, cette formation prend en compte les plus r\u00e9centes \u00e9volutions du marketing : branding, digital marketing, intelligence marketing, neuromarketing,...<\/div><button class=\"button-formation flag-fr-btn\">En savoir +<\/button><\/a><\/article><article class=\"card-formation\"><a href=\"https:\/\/www.igr.univ-rennes.fr\/fr\/formation\/ap-master-marketing-franchise\/\"><div class=\"title-formation\">Master 1 Marketing et Vente<\/div><div class=\"title-parcours-formation\">Parcours Franchise & Commerce en R\u00e9seau<\/div><div class=\"badge-type-formation\"><img decoding=\"async\" src=\"https:\/\/www.igr.univ-rennes.fr\/wp-content\/themes\/igr2019\/assets\/img\/formation-alternance.png\"><\/div><div class=\"resume-formation\">Le Master 1 Franchise & Commerce en R\u00e9seau a pour objectif de pr\u00e9parer les \u00e9tudiants \u00e0 entrer et \u00e9voluer dans le secteur de la franchise et du commerce en r\u00e9seau.<\/div><button class=\"button-formation flag-fr-btn\">En savoir +<\/button><\/a><\/article><\/div>\t<\/div>\n\t\t\t<div class=\"post-card-container-all-formation\" id=\"post-card-container-all-formation-master2\">\n\t\t\t<p class=\"niveau-formation\"> Master 2<\/p>\n\t\t\t<p class=\"domaine-formations \"><span class=\"domaine-formation-label\"> Marketing et Vente<\/span><span class=\"domaine-formations-line\"><\/span><\/p>\n\t\t\t\t<div class=\"wrapper-formations\">\n\t\t\t\t\t<article class=\"card-formation\"><a href=\"https:\/\/www.igr.univ-rennes.fr\/fr\/formation\/fc-master-marketing-et-vente-mtens\/\"><div class=\"title-formation\">Master 2 Marketing et Vente<\/div><div class=\"title-parcours-formation\"><\/div><div class=\"badge-type-formation\"><img decoding=\"async\" src=\"https:\/\/www.igr.univ-rennes.fr\/wp-content\/themes\/igr2019\/assets\/img\/formation_continue.png\"><\/div><div class=\"resume-formation\">Ce Master s\u2019inscrit dans un contexte de transformation des mod\u00e8les d\u2019affaire et des d\u00e9marches marketing associ\u00e9es dans un environnement o\u00f9 les valeurs de la RSE et la raison d\u2019\u00eatre sont d\u00e9sormais au c\u0153ur de l\u2019action de l\u2019entreprise.<\/div><button class=\"button-formation flag-fr-btn\">En savoir +<\/button><\/a><\/article><article class=\"card-formation\"><a href=\"https:\/\/www.igr.univ-rennes.fr\/fr\/formation\/master-marketing-vente\/\"><div class=\"title-formation\">Master 2 Marketing et Vente<\/div><div class=\"title-parcours-formation\">Parcours Marketing Strat\u00e9gique et Op\u00e9rationnel<\/div><div class=\"badge-type-formation\"><img decoding=\"async\" src=\"https:\/\/www.igr.univ-rennes.fr\/wp-content\/themes\/igr2019\/assets\/img\/formation-alternance.png\"><\/div><div class=\"resume-formation\">Propos\u00e9e en alternance, cette formation prend en compte les plus r\u00e9centes \u00e9volutions du marketing : branding, digital marketing, intelligence marketing, neuromarketing,...<\/div><button class=\"button-formation flag-fr-btn\">En savoir +<\/button><\/a><\/article><article class=\"card-formation\"><a href=\"https:\/\/www.igr.univ-rennes.fr\/fr\/formation\/master-marketing-franchise-commerce\/\"><div class=\"title-formation\">Master 2 Marketing et Vente<\/div><div class=\"title-parcours-formation\">Parcours Franchise & Commerce en R\u00e9seau<\/div><div class=\"badge-type-formation\"><img decoding=\"async\" src=\"https:\/\/www.igr.univ-rennes.fr\/wp-content\/themes\/igr2019\/assets\/img\/formation-alternance.png\"><\/div><div class=\"resume-formation\">Le Master Franchise & Commerce en R\u00e9seau a pour objectif de pr\u00e9parer les \u00e9tudiants \u00e0 entrer et \u00e9voluer dans le secteur de la franchise et du commerce en r\u00e9seau.<\/div><button class=\"button-formation flag-fr-btn\">En savoir +<\/button><\/a><\/article><article class=\"card-formation\"><a href=\"https:\/\/www.igr.univ-rennes.fr\/fr\/formation\/master-management-projets-marketing\/\"><div class=\"title-formation\">Master 2 Marketing et Vente<\/div><div class=\"title-parcours-formation\">Parcours Management et D\u00e9veloppement de Projets Marketing<\/div><div class=\"badge-type-formation\"><img decoding=\"async\" src=\"https:\/\/www.igr.univ-rennes.fr\/wp-content\/themes\/igr2019\/assets\/img\/formation_initiale.png\"><\/div><div class=\"resume-formation\">Ce Master vise \u00e0 former les \u00e9tudiants \u00e0 la ma\u00eetrise des enjeux actuels du marketing ainsi qu\u2019aux m\u00e9thodes et aux outils utilis\u00e9s par les professionnels.<\/div><button class=\"button-formation flag-fr-btn\">En savoir +<\/button><\/a><\/article><article class=\"card-formation\"><a href=\"https:\/\/www.igr.univ-rennes.fr\/fr\/formation\/master-marketing-etudes-recherche\/\"><div class=\"title-formation\">Master 2 Marketing et Vente<\/div><div class=\"title-parcours-formation\">Parcours Conseil, \u00c9tudes et Recherche Marketing<\/div><div class=\"badge-type-formation\"><img decoding=\"async\" src=\"https:\/\/www.igr.univ-rennes.fr\/wp-content\/themes\/igr2019\/assets\/img\/formation_initiale.png\"><\/div><div class=\"resume-formation\">Ce parcours forme des experts de haut niveau, ma\u00eetrisant les m\u00e9thodologies les plus pointues dans le domaine pour l\u2019analyse des dynamiques des march\u00e9s, l\u2019explication et la compr\u00e9hension approfondies des comportements de consommation,...<\/div><button class=\"button-formation flag-fr-btn\">En savoir +<\/button><\/a><\/article><\/div><p class=\"domaine-formations \"><span class=\"domaine-formation-label\"> Recherche<\/span><span class=\"domaine-formations-line\"><\/span><\/p>\n\t\t\t\t<div class=\"wrapper-formations\">\n\t\t\t\t\t<article class=\"card-formation\"><a href=\"https:\/\/www.igr.univ-rennes.fr\/fr\/formation\/master-marketing-etudes-recherche\/\"><div class=\"title-formation\">Master 2 Marketing et Vente<\/div><div class=\"title-parcours-formation\">Parcours Conseil, \u00c9tudes et Recherche Marketing<\/div><div class=\"badge-type-formation\"><img decoding=\"async\" src=\"https:\/\/www.igr.univ-rennes.fr\/wp-content\/themes\/igr2019\/assets\/img\/formation_initiale.png\"><\/div><div class=\"resume-formation\">Ce parcours forme des experts de haut niveau, ma\u00eetrisant les m\u00e9thodologies les plus pointues dans le domaine pour l\u2019analyse des dynamiques des march\u00e9s, l\u2019explication et la compr\u00e9hension approfondies des comportements de consommation,...<\/div><button class=\"button-formation flag-fr-btn\">En savoir +<\/button><\/a><\/article><\/div>\t\t<\/div>\n\t\t\t\t<div class=\"post-card-container-all-formation\" id=\"post-card-container-all-formation-courte-certifiante\">\n\t\t\t<p class=\"niveau-formation\"> Certificat de Comp\u00e9tences<\/p>\n\t\t\t<p class=\"domaine-formations \"><span class=\"domaine-formation-label\"> Marketing et Vente<\/span><span class=\"domaine-formations-line\"><\/span><\/p>\n\t\t\t\t<div class=\"wrapper-formations\">\n\t\t\t\t\t<article class=\"card-formation\"><a href=\"https:\/\/www.igr.univ-rennes.fr\/fr\/formation\/communication-responsable\/\"><div class=\"title-formation\">Communication Responsable<\/div><div class=\"title-parcours-formation\">Agir responsable dans sa communication d'entreprise<\/div><div class=\"badge-type-formation\"><img decoding=\"async\" src=\"https:\/\/www.igr.univ-rennes.fr\/wp-content\/themes\/igr2019\/assets\/img\/formation_continue.png\"><\/div><div class=\"resume-formation\">Communiquer autrement pour transformer durablement les organisations. La formation certifiante Communication Responsable accompagne les professionnels souhaitant inscrire leurs actions de communication dans une d\u00e9marche \u00e9thique, durable et coh\u00e9rente avec les enjeux de transition soci\u00e9tale.\r\n<\/div><button class=\"button-formation flag-fr-btn\">En savoir +<\/button><\/a><\/article><\/div>\t\t<\/div>\n\n\t\t\t\n\t\t<script>\n\t\t\tvar acc = document.getElementsByClassName(\"domaine-formations\");\n\t\t\tvar i;\n\t\t\tfor (i = 0; i < acc.length; i++) {\n\t\t\t\tacc[i].addEventListener(\"click\", function() {\n\t\t\t\t\tthis.classList.toggle(\"active\");\n\t\t\t\t});\n\t\t\t}\n\n\t\t\tvar accLicence = document.getElementsByClassName(\"niveau-formation-licence\");\n\t\t\tvar j;\n\t\t\tfor (j = 0; j < accLicence.length; j++) {\n\t\t\t\taccLicence[j].addEventListener(\"click\", function() {\n\t\t\t\t\tthis.classList.toggle(\"active\");\n\t\t\t\t});\n\t\t\t}\n\t\t<\/script><\/div><\/div>\n\t\t\t\t\t\t<\/div>\n\t\t\t\t<\/div>\n\t\t\t\t<div class=\"elementor-element elementor-element-ae33b8c elementor-widget elementor-widget-html\" data-id=\"ae33b8c\" data-element_type=\"widget\" data-e-type=\"widget\" data-widget_type=\"html.default\">\n\t\t\t\t<div class=\"elementor-widget-container\">\n\t\t\t\t\t<script>\n    window.addEventListener('DOMContentLoaded', function(event) {\n        const accordion = document.getElementsByClassName(\"active\");\n        for(var i = 0; i < accordion.length; i++){\n            console.log(accordion[i]);\n            accordion[i].classList.remove(\"active\");\n        }\n        const domaine = document.getElementsByClassName(\"domaine-formations\");\n        for(var i = 0; i < domaine.length; i++){\n            console.log(domaine[i]);\n            domaine[i].classList.remove(\"active\");\n        }\n    });\n<\/script>\t\t\t\t<\/div>\n\t\t\t\t<\/div>\n\t\t\t\t\t<\/div>\n\t\t<\/div>\n\t\t\t\t\t<\/div>\n\t\t<\/section>\n\t\t\t\t<section class=\"elementor-section elementor-top-section elementor-element elementor-element-983e686 elementor-section-boxed elementor-section-height-default elementor-section-height-default\" data-id=\"983e686\" data-element_type=\"section\" data-e-type=\"section\" data-settings=\"{&quot;background_background&quot;:&quot;classic&quot;,&quot;shape_divider_top&quot;:&quot;waves&quot;,&quot;shape_divider_bottom&quot;:&quot;waves&quot;}\">\n\t\t\t\t\t\t\t<div class=\"elementor-background-overlay\"><\/div>\n\t\t\t\t\t\t<div class=\"elementor-shape elementor-shape-top\" aria-hidden=\"true\" data-negative=\"false\">\n\t\t\t<svg xmlns=\"http:\/\/www.w3.org\/2000\/svg\" viewBox=\"0 0 1000 100\" preserveAspectRatio=\"none\">\n\t<path class=\"elementor-shape-fill\" d=\"M421.9,6.5c22.6-2.5,51.5,0.4,75.5,5.3c23.6,4.9,70.9,23.5,100.5,35.7c75.8,32.2,133.7,44.5,192.6,49.7\n\tc23.6,2.1,48.7,3.5,103.4-2.5c54.7-6,106.2-25.6,106.2-25.6V0H0v30.3c0,0,72,32.6,158.4,30.5c39.2-0.7,92.8-6.7,134-22.4\n\tc21.2-8.1,52.2-18.2,79.7-24.2C399.3,7.9,411.6,7.5,421.9,6.5z\"\/>\n<\/svg>\t\t<\/div>\n\t\t\t\t<div class=\"elementor-shape elementor-shape-bottom\" aria-hidden=\"true\" data-negative=\"false\">\n\t\t\t<svg xmlns=\"http:\/\/www.w3.org\/2000\/svg\" viewBox=\"0 0 1000 100\" preserveAspectRatio=\"none\">\n\t<path class=\"elementor-shape-fill\" d=\"M421.9,6.5c22.6-2.5,51.5,0.4,75.5,5.3c23.6,4.9,70.9,23.5,100.5,35.7c75.8,32.2,133.7,44.5,192.6,49.7\n\tc23.6,2.1,48.7,3.5,103.4-2.5c54.7-6,106.2-25.6,106.2-25.6V0H0v30.3c0,0,72,32.6,158.4,30.5c39.2-0.7,92.8-6.7,134-22.4\n\tc21.2-8.1,52.2-18.2,79.7-24.2C399.3,7.9,411.6,7.5,421.9,6.5z\"\/>\n<\/svg>\t\t<\/div>\n\t\t\t\t\t<div class=\"elementor-container elementor-column-gap-default\">\n\t\t\t\t\t<div class=\"elementor-column elementor-col-100 elementor-top-column elementor-element elementor-element-115c6f5\" data-id=\"115c6f5\" data-element_type=\"column\" data-e-type=\"column\">\n\t\t\t<div class=\"elementor-widget-wrap elementor-element-populated\">\n\t\t\t\t\t\t<div class=\"elementor-element elementor-element-0c31870 elementor-widget elementor-widget-heading\" data-id=\"0c31870\" data-element_type=\"widget\" data-e-type=\"widget\" data-widget_type=\"heading.default\">\n\t\t\t\t<div class=\"elementor-widget-container\">\n\t\t\t\t\t<h2 class=\"elementor-heading-title elementor-size-default\">Contact<\/h2>\t\t\t\t<\/div>\n\t\t\t\t<\/div>\n\t\t\t\t<section class=\"elementor-section elementor-inner-section elementor-element elementor-element-d7e9759 elementor-section-boxed elementor-section-height-default elementor-section-height-default\" data-id=\"d7e9759\" data-element_type=\"section\" data-e-type=\"section\" data-settings=\"{&quot;background_background&quot;:&quot;classic&quot;}\">\n\t\t\t\t\t\t<div class=\"elementor-container elementor-column-gap-default\">\n\t\t\t\t\t<div class=\"elementor-column elementor-col-25 elementor-inner-column elementor-element elementor-element-1ac2b78\" data-id=\"1ac2b78\" data-element_type=\"column\" data-e-type=\"column\">\n\t\t\t<div class=\"elementor-widget-wrap\">\n\t\t\t\t\t\t\t<\/div>\n\t\t<\/div>\n\t\t\t\t<div class=\"elementor-column elementor-col-25 elementor-inner-column elementor-element elementor-element-a524a8d\" data-id=\"a524a8d\" data-element_type=\"column\" data-e-type=\"column\" data-settings=\"{&quot;background_background&quot;:&quot;classic&quot;}\">\n\t\t\t<div class=\"elementor-widget-wrap elementor-element-populated\">\n\t\t\t\t\t\t<div class=\"elementor-element elementor-element-3695931 elementor-widget elementor-widget-spacer\" data-id=\"3695931\" data-element_type=\"widget\" data-e-type=\"widget\" data-widget_type=\"spacer.default\">\n\t\t\t\t<div class=\"elementor-widget-container\">\n\t\t\t\t\t\t\t<div class=\"elementor-spacer\">\n\t\t\t<div class=\"elementor-spacer-inner\"><\/div>\n\t\t<\/div>\n\t\t\t\t\t\t<\/div>\n\t\t\t\t<\/div>\n\t\t\t\t\t<\/div>\n\t\t<\/div>\n\t\t\t\t<div class=\"elementor-column elementor-col-25 elementor-inner-column elementor-element elementor-element-b2a55a4\" data-id=\"b2a55a4\" data-element_type=\"column\" data-e-type=\"column\">\n\t\t\t<div class=\"elementor-widget-wrap elementor-element-populated\">\n\t\t\t\t\t\t<div class=\"elementor-element elementor-element-f1d542e elementor-widget elementor-widget-heading\" data-id=\"f1d542e\" data-element_type=\"widget\" data-e-type=\"widget\" data-widget_type=\"heading.default\">\n\t\t\t\t<div class=\"elementor-widget-container\">\n\t\t\t\t\t<h2 class=\"elementor-heading-title elementor-size-default\">Philippe Robert<\/h2>\t\t\t\t<\/div>\n\t\t\t\t<\/div>\n\t\t\t\t<div class=\"elementor-element elementor-element-a75bbbc elementor-widget elementor-widget-text-editor\" data-id=\"a75bbbc\" data-element_type=\"widget\" data-e-type=\"widget\" data-widget_type=\"text-editor.default\">\n\t\t\t\t<div class=\"elementor-widget-container\">\n\t\t\t\t\t\t\t\t\t<div class=\"elementor-element elementor-element-13a1744 elementor-widget elementor-widget-heading\" data-id=\"13a1744\" data-element_type=\"widget\" data-widget_type=\"heading.default\"><div class=\"elementor-widget-container\"><p class=\"p1\"><strong>Responsable p\u00e9dagogique <\/strong><br \/><strong>de la mention Marketing et Vente\u00a0<\/strong><\/p><p><a href=\"m&#97;&#x69;&#x6c;t&#111;&#x3a;&#x6a;e&#97;&#x6e;&#x2d;j&#97;&#x63;&#x71;u&#101;&#x73;&#x2e;l&#105;&#108;&#x74;&#x69;&#64;&#117;&#x6e;&#x69;v&#45;&#x72;&#x65;n&#110;&#x65;&#x73;&#46;&#102;&#x72;\">&#x70;h&#x69;&#108;i&#x70;&#112;&#x65;&#x2e;r&#x6f;&#98;e&#x72;&#116;&#x40;&#117;n&#x69;&#118;-&#x72;&#101;&#x6e;&#110;e&#x73;&#46;&#x66;&#x72;<\/a><\/p><\/div><\/div><div class=\"elementor-element elementor-element-c6fcb84 elementor-align-center elementor-icon-list--layout-traditional elementor-widget elementor-widget-icon-list\" data-id=\"c6fcb84\" data-element_type=\"widget\" data-widget_type=\"icon-list.default\"><div class=\"elementor-widget-container\">\u00a0<\/div><\/div>\t\t\t\t\t\t\t\t<\/div>\n\t\t\t\t<\/div>\n\t\t\t\t\t<\/div>\n\t\t<\/div>\n\t\t\t\t<div class=\"elementor-column elementor-col-25 elementor-inner-column elementor-element elementor-element-ddeb3d1\" data-id=\"ddeb3d1\" data-element_type=\"column\" data-e-type=\"column\">\n\t\t\t<div class=\"elementor-widget-wrap\">\n\t\t\t\t\t\t\t<\/div>\n\t\t<\/div>\n\t\t\t\t\t<\/div>\n\t\t<\/section>\n\t\t\t\t\t<\/div>\n\t\t<\/div>\n\t\t\t\t\t<\/div>\n\t\t<\/section>\n\t\t\t\t<\/div>\n\t\t","protected":false},"excerpt":{"rendered":"<p>Mention Marketing et Vente La mention Marketing et Vente propos\u00e9e par l\u2019IGR-IAE Rennes vise \u00e0 former des professionnels capables d\u2019\u00e9laborer [&hellip;]<\/p>\n","protected":false},"author":47,"featured_media":0,"parent":0,"menu_order":0,"comment_status":"closed","ping_status":"closed","template":"","meta":{"_acf_changed":false,"footnotes":""},"class_list":["post-452377","page","type-page","status-publish","hentry"],"acf":[],"yoast_head":"<!-- This site is optimized with the Yoast SEO plugin v27.5 - https:\/\/yoast.com\/product\/yoast-seo-wordpress\/ -->\n<title>Mention Marketing &amp; Vente | IGR IAE Rennes<\/title>\n<meta name=\"description\" content=\"D\u00e9couvrez la mention Marketing et Vente de l\u2019IGR-IAE Rennes : un master qui forme des professionnels capables de concevoir et mettre en \u0153uvre des strat\u00e9gies marketing innovantes et adapt\u00e9es aux besoins des entreprises.\" \/>\n<meta name=\"robots\" content=\"index, follow, max-snippet:-1, max-image-preview:large, max-video-preview:-1\" \/>\n<link rel=\"canonical\" href=\"https:\/\/www.igr.univ-rennes.fr\/fr\/mention-marketing-vente\/\" \/>\n<meta property=\"og:locale\" content=\"fr_FR\" \/>\n<meta property=\"og:type\" content=\"article\" \/>\n<meta property=\"og:title\" content=\"Mention Marketing &amp; Vente | IGR IAE Rennes\" \/>\n<meta property=\"og:description\" content=\"D\u00e9couvrez la mention Marketing et Vente de l\u2019IGR-IAE Rennes : un master qui forme des professionnels capables de concevoir et mettre en \u0153uvre des strat\u00e9gies marketing innovantes et adapt\u00e9es aux besoins des entreprises.\" \/>\n<meta property=\"og:url\" content=\"https:\/\/www.igr.univ-rennes.fr\/fr\/mention-marketing-vente\/\" \/>\n<meta property=\"og:site_name\" content=\"IGR IAE Rennes\" \/>\n<meta property=\"article:modified_time\" content=\"2025-09-22T14:11:50+00:00\" \/>\n<meta property=\"og:image\" content=\"https:\/\/www.igr.univ-rennes.fr\/wp-content\/uploads\/2024\/12\/DSC06067-1024x683.jpg\" \/>\n<meta name=\"twitter:card\" content=\"summary_large_image\" \/>\n<meta name=\"twitter:label1\" content=\"Dur\u00e9e de lecture estim\u00e9e\" \/>\n\t<meta name=\"twitter:data1\" content=\"4 minutes\" \/>\n<script type=\"application\/ld+json\" class=\"yoast-schema-graph\">{\"@context\":\"https:\\\/\\\/schema.org\",\"@graph\":[{\"@type\":\"WebPage\",\"@id\":\"https:\\\/\\\/www.igr.univ-rennes.fr\\\/fr\\\/mention-marketing-vente\\\/\",\"url\":\"https:\\\/\\\/www.igr.univ-rennes.fr\\\/fr\\\/mention-marketing-vente\\\/\",\"name\":\"Mention Marketing & Vente | IGR IAE Rennes\",\"isPartOf\":{\"@id\":\"https:\\\/\\\/www.igr.univ-rennes.fr\\\/fr\\\/#website\"},\"primaryImageOfPage\":{\"@id\":\"https:\\\/\\\/www.igr.univ-rennes.fr\\\/fr\\\/mention-marketing-vente\\\/#primaryimage\"},\"image\":{\"@id\":\"https:\\\/\\\/www.igr.univ-rennes.fr\\\/fr\\\/mention-marketing-vente\\\/#primaryimage\"},\"thumbnailUrl\":\"https:\\\/\\\/www.igr.univ-rennes.fr\\\/wp-content\\\/uploads\\\/2024\\\/12\\\/DSC06067-1024x683.jpg\",\"datePublished\":\"2024-12-06T15:34:16+00:00\",\"dateModified\":\"2025-09-22T14:11:50+00:00\",\"description\":\"D\u00e9couvrez la mention Marketing et Vente de l\u2019IGR-IAE Rennes : un master qui forme des professionnels capables de concevoir et mettre en \u0153uvre des strat\u00e9gies marketing innovantes et adapt\u00e9es aux besoins des entreprises.\",\"breadcrumb\":{\"@id\":\"https:\\\/\\\/www.igr.univ-rennes.fr\\\/fr\\\/mention-marketing-vente\\\/#breadcrumb\"},\"inLanguage\":\"fr-FR\",\"potentialAction\":[{\"@type\":\"ReadAction\",\"target\":[\"https:\\\/\\\/www.igr.univ-rennes.fr\\\/fr\\\/mention-marketing-vente\\\/\"]}]},{\"@type\":\"ImageObject\",\"inLanguage\":\"fr-FR\",\"@id\":\"https:\\\/\\\/www.igr.univ-rennes.fr\\\/fr\\\/mention-marketing-vente\\\/#primaryimage\",\"url\":\"https:\\\/\\\/www.igr.univ-rennes.fr\\\/wp-content\\\/uploads\\\/2024\\\/12\\\/DSC06067-1024x683.jpg\",\"contentUrl\":\"https:\\\/\\\/www.igr.univ-rennes.fr\\\/wp-content\\\/uploads\\\/2024\\\/12\\\/DSC06067-1024x683.jpg\"},{\"@type\":\"BreadcrumbList\",\"@id\":\"https:\\\/\\\/www.igr.univ-rennes.fr\\\/fr\\\/mention-marketing-vente\\\/#breadcrumb\",\"itemListElement\":[{\"@type\":\"ListItem\",\"position\":1,\"name\":\"Accueil\",\"item\":\"https:\\\/\\\/www.igr.univ-rennes.fr\\\/fr\\\/\"},{\"@type\":\"ListItem\",\"position\":2,\"name\":\"Mention Marketing &#038; Vente\"}]},{\"@type\":\"WebSite\",\"@id\":\"https:\\\/\\\/www.igr.univ-rennes.fr\\\/fr\\\/#website\",\"url\":\"https:\\\/\\\/www.igr.univ-rennes.fr\\\/fr\\\/\",\"name\":\"IGR IAE Rennes\",\"description\":\"\",\"publisher\":{\"@id\":\"https:\\\/\\\/www.igr.univ-rennes.fr\\\/fr\\\/#organization\"},\"potentialAction\":[{\"@type\":\"SearchAction\",\"target\":{\"@type\":\"EntryPoint\",\"urlTemplate\":\"https:\\\/\\\/www.igr.univ-rennes.fr\\\/fr\\\/?s={search_term_string}\"},\"query-input\":{\"@type\":\"PropertyValueSpecification\",\"valueRequired\":true,\"valueName\":\"search_term_string\"}}],\"inLanguage\":\"fr-FR\"},{\"@type\":\"Organization\",\"@id\":\"https:\\\/\\\/www.igr.univ-rennes.fr\\\/fr\\\/#organization\",\"name\":\"IGR IAE Rennes\",\"url\":\"https:\\\/\\\/www.igr.univ-rennes.fr\\\/fr\\\/\",\"logo\":{\"@type\":\"ImageObject\",\"inLanguage\":\"fr-FR\",\"@id\":\"https:\\\/\\\/www.igr.univ-rennes.fr\\\/fr\\\/#\\\/schema\\\/logo\\\/image\\\/\",\"url\":\"https:\\\/\\\/www.igr.univ-rennes.fr\\\/wp-content\\\/uploads\\\/2020\\\/06\\\/Logo-IGR-IAE-Rennes_Blanc-300dpi-RVB-e1597327228224.png\",\"contentUrl\":\"https:\\\/\\\/www.igr.univ-rennes.fr\\\/wp-content\\\/uploads\\\/2020\\\/06\\\/Logo-IGR-IAE-Rennes_Blanc-300dpi-RVB-e1597327228224.png\",\"width\":290,\"height\":107,\"caption\":\"IGR IAE Rennes\"},\"image\":{\"@id\":\"https:\\\/\\\/www.igr.univ-rennes.fr\\\/fr\\\/#\\\/schema\\\/logo\\\/image\\\/\"}}]}<\/script>\n<!-- \/ Yoast SEO plugin. -->","yoast_head_json":{"title":"Mention Marketing & Vente | IGR IAE Rennes","description":"D\u00e9couvrez la mention Marketing et Vente de l\u2019IGR-IAE Rennes : un master qui forme des professionnels capables de concevoir et mettre en \u0153uvre des strat\u00e9gies marketing innovantes et adapt\u00e9es aux besoins des entreprises.","robots":{"index":"index","follow":"follow","max-snippet":"max-snippet:-1","max-image-preview":"max-image-preview:large","max-video-preview":"max-video-preview:-1"},"canonical":"https:\/\/www.igr.univ-rennes.fr\/fr\/mention-marketing-vente\/","og_locale":"fr_FR","og_type":"article","og_title":"Mention Marketing & Vente | IGR IAE Rennes","og_description":"D\u00e9couvrez la mention Marketing et Vente de l\u2019IGR-IAE Rennes : un master qui forme des professionnels capables de concevoir et mettre en \u0153uvre des strat\u00e9gies marketing innovantes et adapt\u00e9es aux besoins des entreprises.","og_url":"https:\/\/www.igr.univ-rennes.fr\/fr\/mention-marketing-vente\/","og_site_name":"IGR IAE Rennes","article_modified_time":"2025-09-22T14:11:50+00:00","og_image":[{"url":"https:\/\/www.igr.univ-rennes.fr\/wp-content\/uploads\/2024\/12\/DSC06067-1024x683.jpg","type":"","width":"","height":""}],"twitter_card":"summary_large_image","twitter_misc":{"Dur\u00e9e de lecture estim\u00e9e":"4 minutes"},"schema":{"@context":"https:\/\/schema.org","@graph":[{"@type":"WebPage","@id":"https:\/\/www.igr.univ-rennes.fr\/fr\/mention-marketing-vente\/","url":"https:\/\/www.igr.univ-rennes.fr\/fr\/mention-marketing-vente\/","name":"Mention Marketing & Vente | IGR IAE Rennes","isPartOf":{"@id":"https:\/\/www.igr.univ-rennes.fr\/fr\/#website"},"primaryImageOfPage":{"@id":"https:\/\/www.igr.univ-rennes.fr\/fr\/mention-marketing-vente\/#primaryimage"},"image":{"@id":"https:\/\/www.igr.univ-rennes.fr\/fr\/mention-marketing-vente\/#primaryimage"},"thumbnailUrl":"https:\/\/www.igr.univ-rennes.fr\/wp-content\/uploads\/2024\/12\/DSC06067-1024x683.jpg","datePublished":"2024-12-06T15:34:16+00:00","dateModified":"2025-09-22T14:11:50+00:00","description":"D\u00e9couvrez la mention Marketing et Vente de l\u2019IGR-IAE Rennes : un master qui forme des professionnels capables de concevoir et mettre en \u0153uvre des strat\u00e9gies marketing innovantes et adapt\u00e9es aux besoins des entreprises.","breadcrumb":{"@id":"https:\/\/www.igr.univ-rennes.fr\/fr\/mention-marketing-vente\/#breadcrumb"},"inLanguage":"fr-FR","potentialAction":[{"@type":"ReadAction","target":["https:\/\/www.igr.univ-rennes.fr\/fr\/mention-marketing-vente\/"]}]},{"@type":"ImageObject","inLanguage":"fr-FR","@id":"https:\/\/www.igr.univ-rennes.fr\/fr\/mention-marketing-vente\/#primaryimage","url":"https:\/\/www.igr.univ-rennes.fr\/wp-content\/uploads\/2024\/12\/DSC06067-1024x683.jpg","contentUrl":"https:\/\/www.igr.univ-rennes.fr\/wp-content\/uploads\/2024\/12\/DSC06067-1024x683.jpg"},{"@type":"BreadcrumbList","@id":"https:\/\/www.igr.univ-rennes.fr\/fr\/mention-marketing-vente\/#breadcrumb","itemListElement":[{"@type":"ListItem","position":1,"name":"Accueil","item":"https:\/\/www.igr.univ-rennes.fr\/fr\/"},{"@type":"ListItem","position":2,"name":"Mention Marketing &#038; Vente"}]},{"@type":"WebSite","@id":"https:\/\/www.igr.univ-rennes.fr\/fr\/#website","url":"https:\/\/www.igr.univ-rennes.fr\/fr\/","name":"IGR IAE Rennes","description":"","publisher":{"@id":"https:\/\/www.igr.univ-rennes.fr\/fr\/#organization"},"potentialAction":[{"@type":"SearchAction","target":{"@type":"EntryPoint","urlTemplate":"https:\/\/www.igr.univ-rennes.fr\/fr\/?s={search_term_string}"},"query-input":{"@type":"PropertyValueSpecification","valueRequired":true,"valueName":"search_term_string"}}],"inLanguage":"fr-FR"},{"@type":"Organization","@id":"https:\/\/www.igr.univ-rennes.fr\/fr\/#organization","name":"IGR IAE Rennes","url":"https:\/\/www.igr.univ-rennes.fr\/fr\/","logo":{"@type":"ImageObject","inLanguage":"fr-FR","@id":"https:\/\/www.igr.univ-rennes.fr\/fr\/#\/schema\/logo\/image\/","url":"https:\/\/www.igr.univ-rennes.fr\/wp-content\/uploads\/2020\/06\/Logo-IGR-IAE-Rennes_Blanc-300dpi-RVB-e1597327228224.png","contentUrl":"https:\/\/www.igr.univ-rennes.fr\/wp-content\/uploads\/2020\/06\/Logo-IGR-IAE-Rennes_Blanc-300dpi-RVB-e1597327228224.png","width":290,"height":107,"caption":"IGR IAE Rennes"},"image":{"@id":"https:\/\/www.igr.univ-rennes.fr\/fr\/#\/schema\/logo\/image\/"}}]}},"_links":{"self":[{"href":"https:\/\/www.igr.univ-rennes.fr\/fr\/wp-json\/wp\/v2\/pages\/452377","targetHints":{"allow":["GET"]}}],"collection":[{"href":"https:\/\/www.igr.univ-rennes.fr\/fr\/wp-json\/wp\/v2\/pages"}],"about":[{"href":"https:\/\/www.igr.univ-rennes.fr\/fr\/wp-json\/wp\/v2\/types\/page"}],"author":[{"embeddable":true,"href":"https:\/\/www.igr.univ-rennes.fr\/fr\/wp-json\/wp\/v2\/users\/47"}],"replies":[{"embeddable":true,"href":"https:\/\/www.igr.univ-rennes.fr\/fr\/wp-json\/wp\/v2\/comments?post=452377"}],"version-history":[{"count":10,"href":"https:\/\/www.igr.univ-rennes.fr\/fr\/wp-json\/wp\/v2\/pages\/452377\/revisions"}],"predecessor-version":[{"id":524162,"href":"https:\/\/www.igr.univ-rennes.fr\/fr\/wp-json\/wp\/v2\/pages\/452377\/revisions\/524162"}],"wp:attachment":[{"href":"https:\/\/www.igr.univ-rennes.fr\/fr\/wp-json\/wp\/v2\/media?parent=452377"}],"curies":[{"name":"wp","href":"https:\/\/api.w.org\/{rel}","templated":true}]}}